{"id":12375,"date":"2021-05-10T11:19:59","date_gmt":"2021-05-10T14:19:59","guid":{"rendered":"https:\/\/hml.copel.com\/hpcweb\/?page_id=12375"},"modified":"2025-01-24T09:24:23","modified_gmt":"2025-01-24T12:24:23","slug":"usina-derivacao-do-rio-jordao","status":"publish","type":"page","link":"https:\/\/www.copel.com\/site\/copel-geracao\/usinas\/usina-derivacao-do-rio-jordao\/","title":{"rendered":"Usina Deriva\u00e7\u00e3o do Rio Jord\u00e3o"},"content":{"rendered":"\t\t<div data-elementor-type=\"wp-page\" data-elementor-id=\"12375\" class=\"elementor elementor-12375\" data-elementor-post-type=\"page\">\n\t\t\t\t\t\t<section class=\"elementor-section elementor-top-section elementor-element elementor-element-3b69133f elementor-section-full_width imgDestaque elementor-section-content-middle elementor-section-height-default elementor-section-height-default\" data-id=\"3b69133f\" data-element_type=\"section\" data-e-type=\"section\" data-settings=\"{&quot;background_background&quot;:&quot;classic&quot;}\">\n\t\t\t\t\t\t\t<div class=\"elementor-background-overlay\"><\/div>\n\t\t\t\t\t\t\t<div class=\"elementor-container elementor-column-gap-default\">\n\t\t\t\t\t<div class=\"elementor-column elementor-col-100 elementor-top-column elementor-element elementor-element-27b85bed box-destaque\" data-id=\"27b85bed\" data-element_type=\"column\" data-e-type=\"column\">\n\t\t\t<div class=\"elementor-widget-wrap elementor-element-populated\">\n\t\t\t\t\t\t<div class=\"elementor-element elementor-element-78186599 elementor-widget elementor-widget-heading\" data-id=\"78186599\" data-element_type=\"widget\" data-e-type=\"widget\" data-widget_type=\"heading.default\">\n\t\t\t\t<div class=\"elementor-widget-container\">\n\t\t\t\t\t<h1 class=\"elementor-heading-title elementor-size-default\">Usina Deriva\u00e7\u00e3o do Rio Jord\u00e3o<\/h1>\t\t\t\t<\/div>\n\t\t\t\t<\/div>\n\t\t\t\t\t<\/div>\n\t\t<\/div>\n\t\t\t\t\t<\/div>\n\t\t<\/section>\n\t\t\t\t<section class=\"elementor-section elementor-top-section elementor-element elementor-element-4ea04183 elementor-section-full_width elementor-section-height-default elementor-section-height-default\" data-id=\"4ea04183\" data-element_type=\"section\" data-e-type=\"section\">\n\t\t\t\t\t\t<div class=\"elementor-container elementor-column-gap-default\">\n\t\t\t\t\t<div class=\"elementor-column elementor-col-33 elementor-top-column elementor-element elementor-element-44ce0b30\" data-id=\"44ce0b30\" data-element_type=\"column\" data-e-type=\"column\">\n\t\t\t<div class=\"elementor-widget-wrap elementor-element-populated\">\n\t\t\t\t\t\t<div class=\"elementor-element elementor-element-6049efbf elementor-nav-menu__align-justify menuTroca elementor-nav-menu--dropdown-tablet elementor-nav-menu__text-align-aside elementor-nav-menu--toggle elementor-nav-menu--burger elementor-widget elementor-widget-nav-menu\" data-id=\"6049efbf\" data-element_type=\"widget\" data-e-type=\"widget\" data-settings=\"{&quot;layout&quot;:&quot;vertical&quot;,&quot;submenu_icon&quot;:{&quot;value&quot;:&quot;&lt;i class=\\&quot;fas fa-caret-down\\&quot; aria-hidden=\\&quot;true\\&quot;&gt;&lt;\\\/i&gt;&quot;,&quot;library&quot;:&quot;fa-solid&quot;},&quot;toggle&quot;:&quot;burger&quot;}\" data-widget_type=\"nav-menu.default\">\n\t\t\t\t<div class=\"elementor-widget-container\">\n\t\t\t\t\t\t\t\t<nav aria-label=\"Menu\" class=\"elementor-nav-menu--main elementor-nav-menu__container elementor-nav-menu--layout-vertical e--pointer-underline e--animation-fade\">\n\t\t\t\t<ul id=\"menu-1-6049efbf\" class=\"elementor-nav-menu sm-vertical\"><li class=\"menu-item menu-item-type-post_type menu-item-object-page menu-item-50781\"><a href=\"https:\/\/www.copel.com\/site\/copel-geracao\/\" class=\"elementor-item\">Copel Gera\u00e7\u00e3o<\/a><\/li>\n<li class=\"menu-item menu-item-type-post_type menu-item-object-page menu-item-50782\"><a href=\"https:\/\/www.copel.com\/site\/copel-geracao\/bordas-de-reservatorios\/\" class=\"elementor-item\">Bordas de reservat\u00f3rios<\/a><\/li>\n<li class=\"menu-item menu-item-type-post_type menu-item-object-page menu-item-50788\"><a href=\"https:\/\/www.copel.com\/site\/copel-geracao\/cadastro-ambiental-rural-car\/\" class=\"elementor-item\">Cadastro ambiental rural \u2013 CAR<\/a><\/li>\n<li class=\"menu-item menu-item-type-custom menu-item-object-custom menu-item-50787\"><a href=\"https:\/\/ri.copel.com\/subsidiarias\/copel-geracao-e-transmissao-s-a\/\" class=\"elementor-item\">Demonstra\u00e7\u00f5es financeiras e cont\u00e1beis<\/a><\/li>\n<li class=\"menu-item menu-item-type-post_type menu-item-object-page menu-item-50790\"><a href=\"https:\/\/www.copel.com\/site\/fornecedores-e-parceiros\/gestao-de-fornecedores-copel\/\" class=\"elementor-item\">Gest\u00e3o de fornecedores Copel<\/a><\/li>\n<li class=\"menu-item menu-item-type-post_type menu-item-object-page menu-item-50785\"><a href=\"https:\/\/www.copel.com\/site\/copel-geracao\/monitoramento-hidrologico\/\" class=\"elementor-item\">Monitoramento hidrol\u00f3gico<\/a><\/li>\n<li class=\"menu-item menu-item-type-post_type menu-item-object-page menu-item-50783\"><a href=\"https:\/\/www.copel.com\/site\/copel-geracao\/projetos-em-andamento\/\" class=\"elementor-item\">Projetos em andamento<\/a><\/li>\n<li class=\"menu-item menu-item-type-post_type menu-item-object-page menu-item-50789\"><a href=\"https:\/\/www.copel.com\/site\/copel-geracao\/seguranca-na-comunidade\/\" class=\"elementor-item\">Seguran\u00e7a na comunidade<\/a><\/li>\n<li class=\"menu-item menu-item-type-custom menu-item-object-custom menu-item-50786\"><a href=\"https:\/\/www.copel.com\/site\/copel-geracao\/#gestao-integrada\" class=\"elementor-item elementor-item-anchor\">Sistema integrado de gest\u00e3o<\/a><\/li>\n<li class=\"menu-item menu-item-type-post_type menu-item-object-page menu-item-50791\"><a href=\"https:\/\/www.copel.com\/site\/copel-geracao\/usinas\/\" class=\"elementor-item\">Usinas<\/a><\/li>\n<\/ul>\t\t\t<\/nav>\n\t\t\t\t\t<div class=\"elementor-menu-toggle\" role=\"button\" tabindex=\"0\" aria-label=\"Menu Toggle\" aria-expanded=\"false\">\n\t\t\t<i aria-hidden=\"true\" role=\"presentation\" class=\"elementor-menu-toggle__icon--open eicon-menu-bar\"><\/i><i aria-hidden=\"true\" role=\"presentation\" class=\"elementor-menu-toggle__icon--close eicon-close\"><\/i>\t\t<\/div>\n\t\t\t\t\t<nav class=\"elementor-nav-menu--dropdown elementor-nav-menu__container\" aria-hidden=\"true\">\n\t\t\t\t<ul id=\"menu-2-6049efbf\" class=\"elementor-nav-menu sm-vertical\"><li class=\"menu-item menu-item-type-post_type menu-item-object-page menu-item-50781\"><a href=\"https:\/\/www.copel.com\/site\/copel-geracao\/\" class=\"elementor-item\" tabindex=\"-1\">Copel Gera\u00e7\u00e3o<\/a><\/li>\n<li class=\"menu-item menu-item-type-post_type menu-item-object-page menu-item-50782\"><a href=\"https:\/\/www.copel.com\/site\/copel-geracao\/bordas-de-reservatorios\/\" class=\"elementor-item\" tabindex=\"-1\">Bordas de reservat\u00f3rios<\/a><\/li>\n<li class=\"menu-item menu-item-type-post_type menu-item-object-page menu-item-50788\"><a href=\"https:\/\/www.copel.com\/site\/copel-geracao\/cadastro-ambiental-rural-car\/\" class=\"elementor-item\" tabindex=\"-1\">Cadastro ambiental rural \u2013 CAR<\/a><\/li>\n<li class=\"menu-item menu-item-type-custom menu-item-object-custom menu-item-50787\"><a href=\"https:\/\/ri.copel.com\/subsidiarias\/copel-geracao-e-transmissao-s-a\/\" class=\"elementor-item\" tabindex=\"-1\">Demonstra\u00e7\u00f5es financeiras e cont\u00e1beis<\/a><\/li>\n<li class=\"menu-item menu-item-type-post_type menu-item-object-page menu-item-50790\"><a href=\"https:\/\/www.copel.com\/site\/fornecedores-e-parceiros\/gestao-de-fornecedores-copel\/\" class=\"elementor-item\" tabindex=\"-1\">Gest\u00e3o de fornecedores Copel<\/a><\/li>\n<li class=\"menu-item menu-item-type-post_type menu-item-object-page menu-item-50785\"><a href=\"https:\/\/www.copel.com\/site\/copel-geracao\/monitoramento-hidrologico\/\" class=\"elementor-item\" tabindex=\"-1\">Monitoramento hidrol\u00f3gico<\/a><\/li>\n<li class=\"menu-item menu-item-type-post_type menu-item-object-page menu-item-50783\"><a href=\"https:\/\/www.copel.com\/site\/copel-geracao\/projetos-em-andamento\/\" class=\"elementor-item\" tabindex=\"-1\">Projetos em andamento<\/a><\/li>\n<li class=\"menu-item menu-item-type-post_type menu-item-object-page menu-item-50789\"><a href=\"https:\/\/www.copel.com\/site\/copel-geracao\/seguranca-na-comunidade\/\" class=\"elementor-item\" tabindex=\"-1\">Seguran\u00e7a na comunidade<\/a><\/li>\n<li class=\"menu-item menu-item-type-custom menu-item-object-custom menu-item-50786\"><a href=\"https:\/\/www.copel.com\/site\/copel-geracao\/#gestao-integrada\" class=\"elementor-item elementor-item-anchor\" tabindex=\"-1\">Sistema integrado de gest\u00e3o<\/a><\/li>\n<li class=\"menu-item menu-item-type-post_type menu-item-object-page menu-item-50791\"><a href=\"https:\/\/www.copel.com\/site\/copel-geracao\/usinas\/\" class=\"elementor-item\" tabindex=\"-1\">Usinas<\/a><\/li>\n<\/ul>\t\t\t<\/nav>\n\t\t\t\t\t\t<\/div>\n\t\t\t\t<\/div>\n\t\t\t\t\t<\/div>\n\t\t<\/div>\n\t\t\t\t<div class=\"elementor-column elementor-col-66 elementor-top-column elementor-element elementor-element-1719d4e\" data-id=\"1719d4e\" data-element_type=\"column\" data-e-type=\"column\">\n\t\t\t<div class=\"elementor-widget-wrap elementor-element-populated\">\n\t\t\t\t\t\t<div class=\"elementor-element elementor-element-70874d3 elementor--h-position-center elementor--v-position-middle elementor-arrows-position-inside elementor-pagination-position-inside elementor-widget elementor-widget-slides\" data-id=\"70874d3\" data-element_type=\"widget\" data-e-type=\"widget\" data-settings=\"{&quot;navigation&quot;:&quot;both&quot;,&quot;autoplay&quot;:&quot;yes&quot;,&quot;pause_on_hover&quot;:&quot;yes&quot;,&quot;pause_on_interaction&quot;:&quot;yes&quot;,&quot;autoplay_speed&quot;:5000,&quot;infinite&quot;:&quot;yes&quot;,&quot;transition&quot;:&quot;slide&quot;,&quot;transition_speed&quot;:500}\" data-widget_type=\"slides.default\">\n\t\t\t\t<div class=\"elementor-widget-container\">\n\t\t\t\t\t\t\t\t\t<div class=\"elementor-swiper\">\n\t\t\t\t\t<div class=\"elementor-slides-wrapper elementor-main-swiper swiper\" role=\"region\" aria-roledescription=\"carousel\" aria-label=\"Slides\" dir=\"ltr\" data-animation=\"fadeInUp\">\n\t\t\t\t<div class=\"swiper-wrapper elementor-slides\">\n\t\t\t\t\t\t\t\t\t\t<div class=\"elementor-repeater-item-a8e0cb4 swiper-slide\" role=\"group\" aria-roledescription=\"slide\"><div class=\"swiper-slide-bg\" role=\"img\" aria-label=\"Rotas de fuga s\u00e3o sinalizadas para situa\u00e7\u00f5es de emerg\u00eancia\"><\/div><div class=\"elementor-background-overlay\"><\/div><a class=\"swiper-slide-inner\" href=\"https:\/\/www.copel.com\/site\/noticias\/copel-investe-em-treinamentos-de-seguranca-para-comunidades-ribeirinhas\/\"><div class=\"swiper-slide-contents\"><div class=\"elementor-slide-heading\">Copel investe em treinamentos de seguran\u00e7a para comunidades ribeirinhas<\/div><\/div><\/a><\/div>\t\t\t\t<\/div>\n\t\t\t\t\t\t\t<\/div>\n\t\t\t\t<\/div>\n\t\t\t\t\t\t\t\t<\/div>\n\t\t\t\t<\/div>\n\t\t\t\t<div class=\"elementor-element elementor-element-e7ca899 e-n-tabs-mobile elementor-widget elementor-widget-n-tabs\" data-id=\"e7ca899\" data-element_type=\"widget\" data-e-type=\"widget\" data-settings=\"{&quot;tabs_justify_horizontal&quot;:&quot;start&quot;,&quot;horizontal_scroll&quot;:&quot;disable&quot;}\" data-widget_type=\"nested-tabs.default\">\n\t\t\t\t<div class=\"elementor-widget-container\">\n\t\t\t\t\t\t\t<div class=\"e-n-tabs\" data-widget-number=\"243050649\" aria-label=\"Tabs. Open items with Enter or Space, close with Escape and navigate using the Arrow keys.\">\n\t\t\t<div class=\"e-n-tabs-heading\" role=\"tablist\">\n\t\t\t\t\t<button id=\"e-n-tab-title-2430506491\" data-tab-title-id=\"e-n-tab-title-2430506491\" class=\"e-n-tab-title\" aria-selected=\"true\" data-tab-index=\"1\" role=\"tab\" tabindex=\"0\" aria-controls=\"e-n-tab-content-2430506491\" style=\"--n-tabs-title-order: 1;\">\n\t\t\t\t\t\t<span class=\"e-n-tab-title-text\">\n\t\t\t\tInforma\u00e7\u00f5es T\u00e9cnicas\t\t\t<\/span>\n\t\t<\/button>\n\t\t\t\t<button id=\"e-n-tab-title-2430506492\" data-tab-title-id=\"e-n-tab-title-2430506492\" class=\"e-n-tab-title\" aria-selected=\"false\" data-tab-index=\"2\" role=\"tab\" tabindex=\"-1\" aria-controls=\"e-n-tab-content-2430506492\" style=\"--n-tabs-title-order: 2;\">\n\t\t\t\t\t\t<span class=\"e-n-tab-title-text\">\n\t\t\t\tProgramas Ambientais\t\t\t<\/span>\n\t\t<\/button>\n\t\t\t\t<button id=\"e-n-tab-title-2430506493\" data-tab-title-id=\"e-n-tab-title-2430506493\" class=\"e-n-tab-title\" aria-selected=\"false\" data-tab-index=\"3\" role=\"tab\" tabindex=\"-1\" aria-controls=\"e-n-tab-content-2430506493\" style=\"--n-tabs-title-order: 3;\">\n\t\t\t\t\t\t<span class=\"e-n-tab-title-text\">\n\t\t\t\tSeguran\u00e7a da Barragem\t\t\t<\/span>\n\t\t<\/button>\n\t\t\t\t<button id=\"e-n-tab-title-2430506494\" data-tab-title-id=\"e-n-tab-title-2430506494\" class=\"e-n-tab-title\" aria-selected=\"false\" data-tab-index=\"4\" role=\"tab\" tabindex=\"-1\" aria-controls=\"e-n-tab-content-2430506494\" style=\"--n-tabs-title-order: 4;\">\n\t\t\t\t\t\t<span class=\"e-n-tab-title-text\">\n\t\t\t\tContato\t\t\t<\/span>\n\t\t<\/button>\n\t\t\t\t\t<\/div>\n\t\t\t<div class=\"e-n-tabs-content\">\n\t\t\t\t<div id=\"e-n-tab-content-2430506491\" role=\"tabpanel\" aria-labelledby=\"e-n-tab-title-2430506491\" data-tab-index=\"1\" style=\"--n-tabs-title-order: 1;\" class=\"e-active elementor-element elementor-element-6bcd2a7 e-con-full e-flex e-con e-child\" data-id=\"6bcd2a7\" data-element_type=\"container\" data-e-type=\"container\">\n\t\t\t\t<div class=\"elementor-element elementor-element-da5ef2a elementor-widget elementor-widget-text-editor\" data-id=\"da5ef2a\" data-element_type=\"widget\" data-e-type=\"widget\" data-widget_type=\"text-editor.default\">\n\t\t\t\t<div class=\"elementor-widget-container\">\n\t\t\t\t\t\t\t\t\t<p>A usina hidrel\u00e9trica Deriva\u00e7\u00e3o do Rio Jord\u00e3o possui capacidade de 6,5 MW de pot\u00eancia est\u00e1 a 5 km da Foz do Rio Jord\u00e3o, no munic\u00edpio de Reserva do Igua\u00e7u.<\/p><p>De reduzidos impactos ambientais, estudados e previstos no Relat\u00f3rio de Impacto Ambiental de Segredo, a obra de constru\u00e7\u00e3o da usina foi iniciada em maio de 1994 e conclu\u00edda em outubro de 1996, sendo que a pequena central hidrel\u00e9trica entrou em opera\u00e7\u00e3o em dezembro de 1997.<\/p><p>Desde os primeiros estudos realizados para o aproveitamento hidrel\u00e9trico de Segredo, as \u00e1guas do rio Jord\u00e3o foram consideradas como integrantes do projeto. Inicialmente previa-se a constru\u00e7\u00e3o de barragem \u00fanica, imediatamente a jusante da Foz do Rio Jord\u00e3o. Em fun\u00e7\u00e3o da implanta\u00e7\u00e3o da Usina de Salto Santiago numa cota mais alta do que a originalmente prevista, foi adotada a solu\u00e7\u00e3o da constru\u00e7\u00e3o da Usina Hidrel\u00e9trica de Segredo j\u00e1 com motoriza\u00e7\u00e3o suficiente para absorver as vaz\u00f5es do rio Jord\u00e3o, que seriam incorporadas ao seu reservat\u00f3rio mediante a constru\u00e7\u00e3o de uma barragem e de um t\u00fanel de interliga\u00e7\u00e3o entre os rios Jord\u00e3o e Igua\u00e7u.<\/p><p>A barragem \u00e9 do tipo gravidade e empregou a tecnologia do concreto compacto a rolo (CCR), que dispensa o uso de armaduras e demanda menor consumo de cimento que as estruturas em concreto convencional. O vertedouro incorporado a barragem \u00e9 do tipo soleira livre, permitindo a passagem da vaz\u00e3o excedente sem a necessidade de comportas. Para perenizar o trecho final do rio Jord\u00e3o a jusante da barragem at\u00e9 sua foz no rio Igua\u00e7u, foi mantida uma vaz\u00e3o remanescente m\u00ednima de 10 m3\/s, que \u00e9 aproveitada para gerar energia em uma usina. Sua casa de for\u00e7a \u00e9 do tipo semi-abrigada equipada com grupo gerador de 6,5 MW, aproveitando uma queda l\u00edquida de 71,5 m.<\/p>\t\t\t\t\t\t\t\t<\/div>\n\t\t\t\t<\/div>\n\t\t\t\t<\/div>\n\t\t<div id=\"e-n-tab-content-2430506492\" role=\"tabpanel\" aria-labelledby=\"e-n-tab-title-2430506492\" data-tab-index=\"2\" style=\"--n-tabs-title-order: 2;\" class=\" elementor-element elementor-element-5aade5d e-con-full e-flex e-con e-child\" data-id=\"5aade5d\" data-element_type=\"container\" data-e-type=\"container\">\n\t\t\t\t<div class=\"elementor-element elementor-element-be4f9c7 text-content elementor-widget elementor-widget-text-editor\" data-id=\"be4f9c7\" data-element_type=\"widget\" data-e-type=\"widget\" data-widget_type=\"text-editor.default\">\n\t\t\t\t<div class=\"elementor-widget-container\">\n\t\t\t\t\t\t\t\t\t<p>A Copel desenvolve uma s\u00e9rie de a\u00e7\u00f5es de prote\u00e7\u00e3o ambiental na regi\u00e3o da Usina, entre elas:<\/p>\t\t\t\t\t\t\t\t<\/div>\n\t\t\t\t<\/div>\n\t\t\t\t<div class=\"elementor-element elementor-element-21c7ab8 elementor-widget elementor-widget-n-accordion\" data-id=\"21c7ab8\" data-element_type=\"widget\" data-e-type=\"widget\" data-settings=\"{&quot;default_state&quot;:&quot;expanded&quot;,&quot;max_items_expended&quot;:&quot;one&quot;,&quot;n_accordion_animation_duration&quot;:{&quot;unit&quot;:&quot;ms&quot;,&quot;size&quot;:400,&quot;sizes&quot;:[]}}\" data-widget_type=\"nested-accordion.default\">\n\t\t\t\t<div class=\"elementor-widget-container\">\n\t\t\t\t\t\t\t<div class=\"e-n-accordion\" aria-label=\"Accordion. Open links with Enter or Space, close with Escape, and navigate with Arrow Keys\">\n\t\t\t\t\t\t<details id=\"e-n-accordion-item-3540\" class=\"e-n-accordion-item\" open>\n\t\t\t\t<summary class=\"e-n-accordion-item-title\" data-accordion-index=\"1\" tabindex=\"0\" aria-expanded=\"true\" aria-controls=\"e-n-accordion-item-3540\" >\n\t\t\t\t\t<span class='e-n-accordion-item-title-header'><div class=\"e-n-accordion-item-title-text\"> Inspe\u00e7\u00e3o ambiental do reservat\u00f3rio <\/div><\/span>\n\t\t\t\t\t\t\t<span class='e-n-accordion-item-title-icon'>\n\t\t\t<span class='e-opened' ><i aria-hidden=\"true\" class=\"fas fa-minus\"><\/i><\/span>\n\t\t\t<span class='e-closed'><i aria-hidden=\"true\" class=\"fas fa-plus\"><\/i><\/span>\n\t\t<\/span>\n\n\t\t\t\t\t\t<\/summary>\n\t\t\t\t<div role=\"region\" aria-labelledby=\"e-n-accordion-item-3540\" class=\"elementor-element elementor-element-dec0a88 e-con-full e-flex e-con e-child\" data-id=\"dec0a88\" data-element_type=\"container\" data-e-type=\"container\">\n\t\t\t\t<div class=\"elementor-element elementor-element-d0cdf65 elementor-widget elementor-widget-text-editor\" data-id=\"d0cdf65\" data-element_type=\"widget\" data-e-type=\"widget\" data-widget_type=\"text-editor.default\">\n\t\t\t\t<div class=\"elementor-widget-container\">\n\t\t\t\t\t\t\t\t\t<p>Equipes percorrem a margem do reservat\u00f3rio, verificando a situa\u00e7\u00e3o do lago e das \u00c1reas de Preserva\u00e7\u00e3o Permanente (APPs) , registrando eventuais situa\u00e7\u00e3o de n\u00e3o-conformidade com a lei. Essas ocorr\u00eancias s\u00e3o registradas por meio do programa de Geoprocessamento COLLECTOR for ArcGIS, que \u00e9 instalado em smartphones ou tablets permitindo coletar e atualizar informa\u00e7\u00f5es no campo e compor um mapa com os pontos de interven\u00e7\u00e3o. Essas informa\u00e7\u00f5es comp\u00f5em um Sistema de Informa\u00e7\u00f5es Geogr\u00e1ficas Socioambiental \u201cSSA Ocorr\u00eancias\u201d, que classifica as ocorr\u00eancias de acordo com o grau de severidade e permite um acompanhamento at\u00e9 a completa solu\u00e7\u00e3o de cada caso.<\/p>\t\t\t\t\t\t\t\t<\/div>\n\t\t\t\t<\/div>\n\t\t\t\t<\/div>\n\t\t\t\t\t<\/details>\n\t\t\t\t\t\t<details id=\"e-n-accordion-item-3541\" class=\"e-n-accordion-item\" >\n\t\t\t\t<summary class=\"e-n-accordion-item-title\" data-accordion-index=\"2\" tabindex=\"-1\" aria-expanded=\"false\" aria-controls=\"e-n-accordion-item-3541\" >\n\t\t\t\t\t<span class='e-n-accordion-item-title-header'><div class=\"e-n-accordion-item-title-text\"> Programa de Gerenciamento de APPs - Florestas Ciliares <\/div><\/span>\n\t\t\t\t\t\t\t<span class='e-n-accordion-item-title-icon'>\n\t\t\t<span class='e-opened' ><i aria-hidden=\"true\" class=\"fas fa-minus\"><\/i><\/span>\n\t\t\t<span class='e-closed'><i aria-hidden=\"true\" class=\"fas fa-plus\"><\/i><\/span>\n\t\t<\/span>\n\n\t\t\t\t\t\t<\/summary>\n\t\t\t\t<div role=\"region\" aria-labelledby=\"e-n-accordion-item-3541\" class=\"elementor-element elementor-element-4209c69 e-con-full e-flex e-con e-child\" data-id=\"4209c69\" data-element_type=\"container\" data-e-type=\"container\">\n\t\t\t\t<div class=\"elementor-element elementor-element-4fec79b elementor-widget elementor-widget-text-editor\" data-id=\"4fec79b\" data-element_type=\"widget\" data-e-type=\"widget\" data-widget_type=\"text-editor.default\">\n\t\t\t\t<div class=\"elementor-widget-container\">\n\t\t\t\t\t\t\t\t\t<p>Este programa consiste em mapear a real situa\u00e7\u00e3o das \u00c1reas de Preserva\u00e7\u00e3o Permanente (APPs) do empreendimento e, com base nessas informa\u00e7\u00f5es, realizar o gerenciamento das \u00e1reas. Os dados cartogr\u00e1ficos levantados pela Copel servem para apontar quais as necessidades de cada usina: cercamentos de \u00e1reas, ado\u00e7\u00e3o de t\u00e9cnicas de recupera\u00e7\u00e3o como plantio, nuclea\u00e7\u00e3o ou condu\u00e7\u00e3o da regenera\u00e7\u00e3o natural ou simplesmente monitoramento, este \u00faltimo visando especialmente identificar a biodiversidade da flora existente nas APPs e o grau de recupera\u00e7\u00e3o de cada \u00e1rea.<\/p>\t\t\t\t\t\t\t\t<\/div>\n\t\t\t\t<\/div>\n\t\t\t\t<\/div>\n\t\t\t\t\t<\/details>\n\t\t\t\t\t\t<details id=\"e-n-accordion-item-3542\" class=\"e-n-accordion-item\" >\n\t\t\t\t<summary class=\"e-n-accordion-item-title\" data-accordion-index=\"3\" tabindex=\"-1\" aria-expanded=\"false\" aria-controls=\"e-n-accordion-item-3542\" >\n\t\t\t\t\t<span class='e-n-accordion-item-title-header'><div class=\"e-n-accordion-item-title-text\"> Monitoramento da qualidade das \u00e1guas superficiais e \u00e1gua pot\u00e1vel <\/div><\/span>\n\t\t\t\t\t\t\t<span class='e-n-accordion-item-title-icon'>\n\t\t\t<span class='e-opened' ><i aria-hidden=\"true\" class=\"fas fa-minus\"><\/i><\/span>\n\t\t\t<span class='e-closed'><i aria-hidden=\"true\" class=\"fas fa-plus\"><\/i><\/span>\n\t\t<\/span>\n\n\t\t\t\t\t\t<\/summary>\n\t\t\t\t<div role=\"region\" aria-labelledby=\"e-n-accordion-item-3542\" class=\"elementor-element elementor-element-a457995 e-con-full e-flex e-con e-child\" data-id=\"a457995\" data-element_type=\"container\" data-e-type=\"container\">\n\t\t\t\t<div class=\"elementor-element elementor-element-02a941d elementor-widget elementor-widget-text-editor\" data-id=\"02a941d\" data-element_type=\"widget\" data-e-type=\"widget\" data-widget_type=\"text-editor.default\">\n\t\t\t\t<div class=\"elementor-widget-container\">\n\t\t\t\t\t\t\t\t\t<p>A Copel realiza periodicamente o monitoramento da qualidade da \u00e1gua dos seus reservat\u00f3rios, em atendimento \u00e0s seguintes normativas:<\/p><p>Resolu\u00e7\u00e3o ANA\/Aneel 03\/2010 (que estabelece as condi\u00e7\u00f5es e os procedimentos a serem observados pelos concession\u00e1rios e autorizados de gera\u00e7\u00e3o de energia hidrel\u00e9trica para a instala\u00e7\u00e3o, opera\u00e7\u00e3o e manuten\u00e7\u00e3o de esta\u00e7\u00f5es hidrom\u00e9tricas visando ao monitoramento pluviom\u00e9trico, limnim\u00e9trico, fluviom\u00e9trico, sedimentom\u00e9trico e de qualidade da \u00e1gua associado a aproveitamentos hidrel\u00e9tricos, e da outras provid\u00eancias );<\/p><p>Resolu\u00e7\u00e3o Conama 357\/2005 (disp\u00f5e sobre a classifica\u00e7\u00e3o dos corpos de \u00e1gua e diretrizes ambientais para o seu enquadramento, bem como estabelece as condi\u00e7\u00f5es e padr\u00f5es de lan\u00e7amento de efluentes, e d\u00e1 outras provid\u00eancias); e<\/p><p>Resolu\u00e7\u00e3o Conama 430\/2011 (disp\u00f5e sobre as condi\u00e7\u00f5es e padr\u00f5es de lan\u00e7amento de efluentes, complementa e altera a Resolu\u00e7\u00e3o no 357\/2005).<\/p>\t\t\t\t\t\t\t\t<\/div>\n\t\t\t\t<\/div>\n\t\t\t\t<\/div>\n\t\t\t\t\t<\/details>\n\t\t\t\t\t\t<details id=\"e-n-accordion-item-3543\" class=\"e-n-accordion-item\" >\n\t\t\t\t<summary class=\"e-n-accordion-item-title\" data-accordion-index=\"4\" tabindex=\"-1\" aria-expanded=\"false\" aria-controls=\"e-n-accordion-item-3543\" >\n\t\t\t\t\t<span class='e-n-accordion-item-title-header'><div class=\"e-n-accordion-item-title-text\"> Monitoramento de efluentes <\/div><\/span>\n\t\t\t\t\t\t\t<span class='e-n-accordion-item-title-icon'>\n\t\t\t<span class='e-opened' ><i aria-hidden=\"true\" class=\"fas fa-minus\"><\/i><\/span>\n\t\t\t<span class='e-closed'><i aria-hidden=\"true\" class=\"fas fa-plus\"><\/i><\/span>\n\t\t<\/span>\n\n\t\t\t\t\t\t<\/summary>\n\t\t\t\t<div role=\"region\" aria-labelledby=\"e-n-accordion-item-3543\" class=\"elementor-element elementor-element-bea9283 e-con-full e-flex e-con e-child\" data-id=\"bea9283\" data-element_type=\"container\" data-e-type=\"container\">\n\t\t\t\t<div class=\"elementor-element elementor-element-fe18d68 elementor-widget elementor-widget-text-editor\" data-id=\"fe18d68\" data-element_type=\"widget\" data-e-type=\"widget\" data-widget_type=\"text-editor.default\">\n\t\t\t\t<div class=\"elementor-widget-container\">\n\t\t\t\t\t\t\t\t\t<p>Os efluentes gerados nos processos de produ\u00e7\u00e3o da Usina s\u00e3o monitorados periodicamente em atendimento \u00e0 Resolu\u00e7\u00e3o Conama 357\/2005 (que disp\u00f5e sobre a classifica\u00e7\u00e3o dos corpos de \u00e1gua e diretrizes ambientais para o seu enquadramento, bem como estabelece as condi\u00e7\u00f5es e padr\u00f5es de lan\u00e7amento de efluentes, e d\u00e1 outras provid\u00eancias); e da Resolu\u00e7\u00e3o Conama 430\/2011 (que trata sobre as condi\u00e7\u00f5es e padr\u00f5es de lan\u00e7amento de efluentes, complementa e altera a Resolu\u00e7\u00e3o no 357\/2005).<\/p>\t\t\t\t\t\t\t\t<\/div>\n\t\t\t\t<\/div>\n\t\t\t\t<\/div>\n\t\t\t\t\t<\/details>\n\t\t\t\t\t\t<details id=\"e-n-accordion-item-3544\" class=\"e-n-accordion-item\" >\n\t\t\t\t<summary class=\"e-n-accordion-item-title\" data-accordion-index=\"5\" tabindex=\"-1\" aria-expanded=\"false\" aria-controls=\"e-n-accordion-item-3544\" >\n\t\t\t\t\t<span class='e-n-accordion-item-title-header'><div class=\"e-n-accordion-item-title-text\"> Gest\u00e3o de res\u00edduos <\/div><\/span>\n\t\t\t\t\t\t\t<span class='e-n-accordion-item-title-icon'>\n\t\t\t<span class='e-opened' ><i aria-hidden=\"true\" class=\"fas fa-minus\"><\/i><\/span>\n\t\t\t<span class='e-closed'><i aria-hidden=\"true\" class=\"fas fa-plus\"><\/i><\/span>\n\t\t<\/span>\n\n\t\t\t\t\t\t<\/summary>\n\t\t\t\t<div role=\"region\" aria-labelledby=\"e-n-accordion-item-3544\" class=\"elementor-element elementor-element-7c77f27 e-con-full e-flex e-con e-child\" data-id=\"7c77f27\" data-element_type=\"container\" data-e-type=\"container\">\n\t\t\t\t<div class=\"elementor-element elementor-element-1c97e33 elementor-widget elementor-widget-text-editor\" data-id=\"1c97e33\" data-element_type=\"widget\" data-e-type=\"widget\" data-widget_type=\"text-editor.default\">\n\t\t\t\t<div class=\"elementor-widget-container\">\n\t\t\t\t\t\t\t\t\t<p>A Copel realiza o gerenciamento de res\u00edduos em conformidade com a Lei Federal 12.305\/10 &#8211; Pol\u00edtica Nacional de Res\u00edduos S\u00f3lidos e Lei Estadual 12.493\/99 (que disp\u00f5e sobre o gerenciamento de res\u00edduos s\u00f3lidos no Estado do Paran\u00e1), bem como demais legisla\u00e7\u00f5es e normativas pertinentes, assim como atende \u00e0s condicionantes previstas nas Licen\u00e7as de Opera\u00e7\u00e3o da Usina.<\/p><p>As instala\u00e7\u00f5es seguem as defini\u00e7\u00f5es da Resolu\u00e7\u00e3o Conama 275\/2001, que estabelece o c\u00f3digo de cores para os diferentes tipos de res\u00edduos, a ser adotado na identifica\u00e7\u00e3o de coletores e transportadores.<\/p><p>A Usina conta com um Plano de Gerenciamento de Res\u00edduos S\u00f3lidos (PGRS), um instrumento da Pol\u00edtica Nacional de Res\u00edduo S\u00f3lidos que visa a realiza\u00e7\u00e3o de diversas a\u00e7\u00f5es desde a gera\u00e7\u00e3o do res\u00edduo at\u00e9 a sua destina\u00e7\u00e3o final. Esse plano \u00e9 constru\u00eddo baseado no meio ambiente e no que \u00e9 melhor para mant\u00ea-lo de forma sustent\u00e1vel e prev\u00ea a\u00e7\u00f5es desde a gera\u00e7\u00e3o, acondicionamento, meio de transporte, transbordo, tratamento, reciclagem e outras fases, chegando at\u00e9 a disposi\u00e7\u00e3o final dos res\u00edduos.<\/p><p>Os res\u00edduos administrativos recicl\u00e1veis s\u00e3o destinados \u00e0s associa\u00e7\u00f5es de catadores de materiais recicl\u00e1veis, por meio da Coleta Seletiva Solid\u00e1ria, conforme Decreto Estadual 8426\/2017, que disp\u00f5e sobre a obrigatoriedade da separa\u00e7\u00e3o seletiva dos res\u00edduos s\u00f3lidos administrativos recicl\u00e1veis pelos \u00f3rg\u00e3os e entidades do Poder Executivo.<\/p><p>Os res\u00edduos industriais, em sua maioria gerados nas atividades de manuten\u00e7\u00e3o, s\u00e3o acondicionados em recipientes apropriados de acordo com a classifica\u00e7\u00e3o do res\u00edduo, se perigoso ou n\u00e3o. A grande maioria dos res\u00edduos industriais gerados \u00e9 encaminhada para reutiliza\u00e7\u00e3o e reciclagem pelo processo de aliena\u00e7\u00e3o (venda), conforme estabelecido pela ag\u00eancia reguladora (Aneel).<\/p><p>Os res\u00edduos n\u00e3o alienados s\u00e3o destinados de formas variadas, sempre respeitando a legisla\u00e7\u00e3o ambiental.<\/p>\t\t\t\t\t\t\t\t<\/div>\n\t\t\t\t<\/div>\n\t\t\t\t<\/div>\n\t\t\t\t\t<\/details>\n\t\t\t\t\t\t<details id=\"e-n-accordion-item-3545\" class=\"e-n-accordion-item\" >\n\t\t\t\t<summary class=\"e-n-accordion-item-title\" data-accordion-index=\"6\" tabindex=\"-1\" aria-expanded=\"false\" aria-controls=\"e-n-accordion-item-3545\" >\n\t\t\t\t\t<span class='e-n-accordion-item-title-header'><div class=\"e-n-accordion-item-title-text\"> Monitoramento de ictiofauna <\/div><\/span>\n\t\t\t\t\t\t\t<span class='e-n-accordion-item-title-icon'>\n\t\t\t<span class='e-opened' ><i aria-hidden=\"true\" class=\"fas fa-minus\"><\/i><\/span>\n\t\t\t<span class='e-closed'><i aria-hidden=\"true\" class=\"fas fa-plus\"><\/i><\/span>\n\t\t<\/span>\n\n\t\t\t\t\t\t<\/summary>\n\t\t\t\t<div role=\"region\" aria-labelledby=\"e-n-accordion-item-3545\" class=\"elementor-element elementor-element-82d1bbc e-con-full e-flex e-con e-child\" data-id=\"82d1bbc\" data-element_type=\"container\" data-e-type=\"container\">\n\t\t\t\t<div class=\"elementor-element elementor-element-9547c21 elementor-widget elementor-widget-text-editor\" data-id=\"9547c21\" data-element_type=\"widget\" data-e-type=\"widget\" data-widget_type=\"text-editor.default\">\n\t\t\t\t<div class=\"elementor-widget-container\">\n\t\t\t\t\t\t\t\t\t<p>O Monitoramento de Ictiofauna (peixes) \u00e9 um programa de longa dura\u00e7\u00e3o realizado nos reservat\u00f3rios e rios relacionados aos empreendimentos de gera\u00e7\u00e3o de energia sob concess\u00e3o da Copel. Coletando dados desde 2003, o Programa apresenta uma base solida para an\u00e1lise das condi\u00e7\u00f5es da fauna de peixes em quatro bacias hidrogr\u00e1ficas presentes em territ\u00f3rio do Estado do Paran\u00e1. Os relat\u00f3rios deste Programa de Monitoramento s\u00e3o anualmente protocolados junto ao Instituto Ambiental do Paran\u00e1 (IAP), abastecendo o \u00f3rg\u00e3o ambiental com importantes informa\u00e7\u00f5es para conserva\u00e7\u00e3o dos recursos naturais, al\u00e9m de cumprir com condicionantes ambientais de diversos empreendimentos.<\/p><p>O objetivo geral deste Programa \u00e9 o monitoramento continuo da ictiofauna dos corpos d\u2019\u00e1gua relacionados aos empreendimentos da Copel, gerando informa\u00e7\u00e3o cientifica e orienta\u00e7\u00f5es para a\u00e7\u00f5es de manejo, incluindo:<\/p><ul><li>Informa\u00e7\u00f5es sobre a ecologia e biologia das comunidades de peixes;<\/li><li>Identifica\u00e7\u00e3o de varia\u00e7\u00f5es nessas comunidades ao longo do ano;<\/li><li>Identifica\u00e7\u00e3o de mudan\u00e7as de longo prazo nas comunidades em estudo;<\/li><li>Verifica\u00e7\u00e3o da necessidade de medidas de manejo, como o repovoamento com esp\u00e9cies nativas, por exemplo;<\/li><li>Verifica\u00e7\u00e3o da influ\u00eancia de empreendimentos de piscicultura sobre a ictiofauna em reservat\u00f3rios que venham a comport\u00e1-los;<\/li><li>Verifica\u00e7\u00e3o da influ\u00eancia de repovoamentos por terceiros (prefeituras e entidades diversas) na ictiofauna;<\/li><li>Produ\u00e7\u00e3o de relat\u00f3rios anuais de monitoramento.<\/li><\/ul>\t\t\t\t\t\t\t\t<\/div>\n\t\t\t\t<\/div>\n\t\t\t\t<\/div>\n\t\t\t\t\t<\/details>\n\t\t\t\t\t<\/div>\n\t\t\t\t\t\t<\/div>\n\t\t\t\t<\/div>\n\t\t\t\t<\/div>\n\t\t<div id=\"e-n-tab-content-2430506493\" role=\"tabpanel\" aria-labelledby=\"e-n-tab-title-2430506493\" data-tab-index=\"3\" style=\"--n-tabs-title-order: 3;\" class=\" elementor-element elementor-element-7a15ed3 e-flex e-con-boxed e-con e-child\" data-id=\"7a15ed3\" data-element_type=\"container\" data-e-type=\"container\">\n\t\t\t\t\t<div class=\"e-con-inner\">\n\t\t\t\t<div class=\"elementor-element elementor-element-959d013 elementor-widget elementor-widget-text-editor\" data-id=\"959d013\" data-element_type=\"widget\" data-e-type=\"widget\" data-widget_type=\"text-editor.default\">\n\t\t\t\t<div class=\"elementor-widget-container\">\n\t\t\t\t\t\t\t\t\t<div><div>As barragens s\u00e3o estruturas importantes para o neg\u00f3cio da Companhia, pois concentram a maior parte da capacidade de gera\u00e7\u00e3o de energia.<\/div><div>\u00a0<\/div><\/div><div>\u00c9 importante salientar que as barragens de usinas hidrel\u00e9tricas possuem padr\u00f5es construtivos e crit\u00e9rios de seguran\u00e7a bem consolidados e que a verifica\u00e7\u00e3o da seguran\u00e7a \u00e9 realizada em todas as fases \u2013 projeto, constru\u00e7\u00e3o e opera\u00e7\u00e3o. No entanto, como em qualquer obra de engenharia, apresentam risco intr\u00ednseco associado a diferentes fatores, internos ou externos.<\/div><div>\u00a0<\/div><div>A fim de mitigar riscos e garantir a integridade das barragens sob sua responsabilidade, a Copel atua de forma preventiva por meio de crit\u00e9rios e procedimentos alinhados \u00e0s melhores pr\u00e1ticas de engenharia e \u00e0 legisla\u00e7\u00e3o vigente. As usinas hidrel\u00e9tricas possuem Plano de Seguran\u00e7a de Barragem (PSB) e o Plano de A\u00e7\u00e3o de Emerg\u00eancia (PAE), em conformidade com os par\u00e2metros legais.<\/div><div>\u00a0<\/div><div>Em atendimento \u00e0 Lei de Seguran\u00e7a de Barragens, segue o\u00a0<span style=\"text-decoration: underline;\"><b>Cronograma de Implanta\u00e7\u00e3o do Plano de A\u00e7\u00e3o de Emerg\u00eancia<\/b><\/span>:<\/div><div>\u00a0<\/div><p><strong>Programa\u00e7\u00e3o:\u00a0<\/strong><span class=\"ui-provider a b c d e f g h i j k l m n o p q r s t u v w x y z ab ac ae af ag ah ai aj ak\" dir=\"ltr\">de 2\/7\/24 a 6\/7\/24<\/span><\/p><p><strong>Munic\u00edpios:<\/strong> Mangueirinha e Reserva do Igua\u00e7u<\/p><p><strong>Atividades previstas:<\/strong><\/p><ul><li><span class=\"ui-provider a b c d e f g h i j k l m n o p q r s t u v w x y z ab ac ae af ag ah ai aj ak\" dir=\"ltr\">Levantamento cadastral da ZAS \u2013 Zona de autossalvamento, regi\u00e3o mais pr\u00f3xima da usina, logo abaixo da barragem. (Copel, Defesas Civis Municipais e Geometrisa Servi\u00e7os de Engenharia).<\/span><\/li><li><span class=\"ui-provider a b c d e f g h i j k l m n o p q r s t u v w x y z ab ac ae af ag ah ai aj ak\" dir=\"ltr\">Implanta\u00e7\u00e3o do projeto de sinaliza\u00e7\u00e3o (Copel, Defesas Civis Municipais e Geometrisa Servi\u00e7os de Engenharia).<\/span><\/li><li>Treinamentos e simulados (Copel, Geometrisa Servi\u00e7os de Engenharia e convidados: Defesa Civil Estadual, Defesa Civil Regional e Defesas Civis Municipais).<i><\/i><span class=\"ui-provider a b c d e f g h i j k l m n o p q r s t u v w x y z ab ac ae af ag ah ai aj ak\" dir=\"ltr\">\u00a0<\/span><ul><li>Simulado de Mesa\u00a0<\/li><li>Simulado de Evacua\u00e7\u00e3o Interno na usina<\/li><li>Simulado de Evacua\u00e7\u00e3o Externo com a comunidade (ZAS).<\/li><\/ul><\/li><\/ul><p>*A Copel contratou a empresa Geometrisa Servi\u00e7os de Engenharia Ltda para realizar as atividades em campo.<\/p><p>\u00a0<\/p>\t\t\t\t\t\t\t\t<\/div>\n\t\t\t\t<\/div>\n\t\t\t\t<div class=\"elementor-element elementor-element-b191eff elementor-icon-list--layout-traditional elementor-list-item-link-full_width elementor-widget elementor-widget-icon-list\" data-id=\"b191eff\" data-element_type=\"widget\" data-e-type=\"widget\" data-widget_type=\"icon-list.default\">\n\t\t\t\t<div class=\"elementor-widget-container\">\n\t\t\t\t\t\t\t<ul class=\"elementor-icon-list-items\">\n\t\t\t\t\t\t\t<li class=\"elementor-icon-list-item\">\n\t\t\t\t\t\t\t\t\t\t\t<a href=\"https:\/\/copel0.sharepoint.com\/:f:\/s\/documentos-site-copel\/EptQCiOkAdVEmG8hzqq7Q_wBF9I5osPI08KI0W-x4exFFw?e=Iuuhfm\">\n\n\t\t\t\t\t\t\t\t\t\t\t\t<span class=\"elementor-icon-list-icon\">\n\t\t\t\t\t\t\t<i aria-hidden=\"true\" class=\"fas fa-circle\"><\/i>\t\t\t\t\t\t<\/span>\n\t\t\t\t\t\t\t\t\t\t<span class=\"elementor-icon-list-text\">Clique aqui para acessar o Plano de A\u00e7\u00e3o de Emerg\u00eancia<\/span>\n\t\t\t\t\t\t\t\t\t\t\t<\/a>\n\t\t\t\t\t\t\t\t\t<\/li>\n\t\t\t\t\t\t<\/ul>\n\t\t\t\t\t\t<\/div>\n\t\t\t\t<\/div>\n\t\t\t\t\t<\/div>\n\t\t\t\t<\/div>\n\t\t<div id=\"e-n-tab-content-2430506494\" role=\"tabpanel\" aria-labelledby=\"e-n-tab-title-2430506494\" data-tab-index=\"4\" style=\"--n-tabs-title-order: 4;\" class=\" elementor-element elementor-element-247eca6 e-con-full e-flex e-con e-child\" data-id=\"247eca6\" data-element_type=\"container\" data-e-type=\"container\">\n\t\t\t\t<div class=\"elementor-element elementor-element-322e1d0 elementor-icon-list--layout-traditional elementor-list-item-link-full_width elementor-widget elementor-widget-icon-list\" data-id=\"322e1d0\" data-element_type=\"widget\" data-e-type=\"widget\" data-widget_type=\"icon-list.default\">\n\t\t\t\t<div class=\"elementor-widget-container\">\n\t\t\t\t\t\t\t<ul class=\"elementor-icon-list-items\">\n\t\t\t\t\t\t\t<li class=\"elementor-icon-list-item\">\n\t\t\t\t\t\t\t\t\t\t\t<a href=\"\/site\/copel-geracao\/contato\/\">\n\n\t\t\t\t\t\t\t\t\t\t\t\t<span class=\"elementor-icon-list-icon\">\n\t\t\t\t\t\t\t<i aria-hidden=\"true\" class=\"fab fa-wpforms\"><\/i>\t\t\t\t\t\t<\/span>\n\t\t\t\t\t\t\t\t\t\t<span class=\"elementor-icon-list-text\">Contato<\/span>\n\t\t\t\t\t\t\t\t\t\t\t<\/a>\n\t\t\t\t\t\t\t\t\t<\/li>\n\t\t\t\t\t\t\t\t<li class=\"elementor-icon-list-item\">\n\t\t\t\t\t\t\t\t\t\t\t<a href=\"https:\/\/wa.me\/5541991377838\">\n\n\t\t\t\t\t\t\t\t\t\t\t\t<span class=\"elementor-icon-list-icon\">\n\t\t\t\t\t\t\t<i aria-hidden=\"true\" class=\"fab fa-whatsapp\"><\/i>\t\t\t\t\t\t<\/span>\n\t\t\t\t\t\t\t\t\t\t<span class=\"elementor-icon-list-text\">Contato para emerg\u00eancias<\/span>\n\t\t\t\t\t\t\t\t\t\t\t<\/a>\n\t\t\t\t\t\t\t\t\t<\/li>\n\t\t\t\t\t\t\t\t<li class=\"elementor-icon-list-item\">\n\t\t\t\t\t\t\t\t\t\t\t<span class=\"elementor-icon-list-icon\">\n\t\t\t\t\t\t\t<i aria-hidden=\"true\" class=\"fas fa-phone-alt\"><\/i>\t\t\t\t\t\t<\/span>\n\t\t\t\t\t\t\t\t\t\t<span class=\"elementor-icon-list-text\">0800 644 5445<\/span>\n\t\t\t\t\t\t\t\t\t<\/li>\n\t\t\t\t\t\t<\/ul>\n\t\t\t\t\t\t<\/div>\n\t\t\t\t<\/div>\n\t\t\t\t<\/div>\n\t\t\t\t\t<\/div>\n\t\t<\/div>\n\t\t\t\t\t\t<\/div>\n\t\t\t\t<\/div>\n\t\t\t\t<div class=\"elementor-element elementor-element-77ba778 elementor-widget elementor-widget-image\" data-id=\"77ba778\" data-element_type=\"widget\" data-e-type=\"widget\" data-widget_type=\"image.default\">\n\t\t\t\t<div class=\"elementor-widget-container\">\n\t\t\t\t\t\t\t\t\t\t\t\t\t\t\t<img fetchpriority=\"high\" decoding=\"async\" width=\"800\" height=\"518\" src=\"https:\/\/www.copel.com\/site\/wp-content\/uploads\/2022\/03\/DERIVACAO-DO-JORDAO-20-10-2005-1024x663-1.jpg\" class=\"attachment-large size-large wp-image-23000\" alt=\"\" srcset=\"https:\/\/www.copel.com\/site\/wp-content\/uploads\/2022\/03\/DERIVACAO-DO-JORDAO-20-10-2005-1024x663-1.jpg 1024w, https:\/\/www.copel.com\/site\/wp-content\/uploads\/2022\/03\/DERIVACAO-DO-JORDAO-20-10-2005-1024x663-1-300x194.jpg 300w, https:\/\/www.copel.com\/site\/wp-content\/uploads\/2022\/03\/DERIVACAO-DO-JORDAO-20-10-2005-1024x663-1-768x497.jpg 768w\" sizes=\"(max-width: 800px) 100vw, 800px\" \/>\t\t\t\t\t\t\t\t\t\t\t\t\t\t\t<\/div>\n\t\t\t\t<\/div>\n\t\t\t\t\t<\/div>\n\t\t<\/div>\n\t\t\t\t\t<\/div>\n\t\t<\/section>\n\t\t\t\t<\/div>\n\t\t","protected":false},"excerpt":{"rendered":"<p>Usina Deriva\u00e7\u00e3o do Rio Jord\u00e3o Copel investe em treinamentos de seguran\u00e7a para comunidades ribeirinhas Informa\u00e7\u00f5es T\u00e9cnicas Programas Ambientais Seguran\u00e7a da Barragem Contato A usina hidrel\u00e9trica Deriva\u00e7\u00e3o do Rio Jord\u00e3o possui capacidade de 6,5 MW de pot\u00eancia est\u00e1 a 5 km da Foz do Rio Jord\u00e3o, no munic\u00edpio de Reserva do Igua\u00e7u. De reduzidos impactos ambientais, [&hellip;]<\/p>\n","protected":false},"author":6,"featured_media":0,"parent":22855,"menu_order":0,"comment_status":"closed","ping_status":"closed","template":"elementor_header_footer","meta":{"_acf_changed":false,"footnotes":""},"categories":[],"tags":[],"wf_page_folders":[509],"class_list":["post-12375","page","type-page","status-publish","hentry"],"acf":[],"aioseo_notices":[],"_links":{"self":[{"href":"https:\/\/www.copel.com\/site\/wp-json\/wp\/v2\/pages\/12375","targetHints":{"allow":["GET"]}}],"collection":[{"href":"https:\/\/www.copel.com\/site\/wp-json\/wp\/v2\/pages"}],"about":[{"href":"https:\/\/www.copel.com\/site\/wp-json\/wp\/v2\/types\/page"}],"author":[{"embeddable":true,"href":"https:\/\/www.copel.com\/site\/wp-json\/wp\/v2\/users\/6"}],"replies":[{"embeddable":true,"href":"https:\/\/www.copel.com\/site\/wp-json\/wp\/v2\/comments?post=12375"}],"version-history":[{"count":39,"href":"https:\/\/www.copel.com\/site\/wp-json\/wp\/v2\/pages\/12375\/revisions"}],"predecessor-version":[{"id":43676,"href":"https:\/\/www.copel.com\/site\/wp-json\/wp\/v2\/pages\/12375\/revisions\/43676"}],"up":[{"embeddable":true,"href":"https:\/\/www.copel.com\/site\/wp-json\/wp\/v2\/pages\/22855"}],"wp:attachment":[{"href":"https:\/\/www.copel.com\/site\/wp-json\/wp\/v2\/media?parent=12375"}],"wp:term":[{"taxonomy":"category","embeddable":true,"href":"https:\/\/www.copel.com\/site\/wp-json\/wp\/v2\/categories?post=12375"},{"taxonomy":"post_tag","embeddable":true,"href":"https:\/\/www.copel.com\/site\/wp-json\/wp\/v2\/tags?post=12375"},{"taxonomy":"wf_page_folders","embeddable":true,"href":"https:\/\/www.copel.com\/site\/wp-json\/wp\/v2\/wf_page_folders?post=12375"}],"curies":[{"name":"wp","href":"https:\/\/api.w.org\/{rel}","templated":true}]}}