{"id":12329,"date":"2021-05-10T11:20:00","date_gmt":"2021-05-10T14:20:00","guid":{"rendered":"https:\/\/hml.copel.com\/hpcweb\/?page_id=12329"},"modified":"2026-03-30T14:50:01","modified_gmt":"2026-03-30T17:50:01","slug":"usina-ney-braga","status":"publish","type":"page","link":"https:\/\/www.copel.com\/site\/copel-geracao\/usinas\/usina-ney-braga\/","title":{"rendered":"Usina Ney Braga"},"content":{"rendered":"\t\t<div data-elementor-type=\"wp-page\" data-elementor-id=\"12329\" class=\"elementor elementor-12329\" data-elementor-post-type=\"page\">\n\t\t\t\t\t\t<section class=\"elementor-section elementor-top-section elementor-element elementor-element-3fc346d2 elementor-section-full_width imgDestaque elementor-section-content-middle elementor-section-height-default elementor-section-height-default\" data-id=\"3fc346d2\" data-element_type=\"section\" data-e-type=\"section\" data-settings=\"{&quot;background_background&quot;:&quot;classic&quot;}\">\n\t\t\t\t\t\t\t<div class=\"elementor-background-overlay\"><\/div>\n\t\t\t\t\t\t\t<div class=\"elementor-container elementor-column-gap-default\">\n\t\t\t\t\t<div class=\"elementor-column elementor-col-100 elementor-top-column elementor-element elementor-element-24728f0 box-destaque\" data-id=\"24728f0\" data-element_type=\"column\" data-e-type=\"column\">\n\t\t\t<div class=\"elementor-widget-wrap elementor-element-populated\">\n\t\t\t\t\t\t<div class=\"elementor-element elementor-element-6c5bc52d elementor-widget elementor-widget-heading\" data-id=\"6c5bc52d\" data-element_type=\"widget\" data-e-type=\"widget\" data-widget_type=\"heading.default\">\n\t\t\t\t<div class=\"elementor-widget-container\">\n\t\t\t\t\t<h1 class=\"elementor-heading-title elementor-size-default\">Usina Governador Ney Braga<\/h1>\t\t\t\t<\/div>\n\t\t\t\t<\/div>\n\t\t\t\t\t<\/div>\n\t\t<\/div>\n\t\t\t\t\t<\/div>\n\t\t<\/section>\n\t\t\t\t<section class=\"elementor-section elementor-top-section elementor-element elementor-element-62b23a4 elementor-section-full_width elementor-section-height-default elementor-section-height-default\" data-id=\"62b23a4\" data-element_type=\"section\" data-e-type=\"section\">\n\t\t\t\t\t\t<div class=\"elementor-container elementor-column-gap-default\">\n\t\t\t\t\t<div class=\"elementor-column elementor-col-33 elementor-top-column elementor-element elementor-element-691a5bd6\" data-id=\"691a5bd6\" data-element_type=\"column\" data-e-type=\"column\">\n\t\t\t<div class=\"elementor-widget-wrap elementor-element-populated\">\n\t\t\t\t\t\t<div class=\"elementor-element elementor-element-54bf3cb5 elementor-nav-menu__align-justify menuTroca elementor-nav-menu--dropdown-tablet elementor-nav-menu__text-align-aside elementor-nav-menu--toggle elementor-nav-menu--burger elementor-widget elementor-widget-nav-menu\" data-id=\"54bf3cb5\" data-element_type=\"widget\" data-e-type=\"widget\" data-settings=\"{&quot;layout&quot;:&quot;vertical&quot;,&quot;submenu_icon&quot;:{&quot;value&quot;:&quot;&lt;i class=\\&quot;fas fa-caret-down\\&quot; aria-hidden=\\&quot;true\\&quot;&gt;&lt;\\\/i&gt;&quot;,&quot;library&quot;:&quot;fa-solid&quot;},&quot;toggle&quot;:&quot;burger&quot;}\" data-widget_type=\"nav-menu.default\">\n\t\t\t\t<div class=\"elementor-widget-container\">\n\t\t\t\t\t\t\t\t<nav aria-label=\"Menu\" class=\"elementor-nav-menu--main elementor-nav-menu__container elementor-nav-menu--layout-vertical e--pointer-underline e--animation-fade\">\n\t\t\t\t<ul id=\"menu-1-54bf3cb5\" class=\"elementor-nav-menu sm-vertical\"><li class=\"menu-item menu-item-type-post_type menu-item-object-page menu-item-50781\"><a href=\"https:\/\/www.copel.com\/site\/copel-geracao\/\" class=\"elementor-item\">Copel Gera\u00e7\u00e3o<\/a><\/li>\n<li class=\"menu-item menu-item-type-post_type menu-item-object-page menu-item-50782\"><a href=\"https:\/\/www.copel.com\/site\/copel-geracao\/bordas-de-reservatorios\/\" class=\"elementor-item\">Bordas de reservat\u00f3rios<\/a><\/li>\n<li class=\"menu-item menu-item-type-post_type menu-item-object-page menu-item-50788\"><a href=\"https:\/\/www.copel.com\/site\/copel-geracao\/cadastro-ambiental-rural-car\/\" class=\"elementor-item\">Cadastro ambiental rural \u2013 CAR<\/a><\/li>\n<li class=\"menu-item menu-item-type-custom menu-item-object-custom menu-item-50787\"><a href=\"https:\/\/ri.copel.com\/subsidiarias\/copel-geracao-e-transmissao-s-a\/\" class=\"elementor-item\">Demonstra\u00e7\u00f5es financeiras e cont\u00e1beis<\/a><\/li>\n<li class=\"menu-item menu-item-type-post_type menu-item-object-page menu-item-50790\"><a href=\"https:\/\/www.copel.com\/site\/fornecedores-e-parceiros\/gestao-de-fornecedores-copel\/\" class=\"elementor-item\">Gest\u00e3o de fornecedores Copel<\/a><\/li>\n<li class=\"menu-item menu-item-type-post_type menu-item-object-page menu-item-50785\"><a href=\"https:\/\/www.copel.com\/site\/copel-geracao\/monitoramento-hidrologico\/\" class=\"elementor-item\">Monitoramento hidrol\u00f3gico<\/a><\/li>\n<li class=\"menu-item menu-item-type-post_type menu-item-object-page menu-item-50783\"><a href=\"https:\/\/www.copel.com\/site\/copel-geracao\/projetos-em-andamento\/\" class=\"elementor-item\">Projetos em andamento<\/a><\/li>\n<li class=\"menu-item menu-item-type-post_type menu-item-object-page menu-item-50789\"><a href=\"https:\/\/www.copel.com\/site\/copel-geracao\/seguranca-na-comunidade\/\" class=\"elementor-item\">Seguran\u00e7a na comunidade<\/a><\/li>\n<li class=\"menu-item menu-item-type-custom menu-item-object-custom menu-item-50786\"><a href=\"https:\/\/www.copel.com\/site\/copel-geracao\/#gestao-integrada\" class=\"elementor-item elementor-item-anchor\">Sistema integrado de gest\u00e3o<\/a><\/li>\n<li class=\"menu-item menu-item-type-post_type menu-item-object-page menu-item-50791\"><a href=\"https:\/\/www.copel.com\/site\/copel-geracao\/usinas\/\" class=\"elementor-item\">Usinas<\/a><\/li>\n<\/ul>\t\t\t<\/nav>\n\t\t\t\t\t<div class=\"elementor-menu-toggle\" role=\"button\" tabindex=\"0\" aria-label=\"Menu Toggle\" aria-expanded=\"false\">\n\t\t\t<i aria-hidden=\"true\" role=\"presentation\" class=\"elementor-menu-toggle__icon--open eicon-menu-bar\"><\/i><i aria-hidden=\"true\" role=\"presentation\" class=\"elementor-menu-toggle__icon--close eicon-close\"><\/i>\t\t<\/div>\n\t\t\t\t\t<nav class=\"elementor-nav-menu--dropdown elementor-nav-menu__container\" aria-hidden=\"true\">\n\t\t\t\t<ul id=\"menu-2-54bf3cb5\" class=\"elementor-nav-menu sm-vertical\"><li class=\"menu-item menu-item-type-post_type menu-item-object-page menu-item-50781\"><a href=\"https:\/\/www.copel.com\/site\/copel-geracao\/\" class=\"elementor-item\" tabindex=\"-1\">Copel Gera\u00e7\u00e3o<\/a><\/li>\n<li class=\"menu-item menu-item-type-post_type menu-item-object-page menu-item-50782\"><a href=\"https:\/\/www.copel.com\/site\/copel-geracao\/bordas-de-reservatorios\/\" class=\"elementor-item\" tabindex=\"-1\">Bordas de reservat\u00f3rios<\/a><\/li>\n<li class=\"menu-item menu-item-type-post_type menu-item-object-page menu-item-50788\"><a href=\"https:\/\/www.copel.com\/site\/copel-geracao\/cadastro-ambiental-rural-car\/\" class=\"elementor-item\" tabindex=\"-1\">Cadastro ambiental rural \u2013 CAR<\/a><\/li>\n<li class=\"menu-item menu-item-type-custom menu-item-object-custom menu-item-50787\"><a href=\"https:\/\/ri.copel.com\/subsidiarias\/copel-geracao-e-transmissao-s-a\/\" class=\"elementor-item\" tabindex=\"-1\">Demonstra\u00e7\u00f5es financeiras e cont\u00e1beis<\/a><\/li>\n<li class=\"menu-item menu-item-type-post_type menu-item-object-page menu-item-50790\"><a href=\"https:\/\/www.copel.com\/site\/fornecedores-e-parceiros\/gestao-de-fornecedores-copel\/\" class=\"elementor-item\" tabindex=\"-1\">Gest\u00e3o de fornecedores Copel<\/a><\/li>\n<li class=\"menu-item menu-item-type-post_type menu-item-object-page menu-item-50785\"><a href=\"https:\/\/www.copel.com\/site\/copel-geracao\/monitoramento-hidrologico\/\" class=\"elementor-item\" tabindex=\"-1\">Monitoramento hidrol\u00f3gico<\/a><\/li>\n<li class=\"menu-item menu-item-type-post_type menu-item-object-page menu-item-50783\"><a href=\"https:\/\/www.copel.com\/site\/copel-geracao\/projetos-em-andamento\/\" class=\"elementor-item\" tabindex=\"-1\">Projetos em andamento<\/a><\/li>\n<li class=\"menu-item menu-item-type-post_type menu-item-object-page menu-item-50789\"><a href=\"https:\/\/www.copel.com\/site\/copel-geracao\/seguranca-na-comunidade\/\" class=\"elementor-item\" tabindex=\"-1\">Seguran\u00e7a na comunidade<\/a><\/li>\n<li class=\"menu-item menu-item-type-custom menu-item-object-custom menu-item-50786\"><a href=\"https:\/\/www.copel.com\/site\/copel-geracao\/#gestao-integrada\" class=\"elementor-item elementor-item-anchor\" tabindex=\"-1\">Sistema integrado de gest\u00e3o<\/a><\/li>\n<li class=\"menu-item menu-item-type-post_type menu-item-object-page menu-item-50791\"><a href=\"https:\/\/www.copel.com\/site\/copel-geracao\/usinas\/\" class=\"elementor-item\" tabindex=\"-1\">Usinas<\/a><\/li>\n<\/ul>\t\t\t<\/nav>\n\t\t\t\t\t\t<\/div>\n\t\t\t\t<\/div>\n\t\t\t\t\t<\/div>\n\t\t<\/div>\n\t\t\t\t<div class=\"elementor-column elementor-col-66 elementor-top-column elementor-element elementor-element-60da2b1\" data-id=\"60da2b1\" data-element_type=\"column\" data-e-type=\"column\">\n\t\t\t<div class=\"elementor-widget-wrap elementor-element-populated\">\n\t\t\t\t\t\t<div class=\"elementor-element elementor-element-76e4786 elementor--h-position-center elementor--v-position-middle elementor-arrows-position-inside elementor-pagination-position-inside elementor-widget elementor-widget-slides\" data-id=\"76e4786\" data-element_type=\"widget\" data-e-type=\"widget\" data-settings=\"{&quot;navigation&quot;:&quot;both&quot;,&quot;autoplay&quot;:&quot;yes&quot;,&quot;pause_on_hover&quot;:&quot;yes&quot;,&quot;pause_on_interaction&quot;:&quot;yes&quot;,&quot;autoplay_speed&quot;:5000,&quot;infinite&quot;:&quot;yes&quot;,&quot;transition&quot;:&quot;slide&quot;,&quot;transition_speed&quot;:500}\" data-widget_type=\"slides.default\">\n\t\t\t\t<div class=\"elementor-widget-container\">\n\t\t\t\t\t\t\t\t\t<div class=\"elementor-swiper\">\n\t\t\t\t\t<div class=\"elementor-slides-wrapper elementor-main-swiper swiper\" role=\"region\" aria-roledescription=\"carousel\" aria-label=\"Slides\" dir=\"ltr\" data-animation=\"fadeInUp\">\n\t\t\t\t<div class=\"swiper-wrapper elementor-slides\">\n\t\t\t\t\t\t\t\t\t\t<div class=\"elementor-repeater-item-a8e0cb4 swiper-slide\" role=\"group\" aria-roledescription=\"slide\"><div class=\"swiper-slide-bg\" role=\"img\" aria-label=\"Rotas de fuga s\u00e3o sinalizadas para situa\u00e7\u00f5es de emerg\u00eancia\"><\/div><div class=\"elementor-background-overlay\"><\/div><a class=\"swiper-slide-inner\" href=\"https:\/\/www.copel.com\/site\/noticias\/copel-investe-em-treinamentos-de-seguranca-para-comunidades-ribeirinhas\/\"><div class=\"swiper-slide-contents\"><div class=\"elementor-slide-heading\">Copel investe em treinamentos de seguran\u00e7a para comunidades ribeirinhas<\/div><\/div><\/a><\/div><div class=\"elementor-repeater-item-74e59bf swiper-slide\" role=\"group\" aria-roledescription=\"slide\"><div class=\"swiper-slide-bg\" role=\"img\" aria-label=\"9 - uhe gov ney braga_segredo (2)\"><\/div><div class=\"elementor-background-overlay\"><\/div><a class=\"swiper-slide-inner\" href=\"https:\/\/www.copel.com\/site\/noticias\/copel-vence-leilao-federal-e-vai-aumentar-em-33-a-capacidade-de-geracao-de-energia\/\"><div class=\"swiper-slide-contents\"><div class=\"elementor-slide-heading\">Copel vence leil\u00e3o federal e vai aumentar em 33% a capacidade de gera\u00e7\u00e3o de energia<\/div><\/div><\/a><\/div>\t\t\t\t<\/div>\n\t\t\t\t\t\t\t\t\t\t\t\t\t\t\t<div class=\"elementor-swiper-button elementor-swiper-button-prev\" role=\"button\" tabindex=\"0\" aria-label=\"Previous slide\">\n\t\t\t\t\t\t\t<i aria-hidden=\"true\" class=\"eicon-chevron-left\"><\/i>\t\t\t\t\t\t<\/div>\n\t\t\t\t\t\t<div class=\"elementor-swiper-button elementor-swiper-button-next\" role=\"button\" tabindex=\"0\" aria-label=\"Next slide\">\n\t\t\t\t\t\t\t<i aria-hidden=\"true\" class=\"eicon-chevron-right\"><\/i>\t\t\t\t\t\t<\/div>\n\t\t\t\t\t\t\t\t\t\t\t\t\t\t\t\t<div class=\"swiper-pagination\"><\/div>\n\t\t\t\t\t\t\t\t\t\t\t\t<\/div>\n\t\t\t\t<\/div>\n\t\t\t\t\t\t\t\t<\/div>\n\t\t\t\t<\/div>\n\t\t\t\t<div class=\"elementor-element elementor-element-96e9b5e e-n-tabs-mobile elementor-widget elementor-widget-n-tabs\" data-id=\"96e9b5e\" data-element_type=\"widget\" data-e-type=\"widget\" data-settings=\"{&quot;tabs_justify_horizontal&quot;:&quot;start&quot;,&quot;horizontal_scroll&quot;:&quot;disable&quot;}\" data-widget_type=\"nested-tabs.default\">\n\t\t\t\t<div class=\"elementor-widget-container\">\n\t\t\t\t\t\t\t<div class=\"e-n-tabs\" data-widget-number=\"158243678\" aria-label=\"Tabs. Open items with Enter or Space, close with Escape and navigate using the Arrow keys.\">\n\t\t\t<div class=\"e-n-tabs-heading\" role=\"tablist\">\n\t\t\t\t\t<button id=\"e-n-tab-title-1582436781\" data-tab-title-id=\"e-n-tab-title-1582436781\" class=\"e-n-tab-title\" aria-selected=\"true\" data-tab-index=\"1\" role=\"tab\" tabindex=\"0\" aria-controls=\"e-n-tab-content-1582436781\" style=\"--n-tabs-title-order: 1;\">\n\t\t\t\t\t\t<span class=\"e-n-tab-title-text\">\n\t\t\t\tInforma\u00e7\u00f5es T\u00e9cnicas\t\t\t<\/span>\n\t\t<\/button>\n\t\t\t\t<button id=\"licenciamento\" data-tab-title-id=\"e-n-tab-title-1582436782\" class=\"e-n-tab-title\" aria-selected=\"false\" data-tab-index=\"2\" role=\"tab\" tabindex=\"-1\" aria-controls=\"e-n-tab-content-1582436782\" style=\"--n-tabs-title-order: 2;\">\n\t\t\t\t\t\t<span class=\"e-n-tab-title-text\">\n\t\t\t\tLicenciamento Ambiental\t\t\t<\/span>\n\t\t<\/button>\n\t\t\t\t<button id=\"e-n-tab-title-1582436783\" data-tab-title-id=\"e-n-tab-title-1582436783\" class=\"e-n-tab-title\" aria-selected=\"false\" data-tab-index=\"3\" role=\"tab\" tabindex=\"-1\" aria-controls=\"e-n-tab-content-1582436783\" style=\"--n-tabs-title-order: 3;\">\n\t\t\t\t\t\t<span class=\"e-n-tab-title-text\">\n\t\t\t\tSeguran\u00e7a da Barragem\t\t\t<\/span>\n\t\t<\/button>\n\t\t\t\t<button id=\"obras-ampliacao\" data-tab-title-id=\"e-n-tab-title-1582436784\" class=\"e-n-tab-title\" aria-selected=\"false\" data-tab-index=\"4\" role=\"tab\" tabindex=\"-1\" aria-controls=\"e-n-tab-content-1582436784\" style=\"--n-tabs-title-order: 4;\">\n\t\t\t\t\t\t<span class=\"e-n-tab-title-text\">\n\t\t\t\tObras de Amplia\u00e7\u00e3o\t\t\t<\/span>\n\t\t<\/button>\n\t\t\t\t<button id=\"e-n-tab-title-1582436785\" data-tab-title-id=\"e-n-tab-title-1582436785\" class=\"e-n-tab-title\" aria-selected=\"false\" data-tab-index=\"5\" role=\"tab\" tabindex=\"-1\" aria-controls=\"e-n-tab-content-1582436785\" style=\"--n-tabs-title-order: 5;\">\n\t\t\t\t\t\t<span class=\"e-n-tab-title-text\">\n\t\t\t\tContato\t\t\t<\/span>\n\t\t<\/button>\n\t\t\t\t\t<\/div>\n\t\t\t<div class=\"e-n-tabs-content\">\n\t\t\t\t<div id=\"e-n-tab-content-1582436781\" role=\"tabpanel\" aria-labelledby=\"e-n-tab-title-1582436781\" data-tab-index=\"1\" style=\"--n-tabs-title-order: 1;\" class=\"e-active elementor-element elementor-element-4f02e82 e-con-full e-flex e-con e-child\" data-id=\"4f02e82\" data-element_type=\"container\" data-e-type=\"container\">\n\t\t\t\t<div class=\"elementor-element elementor-element-03132fb elementor-widget elementor-widget-text-editor\" data-id=\"03132fb\" data-element_type=\"widget\" data-e-type=\"widget\" data-widget_type=\"text-editor.default\">\n\t\t\t\t<div class=\"elementor-widget-container\">\n\t\t\t\t\t\t\t\t\t<p>A Usina Hidrel\u00e9trica Governador Ney Aminthas de Barros Braga \u00e9 a segunda usina da Copel em pot\u00eancia instalada (possui capacidade de 1.260 MW). Est\u00e1 localizada no rio Igua\u00e7u, a 2 km da montante da Foz do Rio Jord\u00e3o, no munic\u00edpio de Mangueirinha, a aproximadamente 285 km de Curitiba.<\/p><p>Foi inaugurada em 1992, quando come\u00e7ou a operar, tendo como marco fundamental o primeiro Relat\u00f3rio de Impacto Ambiental (Rima) no Brasil para uma usina hidrel\u00e9trica, elaborado e aprovado em 1987. Isto fez da Copel um modelo para as demais concession\u00e1rias de energia no Brasil com rela\u00e7\u00e3o \u00e0 preserva\u00e7\u00e3o do meio ambiente. Praticamente toda sua constru\u00e7\u00e3o transcorreu entre 1987 a 1991.<\/p><p>A usina, anteriormente denominada de Usina de Segredo, recebeu seu nome em homenagem ao Governador Ney Braga, que liderou o Paran\u00e1 por duas vezes, de 1961 a 1965 e de 1979 a 1982. Ney Braga foi o grande respons\u00e1vel pela moderniza\u00e7\u00e3o do estado a partir dos anos 60. Entre suas obras est\u00e3o a Rodovia do Caf\u00e9, que liga Curitiba a Londrina, e a constru\u00e7\u00e3o de hidrel\u00e9tricas. Seu \u00faltimo cargo p\u00fablico foi o de presidente do Conselho de Administra\u00e7\u00e3o da Copel.<\/p><p>Os t\u00faneis de desvio com di\u00e2metro de 13,5 m e comprimento variando de 661 a 778 m, foram iniciados em setembro de 1987 e conclu\u00eddos em junho de 1988. As escava\u00e7\u00f5es para implanta\u00e7\u00e3o do circuito hidr\u00e1ulico b\u00e1sico da usina &#8211; tomada de \u00e1gua, condutos for\u00e7ados, casa de for\u00e7a e canal de fuga &#8211; foram iniciadas em setembro de 1988 e conclu\u00eddas em dezembro de 1989. A montagem dos equipamentos iniciou-se pelos condutos for\u00e7ados em outubro de 1989, estendendo-se at\u00e9 a inaugura\u00e7\u00e3o da usina.<\/p><p>Com uma altura de 145 m e comprimento de 700 m, a barragem \u00e9 do tipo enrocamento com face de concreto.<\/p><p>A casa de for\u00e7a \u00e9 do tipo semi-abrigada, com quatro unidades geradoras de 315 MW cada. O sistema de comando e controle da usina e da subesta\u00e7\u00e3o \u00e9 do tipo convencional em n\u00edvel local, e totalmente digital em n\u00edvel centralizado.<\/p><p>A usina ficou totalmente pronta somente ap\u00f3s a conclus\u00e3o da Deriva\u00e7\u00e3o do Rio Jord\u00e3o, que consiste de uma barragem de concreto compactado a rolo represando o rio Jord\u00e3o, permitindo desviar parte da vaz\u00e3o atrav\u00e9s de um t\u00fanel de 4.703 m de comprimento e de 9,5 m de di\u00e2metro. Isso ocasiona um acr\u00e9scimo de 10% na energia produzida pela usina.<\/p>\t\t\t\t\t\t\t\t<\/div>\n\t\t\t\t<\/div>\n\t\t\t\t<\/div>\n\t\t<div id=\"e-n-tab-content-1582436782\" role=\"tabpanel\" aria-labelledby=\"licenciamento\" data-tab-index=\"2\" style=\"--n-tabs-title-order: 2;\" class=\" elementor-element elementor-element-bebbade e-con-full e-flex e-con e-child\" data-id=\"bebbade\" data-element_type=\"container\" data-e-type=\"container\">\n\t\t\t\t<div class=\"elementor-element elementor-element-2e67912 text-content elementor-widget elementor-widget-text-editor\" data-id=\"2e67912\" data-element_type=\"widget\" data-e-type=\"widget\" data-widget_type=\"text-editor.default\">\n\t\t\t\t<div class=\"elementor-widget-container\">\n\t\t\t\t\t\t\t\t\t<p>A Copel desenvolve uma s\u00e9rie de a\u00e7\u00f5es de prote\u00e7\u00e3o ambiental na regi\u00e3o da Usina, entre elas:<\/p>\t\t\t\t\t\t\t\t<\/div>\n\t\t\t\t<\/div>\n\t\t\t\t<div class=\"elementor-element elementor-element-84aab66 elementor-widget elementor-widget-n-accordion\" data-id=\"84aab66\" data-element_type=\"widget\" data-e-type=\"widget\" data-settings=\"{&quot;default_state&quot;:&quot;expanded&quot;,&quot;max_items_expended&quot;:&quot;one&quot;,&quot;n_accordion_animation_duration&quot;:{&quot;unit&quot;:&quot;ms&quot;,&quot;size&quot;:400,&quot;sizes&quot;:[]}}\" data-widget_type=\"nested-accordion.default\">\n\t\t\t\t<div class=\"elementor-widget-container\">\n\t\t\t\t\t\t\t<div class=\"e-n-accordion\" aria-label=\"Accordion. Open links with Enter or Space, close with Escape, and navigate with Arrow Keys\">\n\t\t\t\t\t\t<details id=\"e-n-accordion-item-1390\" class=\"e-n-accordion-item\" open>\n\t\t\t\t<summary class=\"e-n-accordion-item-title\" data-accordion-index=\"1\" tabindex=\"0\" aria-expanded=\"true\" aria-controls=\"e-n-accordion-item-1390\" >\n\t\t\t\t\t<span class='e-n-accordion-item-title-header'><div class=\"e-n-accordion-item-title-text\"> Inspe\u00e7\u00e3o ambiental do reservat\u00f3rio <\/div><\/span>\n\t\t\t\t\t\t\t<span class='e-n-accordion-item-title-icon'>\n\t\t\t<span class='e-opened' ><i aria-hidden=\"true\" class=\"fas fa-minus\"><\/i><\/span>\n\t\t\t<span class='e-closed'><i aria-hidden=\"true\" class=\"fas fa-plus\"><\/i><\/span>\n\t\t<\/span>\n\n\t\t\t\t\t\t<\/summary>\n\t\t\t\t<div role=\"region\" aria-labelledby=\"e-n-accordion-item-1390\" class=\"elementor-element elementor-element-edfdefc e-con-full e-flex e-con e-child\" data-id=\"edfdefc\" data-element_type=\"container\" data-e-type=\"container\">\n\t\t\t\t<div class=\"elementor-element elementor-element-a447fb9 elementor-widget elementor-widget-text-editor\" data-id=\"a447fb9\" data-element_type=\"widget\" data-e-type=\"widget\" data-widget_type=\"text-editor.default\">\n\t\t\t\t<div class=\"elementor-widget-container\">\n\t\t\t\t\t\t\t\t\t<p>Equipes percorrem a margem do reservat\u00f3rio, verificando a situa\u00e7\u00e3o do lago e das \u00c1reas de Preserva\u00e7\u00e3o Permanente (APPs) , registrando eventuais situa\u00e7\u00e3o de n\u00e3o-conformidade com a lei. Essas ocorr\u00eancias s\u00e3o registradas por meio do programa de Geoprocessamento COLLECTOR for ArcGIS, que \u00e9 instalado em smartphones ou tablets permitindo coletar e atualizar informa\u00e7\u00f5es no campo e compor um mapa com os pontos de interven\u00e7\u00e3o. Essas informa\u00e7\u00f5es comp\u00f5em um Sistema de Informa\u00e7\u00f5es Geogr\u00e1ficas Socioambiental \u201cSSA Ocorr\u00eancias\u201d, que classifica as ocorr\u00eancias de acordo com o grau de severidade e permite um acompanhamento at\u00e9 a completa solu\u00e7\u00e3o de cada caso.<\/p>\t\t\t\t\t\t\t\t<\/div>\n\t\t\t\t<\/div>\n\t\t\t\t<\/div>\n\t\t\t\t\t<\/details>\n\t\t\t\t\t\t<details id=\"e-n-accordion-item-1391\" class=\"e-n-accordion-item\" >\n\t\t\t\t<summary class=\"e-n-accordion-item-title\" data-accordion-index=\"2\" tabindex=\"-1\" aria-expanded=\"false\" aria-controls=\"e-n-accordion-item-1391\" >\n\t\t\t\t\t<span class='e-n-accordion-item-title-header'><div class=\"e-n-accordion-item-title-text\"> Programa de Gerenciamento de APPs - Florestas Ciliares <\/div><\/span>\n\t\t\t\t\t\t\t<span class='e-n-accordion-item-title-icon'>\n\t\t\t<span class='e-opened' ><i aria-hidden=\"true\" class=\"fas fa-minus\"><\/i><\/span>\n\t\t\t<span class='e-closed'><i aria-hidden=\"true\" class=\"fas fa-plus\"><\/i><\/span>\n\t\t<\/span>\n\n\t\t\t\t\t\t<\/summary>\n\t\t\t\t<div role=\"region\" aria-labelledby=\"e-n-accordion-item-1391\" class=\"elementor-element elementor-element-0909baf e-con-full e-flex e-con e-child\" data-id=\"0909baf\" data-element_type=\"container\" data-e-type=\"container\">\n\t\t\t\t<div class=\"elementor-element elementor-element-aacebd4 elementor-widget elementor-widget-text-editor\" data-id=\"aacebd4\" data-element_type=\"widget\" data-e-type=\"widget\" data-widget_type=\"text-editor.default\">\n\t\t\t\t<div class=\"elementor-widget-container\">\n\t\t\t\t\t\t\t\t\t<p>Este programa consiste em mapear a real situa\u00e7\u00e3o das \u00c1reas de Preserva\u00e7\u00e3o Permanente (APPs) do empreendimento e, com base nessas informa\u00e7\u00f5es, realizar o gerenciamento das \u00e1reas. Os dados cartogr\u00e1ficos levantados pela Copel servem para apontar quais as necessidades de cada usina: cercamentos de \u00e1reas, ado\u00e7\u00e3o de t\u00e9cnicas de recupera\u00e7\u00e3o como plantio, nuclea\u00e7\u00e3o ou condu\u00e7\u00e3o da regenera\u00e7\u00e3o natural ou simplesmente monitoramento, este \u00faltimo visando especialmente identificar a biodiversidade da flora existente nas APPs e o grau de recupera\u00e7\u00e3o de cada \u00e1rea.<\/p>\t\t\t\t\t\t\t\t<\/div>\n\t\t\t\t<\/div>\n\t\t\t\t<\/div>\n\t\t\t\t\t<\/details>\n\t\t\t\t\t\t<details id=\"e-n-accordion-item-1392\" class=\"e-n-accordion-item\" >\n\t\t\t\t<summary class=\"e-n-accordion-item-title\" data-accordion-index=\"3\" tabindex=\"-1\" aria-expanded=\"false\" aria-controls=\"e-n-accordion-item-1392\" >\n\t\t\t\t\t<span class='e-n-accordion-item-title-header'><div class=\"e-n-accordion-item-title-text\"> Monitoramento da qualidade das \u00e1guas superficiais e \u00e1gua pot\u00e1vel <\/div><\/span>\n\t\t\t\t\t\t\t<span class='e-n-accordion-item-title-icon'>\n\t\t\t<span class='e-opened' ><i aria-hidden=\"true\" class=\"fas fa-minus\"><\/i><\/span>\n\t\t\t<span class='e-closed'><i aria-hidden=\"true\" class=\"fas fa-plus\"><\/i><\/span>\n\t\t<\/span>\n\n\t\t\t\t\t\t<\/summary>\n\t\t\t\t<div role=\"region\" aria-labelledby=\"e-n-accordion-item-1392\" class=\"elementor-element elementor-element-bddf6e3 e-con-full e-flex e-con e-child\" data-id=\"bddf6e3\" data-element_type=\"container\" data-e-type=\"container\">\n\t\t\t\t<div class=\"elementor-element elementor-element-9982eb1 elementor-widget elementor-widget-text-editor\" data-id=\"9982eb1\" data-element_type=\"widget\" data-e-type=\"widget\" data-widget_type=\"text-editor.default\">\n\t\t\t\t<div class=\"elementor-widget-container\">\n\t\t\t\t\t\t\t\t\t<p>A Copel realiza periodicamente o monitoramento da qualidade da \u00e1gua dos seus reservat\u00f3rios, em atendimento \u00e0s seguintes normativas:<\/p><p>Resolu\u00e7\u00e3o ANA\/Aneel 03\/2010 (que estabelece as condi\u00e7\u00f5es e os procedimentos a serem observados pelos concession\u00e1rios e autorizados de gera\u00e7\u00e3o de energia hidrel\u00e9trica para a instala\u00e7\u00e3o, opera\u00e7\u00e3o e manuten\u00e7\u00e3o de esta\u00e7\u00f5es hidrom\u00e9tricas visando ao monitoramento pluviom\u00e9trico, limnim\u00e9trico, fluviom\u00e9trico, sedimentom\u00e9trico e de qualidade da \u00e1gua associado a aproveitamentos hidrel\u00e9tricos, e da outras provid\u00eancias );<\/p><p>Resolu\u00e7\u00e3o Conama 357\/2005 (disp\u00f5e sobre a classifica\u00e7\u00e3o dos corpos de \u00e1gua e diretrizes ambientais para o seu enquadramento, bem como estabelece as condi\u00e7\u00f5es e padr\u00f5es de lan\u00e7amento de efluentes, e d\u00e1 outras provid\u00eancias); e<\/p><p>Resolu\u00e7\u00e3o Conama 430\/2011 (disp\u00f5e sobre as condi\u00e7\u00f5es e padr\u00f5es de lan\u00e7amento de efluentes, complementa e altera a Resolu\u00e7\u00e3o no 357\/2005).<\/p>\t\t\t\t\t\t\t\t<\/div>\n\t\t\t\t<\/div>\n\t\t\t\t<\/div>\n\t\t\t\t\t<\/details>\n\t\t\t\t\t\t<details id=\"e-n-accordion-item-1393\" class=\"e-n-accordion-item\" >\n\t\t\t\t<summary class=\"e-n-accordion-item-title\" data-accordion-index=\"4\" tabindex=\"-1\" aria-expanded=\"false\" aria-controls=\"e-n-accordion-item-1393\" >\n\t\t\t\t\t<span class='e-n-accordion-item-title-header'><div class=\"e-n-accordion-item-title-text\"> Monitoramento de efluentes <\/div><\/span>\n\t\t\t\t\t\t\t<span class='e-n-accordion-item-title-icon'>\n\t\t\t<span class='e-opened' ><i aria-hidden=\"true\" class=\"fas fa-minus\"><\/i><\/span>\n\t\t\t<span class='e-closed'><i aria-hidden=\"true\" class=\"fas fa-plus\"><\/i><\/span>\n\t\t<\/span>\n\n\t\t\t\t\t\t<\/summary>\n\t\t\t\t<div role=\"region\" aria-labelledby=\"e-n-accordion-item-1393\" class=\"elementor-element elementor-element-f6d30ba e-con-full e-flex e-con e-child\" data-id=\"f6d30ba\" data-element_type=\"container\" data-e-type=\"container\">\n\t\t\t\t<div class=\"elementor-element elementor-element-4f0ad24 elementor-widget elementor-widget-text-editor\" data-id=\"4f0ad24\" data-element_type=\"widget\" data-e-type=\"widget\" data-widget_type=\"text-editor.default\">\n\t\t\t\t<div class=\"elementor-widget-container\">\n\t\t\t\t\t\t\t\t\t<p>Os efluentes gerados nos processos de produ\u00e7\u00e3o da Usina s\u00e3o monitorados periodicamente em atendimento \u00e0 Resolu\u00e7\u00e3o Conama 357\/2005 (que disp\u00f5e sobre a classifica\u00e7\u00e3o dos corpos de \u00e1gua e diretrizes ambientais para o seu enquadramento, bem como estabelece as condi\u00e7\u00f5es e padr\u00f5es de lan\u00e7amento de efluentes, e d\u00e1 outras provid\u00eancias); e da Resolu\u00e7\u00e3o Conama 430\/2011 (que trata sobre as condi\u00e7\u00f5es e padr\u00f5es de lan\u00e7amento de efluentes, complementa e altera a Resolu\u00e7\u00e3o no 357\/2005).<\/p>\t\t\t\t\t\t\t\t<\/div>\n\t\t\t\t<\/div>\n\t\t\t\t<\/div>\n\t\t\t\t\t<\/details>\n\t\t\t\t\t\t<details id=\"e-n-accordion-item-1394\" class=\"e-n-accordion-item\" >\n\t\t\t\t<summary class=\"e-n-accordion-item-title\" data-accordion-index=\"5\" tabindex=\"-1\" aria-expanded=\"false\" aria-controls=\"e-n-accordion-item-1394\" >\n\t\t\t\t\t<span class='e-n-accordion-item-title-header'><div class=\"e-n-accordion-item-title-text\"> Gest\u00e3o de res\u00edduos <\/div><\/span>\n\t\t\t\t\t\t\t<span class='e-n-accordion-item-title-icon'>\n\t\t\t<span class='e-opened' ><i aria-hidden=\"true\" class=\"fas fa-minus\"><\/i><\/span>\n\t\t\t<span class='e-closed'><i aria-hidden=\"true\" class=\"fas fa-plus\"><\/i><\/span>\n\t\t<\/span>\n\n\t\t\t\t\t\t<\/summary>\n\t\t\t\t<div role=\"region\" aria-labelledby=\"e-n-accordion-item-1394\" class=\"elementor-element elementor-element-b55f001 e-con-full e-flex e-con e-child\" data-id=\"b55f001\" data-element_type=\"container\" data-e-type=\"container\">\n\t\t\t\t<div class=\"elementor-element elementor-element-a48f18b elementor-widget elementor-widget-text-editor\" data-id=\"a48f18b\" data-element_type=\"widget\" data-e-type=\"widget\" data-widget_type=\"text-editor.default\">\n\t\t\t\t<div class=\"elementor-widget-container\">\n\t\t\t\t\t\t\t\t\t<p>A Copel realiza o gerenciamento de res\u00edduos em conformidade com a Lei Federal 12.305\/10 &#8211; Pol\u00edtica Nacional de Res\u00edduos S\u00f3lidos e Lei Estadual 12.493\/99 (que disp\u00f5e sobre o gerenciamento de res\u00edduos s\u00f3lidos no Estado do Paran\u00e1), bem como demais legisla\u00e7\u00f5es e normativas pertinentes, assim como atende \u00e0s condicionantes previstas nas Licen\u00e7as de Opera\u00e7\u00e3o da Usina.<\/p><p>As instala\u00e7\u00f5es seguem as defini\u00e7\u00f5es da Resolu\u00e7\u00e3o Conama 275\/2001, que estabelece o c\u00f3digo de cores para os diferentes tipos de res\u00edduos, a ser adotado na identifica\u00e7\u00e3o de coletores e transportadores.<\/p><p>A Usina conta com um Plano de Gerenciamento de Res\u00edduos S\u00f3lidos (PGRS), um instrumento da Pol\u00edtica Nacional de Res\u00edduo S\u00f3lidos que visa a realiza\u00e7\u00e3o de diversas a\u00e7\u00f5es desde a gera\u00e7\u00e3o do res\u00edduo at\u00e9 a sua destina\u00e7\u00e3o final. Esse plano \u00e9 constru\u00eddo baseado no meio ambiente e no que \u00e9 melhor para mant\u00ea-lo de forma sustent\u00e1vel e prev\u00ea a\u00e7\u00f5es desde a gera\u00e7\u00e3o, acondicionamento, meio de transporte, transbordo, tratamento, reciclagem e outras fases, chegando at\u00e9 a disposi\u00e7\u00e3o final dos res\u00edduos.<\/p><p>Os res\u00edduos administrativos recicl\u00e1veis s\u00e3o destinados \u00e0s associa\u00e7\u00f5es de catadores de materiais recicl\u00e1veis, por meio da Coleta Seletiva Solid\u00e1ria, conforme Decreto Estadual 8426\/2017, que disp\u00f5e sobre a obrigatoriedade da separa\u00e7\u00e3o seletiva dos res\u00edduos s\u00f3lidos administrativos recicl\u00e1veis pelos \u00f3rg\u00e3os e entidades do Poder Executivo.<\/p><p>Os res\u00edduos industriais, em sua maioria gerados nas atividades de manuten\u00e7\u00e3o, s\u00e3o acondicionados em recipientes apropriados de acordo com a classifica\u00e7\u00e3o do res\u00edduo, se perigoso ou n\u00e3o. A grande maioria dos res\u00edduos industriais gerados \u00e9 encaminhada para reutiliza\u00e7\u00e3o e reciclagem pelo processo de aliena\u00e7\u00e3o (venda), conforme estabelecido pela ag\u00eancia reguladora (Aneel).<\/p><p>Os res\u00edduos n\u00e3o alienados s\u00e3o destinados de formas variadas, sempre respeitando a legisla\u00e7\u00e3o ambiental.<\/p>\t\t\t\t\t\t\t\t<\/div>\n\t\t\t\t<\/div>\n\t\t\t\t<\/div>\n\t\t\t\t\t<\/details>\n\t\t\t\t\t\t<details id=\"e-n-accordion-item-1395\" class=\"e-n-accordion-item\" >\n\t\t\t\t<summary class=\"e-n-accordion-item-title\" data-accordion-index=\"6\" tabindex=\"-1\" aria-expanded=\"false\" aria-controls=\"e-n-accordion-item-1395\" >\n\t\t\t\t\t<span class='e-n-accordion-item-title-header'><div class=\"e-n-accordion-item-title-text\"> Monitoramento de ictiofauna <\/div><\/span>\n\t\t\t\t\t\t\t<span class='e-n-accordion-item-title-icon'>\n\t\t\t<span class='e-opened' ><i aria-hidden=\"true\" class=\"fas fa-minus\"><\/i><\/span>\n\t\t\t<span class='e-closed'><i aria-hidden=\"true\" class=\"fas fa-plus\"><\/i><\/span>\n\t\t<\/span>\n\n\t\t\t\t\t\t<\/summary>\n\t\t\t\t<div role=\"region\" aria-labelledby=\"e-n-accordion-item-1395\" class=\"elementor-element elementor-element-6aa498f e-con-full e-flex e-con e-child\" data-id=\"6aa498f\" data-element_type=\"container\" data-e-type=\"container\">\n\t\t\t\t<div class=\"elementor-element elementor-element-dbe31a2 elementor-widget elementor-widget-text-editor\" data-id=\"dbe31a2\" data-element_type=\"widget\" data-e-type=\"widget\" data-widget_type=\"text-editor.default\">\n\t\t\t\t<div class=\"elementor-widget-container\">\n\t\t\t\t\t\t\t\t\t<p>O Monitoramento de Ictiofauna (peixes) \u00e9 um programa de longa dura\u00e7\u00e3o realizado nos reservat\u00f3rios e rios relacionados aos empreendimentos de gera\u00e7\u00e3o de energia sob concess\u00e3o da Copel. Coletando dados desde 2003, o Programa apresenta uma base solida para an\u00e1lise das condi\u00e7\u00f5es da fauna de peixes em quatro bacias hidrogr\u00e1ficas presentes em territ\u00f3rio do Estado do Paran\u00e1. Os relat\u00f3rios deste Programa de Monitoramento s\u00e3o anualmente protocolados junto ao Instituto Ambiental do Paran\u00e1 (IAP), abastecendo o \u00f3rg\u00e3o ambiental com importantes informa\u00e7\u00f5es para conserva\u00e7\u00e3o dos recursos naturais, al\u00e9m de cumprir com condicionantes ambientais de diversos empreendimentos.<\/p><p>O objetivo geral deste Programa \u00e9 o monitoramento continuo da ictiofauna dos corpos d\u2019\u00e1gua relacionados aos empreendimentos da Copel, gerando informa\u00e7\u00e3o cientifica e orienta\u00e7\u00f5es para a\u00e7\u00f5es de manejo, incluindo:<\/p><ul><li>Informa\u00e7\u00f5es sobre a ecologia e biologia das comunidades de peixes;<\/li><li>Identifica\u00e7\u00e3o de varia\u00e7\u00f5es nessas comunidades ao longo do ano;<\/li><li>Identifica\u00e7\u00e3o de mudan\u00e7as de longo prazo nas comunidades em estudo;<\/li><li>Verifica\u00e7\u00e3o da necessidade de medidas de manejo, como o repovoamento com esp\u00e9cies nativas, por exemplo;<\/li><li>Verifica\u00e7\u00e3o da influ\u00eancia de empreendimentos de piscicultura sobre a ictiofauna em reservat\u00f3rios que venham a comport\u00e1-los;<\/li><li>Verifica\u00e7\u00e3o da influ\u00eancia de repovoamentos por terceiros (prefeituras e entidades diversas) na ictiofauna;<\/li><li>Produ\u00e7\u00e3o de relat\u00f3rios anuais de monitoramento.<\/li><\/ul>\t\t\t\t\t\t\t\t<\/div>\n\t\t\t\t<\/div>\n\t\t\t\t<\/div>\n\t\t\t\t\t<\/details>\n\t\t\t\t\t\t<details id=\"e-n-accordion-item-1396\" class=\"e-n-accordion-item\" >\n\t\t\t\t<summary class=\"e-n-accordion-item-title\" data-accordion-index=\"7\" tabindex=\"-1\" aria-expanded=\"false\" aria-controls=\"e-n-accordion-item-1396\" >\n\t\t\t\t\t<span class='e-n-accordion-item-title-header'><div class=\"e-n-accordion-item-title-text\"> Cadastro ambiental rural <\/div><\/span>\n\t\t\t\t\t\t\t<span class='e-n-accordion-item-title-icon'>\n\t\t\t<span class='e-opened' ><i aria-hidden=\"true\" class=\"fas fa-minus\"><\/i><\/span>\n\t\t\t<span class='e-closed'><i aria-hidden=\"true\" class=\"fas fa-plus\"><\/i><\/span>\n\t\t<\/span>\n\n\t\t\t\t\t\t<\/summary>\n\t\t\t\t<div role=\"region\" aria-labelledby=\"e-n-accordion-item-1396\" class=\"elementor-element elementor-element-a087b88 e-flex e-con-boxed e-con e-child\" data-id=\"a087b88\" data-element_type=\"container\" data-e-type=\"container\">\n\t\t\t\t\t<div class=\"e-con-inner\">\n\t\t<div role=\"region\" aria-labelledby=\"e-n-accordion-item-1396\" class=\"elementor-element elementor-element-0561563 e-con-full e-flex e-con e-child\" data-id=\"0561563\" data-element_type=\"container\" data-e-type=\"container\">\n\t\t\t\t<div class=\"elementor-element elementor-element-ec7037f elementor-widget elementor-widget-text-editor\" data-id=\"ec7037f\" data-element_type=\"widget\" data-e-type=\"widget\" data-widget_type=\"text-editor.default\">\n\t\t\t\t<div class=\"elementor-widget-container\">\n\t\t\t\t\t\t\t\t\t<p><span data-teams=\"true\">A Copel apoia os propriet\u00e1rios no cadastramento de suas propriedades no SICAR. Para maiores informa\u00e7\u00f5es, consulte <a href=\"https:\/\/www.copel.com\/site\/copel-geracao\/cadastro-ambiental-rural-car\/\">aqui<\/a>.<\/span><\/p>\t\t\t\t\t\t\t\t<\/div>\n\t\t\t\t<\/div>\n\t\t\t\t<\/div>\n\t\t\t\t\t<\/div>\n\t\t\t\t<\/div>\n\t\t\t\t\t<\/details>\n\t\t\t\t\t\t<details id=\"reassentamentos\" class=\"e-n-accordion-item\" >\n\t\t\t\t<summary class=\"e-n-accordion-item-title\" data-accordion-index=\"8\" tabindex=\"-1\" aria-expanded=\"false\" aria-controls=\"reassentamentos\" >\n\t\t\t\t\t<span class='e-n-accordion-item-title-header'><div class=\"e-n-accordion-item-title-text\"> Reassentamentos <\/div><\/span>\n\t\t\t\t\t\t\t<span class='e-n-accordion-item-title-icon'>\n\t\t\t<span class='e-opened' ><i aria-hidden=\"true\" class=\"fas fa-minus\"><\/i><\/span>\n\t\t\t<span class='e-closed'><i aria-hidden=\"true\" class=\"fas fa-plus\"><\/i><\/span>\n\t\t<\/span>\n\n\t\t\t\t\t\t<\/summary>\n\t\t\t\t<div role=\"region\" aria-labelledby=\"reassentamentos\" class=\"elementor-element elementor-element-cde17cd e-flex e-con-boxed e-con e-child\" data-id=\"cde17cd\" data-element_type=\"container\" data-e-type=\"container\">\n\t\t\t\t\t<div class=\"e-con-inner\">\n\t\t\t\t<div class=\"elementor-element elementor-element-84aacac elementor-widget elementor-widget-text-editor\" data-id=\"84aacac\" data-element_type=\"widget\" data-e-type=\"widget\" data-widget_type=\"text-editor.default\">\n\t\t\t\t<div class=\"elementor-widget-container\">\n\t\t\t\t\t\t\t\t\t<p>Em continuidade \u00e0s a\u00e7\u00f5es relacionadas ao licenciamento ambiental da Usina, a Copel contratou a empresa CSA Consultoria Socioambiental para realizar um estudo destinado \u00e0 atualiza\u00e7\u00e3o dos dados de avalia\u00e7\u00e3o de impacto social do Projeto de Reassentamento Rural da Usina Hidrel\u00e9trica Governador Ney Braga (UHE GNB), bem como para executar um programa de comunica\u00e7\u00e3o junto aos reassentados. O trabalho em campo come\u00e7a em fevereiro de 2026.<\/p><p>O estudo de avalia\u00e7\u00e3o de impacto social tem como objetivo apresentar um parecer conclusivo sobre a situa\u00e7\u00e3o dos reassentamentos, fundamentado na percep\u00e7\u00e3o e experi\u00eancia dos pr\u00f3prios moradores. Para essa avalia\u00e7\u00e3o, ser\u00e3o entrevistados os reassentados que permaneceram nos lotes ou, na aus\u00eancia destes, seus herdeiros diretos que atualmente residem na \u00e1rea. Com o prop\u00f3sito de ampliar a compreens\u00e3o sobre as transforma\u00e7\u00f5es ocorridas ao longo dos anos, tamb\u00e9m ser\u00e3o entrevistados moradores que adquiriram lotes posteriormente e que hoje vivem na regi\u00e3o.<\/p><p>O resultado final do estudo dever\u00e1 apresentar a atualiza\u00e7\u00e3o do n\u00famero de fam\u00edlias em cada reassentamento, o grau de satisfa\u00e7\u00e3o dos moradores, aspectos produtivos, condi\u00e7\u00f5es das infraestruturas, situa\u00e7\u00e3o das organiza\u00e7\u00f5es comunit\u00e1rias, entre outros elementos que permitam uma an\u00e1lise hist\u00f3rica e abrangente da implanta\u00e7\u00e3o dos reassentamentos e de seus impactos at\u00e9 o momento atual.<\/p><p>Al\u00e9m da elabora\u00e7\u00e3o do estudo de impacto, ter\u00e3o in\u00edcio, em 2026, as a\u00e7\u00f5es de engajamento junto aos reassentados e \u00e0s suas formas de organiza\u00e7\u00e3o coletiva. A interlocu\u00e7\u00e3o com as associa\u00e7\u00f5es ter\u00e1 como objetivo mediar os interesses dos reassentados junto \u00e0 gest\u00e3o municipal, \u00e0 pr\u00f3pria Copel e a outras institui\u00e7\u00f5es.<\/p><p>A equipe respons\u00e1vel pela condu\u00e7\u00e3o do estudo dever\u00e1 estar devidamente identificada, e n\u00e3o faz parte do escopo das entrevistas a solicita\u00e7\u00e3o de documentos pessoais.<\/p><p>O trabalho ter\u00e1 dura\u00e7\u00e3o de tr\u00eas anos, organizado em campanhas anuais, e a agenda de encontros ser\u00e1 constru\u00edda em conjunto com as lideran\u00e7as das associa\u00e7\u00f5es representativas.<\/p>\t\t\t\t\t\t\t\t<\/div>\n\t\t\t\t<\/div>\n\t\t\t\t\t<\/div>\n\t\t\t\t<\/div>\n\t\t\t\t\t<\/details>\n\t\t\t\t\t<\/div>\n\t\t\t\t\t\t<\/div>\n\t\t\t\t<\/div>\n\t\t\t\t<div class=\"elementor-element elementor-element-5ed1788 text-content elementor-widget elementor-widget-text-editor\" data-id=\"5ed1788\" data-element_type=\"widget\" data-e-type=\"widget\" data-widget_type=\"text-editor.default\">\n\t\t\t\t<div class=\"elementor-widget-container\">\n\t\t\t\t\t\t\t\t\t<p><a href=\"https:\/\/copel0.sharepoint.com\/:f:\/s\/documentos-site-copel\/Em1F3stD2gpPuUeY0M8w3SUBLv46jeHOZJsbMwhpUF-ZaA?e=FsEtaa\"><strong>Licenciamento e Estudos ambientais\u00a0 &#8211;\u00a0 clique aqui para acessar os documentos<\/strong><\/a><\/p>\t\t\t\t\t\t\t\t<\/div>\n\t\t\t\t<\/div>\n\t\t\t\t<\/div>\n\t\t<div id=\"e-n-tab-content-1582436783\" role=\"tabpanel\" aria-labelledby=\"e-n-tab-title-1582436783\" data-tab-index=\"3\" style=\"--n-tabs-title-order: 3;\" class=\" elementor-element elementor-element-eba7726 e-flex e-con-boxed e-con e-child\" data-id=\"eba7726\" data-element_type=\"container\" data-e-type=\"container\">\n\t\t\t\t\t<div class=\"e-con-inner\">\n\t\t\t\t<div class=\"elementor-element elementor-element-4a8c3ce elementor-widget elementor-widget-text-editor\" data-id=\"4a8c3ce\" data-element_type=\"widget\" data-e-type=\"widget\" data-widget_type=\"text-editor.default\">\n\t\t\t\t<div class=\"elementor-widget-container\">\n\t\t\t\t\t\t\t\t\t<div><div>As barragens s\u00e3o estruturas importantes para o neg\u00f3cio da Companhia, pois concentram a maior parte da capacidade de gera\u00e7\u00e3o de energia.<\/div><div>\u00a0<\/div><\/div><div>\u00c9 importante salientar que as barragens de usinas hidrel\u00e9tricas possuem padr\u00f5es construtivos e crit\u00e9rios de seguran\u00e7a bem consolidados e que a verifica\u00e7\u00e3o da seguran\u00e7a \u00e9 realizada em todas as fases \u2013 projeto, constru\u00e7\u00e3o e opera\u00e7\u00e3o. No entanto, como em qualquer obra de engenharia, apresentam risco intr\u00ednseco associado a diferentes fatores, internos ou externos.<\/div><div>\u00a0<\/div><div>A fim de mitigar riscos e garantir a integridade das barragens sob sua responsabilidade, a Copel atua de forma preventiva por meio de crit\u00e9rios e procedimentos alinhados \u00e0s melhores pr\u00e1ticas de engenharia e \u00e0 legisla\u00e7\u00e3o vigente. As usinas hidrel\u00e9tricas possuem Plano de Seguran\u00e7a de Barragem (PSB) e o Plano de A\u00e7\u00e3o de Emerg\u00eancia (PAE), em conformidade com os par\u00e2metros legais.<\/div><div>\u00a0<\/div><div>Em atendimento \u00e0 Lei de Seguran\u00e7a de Barragens, segue o\u00a0<span style=\"text-decoration: underline;\"><b>Cronograma de Implanta\u00e7\u00e3o do Plano de A\u00e7\u00e3o de Emerg\u00eancia<\/b><\/span>:<\/div><div>\u00a0<\/div><p><strong>Programa\u00e7\u00e3o:\u00a0<\/strong><span class=\"ui-provider a b c d e f g h i j k l m n o p q r s t u v w x y z ab ac ae af ag ah ai aj ak\" dir=\"ltr\">de 1\u00ba\/7\/24 a 6\/7\/24<\/span><\/p><p><strong>Munic\u00edpios:<\/strong> Foz do Jord\u00e3o, Mangueirinha e Reserva do Igua\u00e7u<\/p><p><strong>Atividades previstas:<\/strong><\/p><ul><li><span class=\"ui-provider a b c d e f g h i j k l m n o p q r s t u v w x y z ab ac ae af ag ah ai aj ak\" dir=\"ltr\">Levantamento cadastral da ZAS \u2013 Zona de autossalvamento, regi\u00e3o mais pr\u00f3xima da usina, logo abaixo da barragem. (Copel, Defesas Civis Municipais e Geometrisa Servi\u00e7os de Engenharia).<\/span><\/li><li><span class=\"ui-provider a b c d e f g h i j k l m n o p q r s t u v w x y z ab ac ae af ag ah ai aj ak\" dir=\"ltr\">Implanta\u00e7\u00e3o do projeto de sinaliza\u00e7\u00e3o (Copel, Defesas Civis Municipais e Geometrisa Servi\u00e7os de Engenharia).<\/span><\/li><li>Treinamentos e simulados (Copel, Geometrisa Servi\u00e7os de Engenharia e convidados: Defesa Civil Estadual, Defesa Civil Regional e Defesas Civis Municipais).<i><\/i><span class=\"ui-provider a b c d e f g h i j k l m n o p q r s t u v w x y z ab ac ae af ag ah ai aj ak\" dir=\"ltr\">\u00a0<\/span><ul><li>Simulado de Mesa\u00a0<\/li><li>Simulado de Evacua\u00e7\u00e3o Interno na usina<\/li><li>Simulado de Evacua\u00e7\u00e3o Externo com a comunidade (ZAS).<\/li><\/ul><\/li><\/ul><p>*A Copel contratou a empresa Geometrisa Servi\u00e7os de Engenharia Ltda para realizar as atividades em campo.<\/p>\t\t\t\t\t\t\t\t<\/div>\n\t\t\t\t<\/div>\n\t\t\t\t<div class=\"elementor-element elementor-element-81e1c91 elementor-widget elementor-widget-heading\" data-id=\"81e1c91\" data-element_type=\"widget\" data-e-type=\"widget\" data-widget_type=\"heading.default\">\n\t\t\t\t<div class=\"elementor-widget-container\">\n\t\t\t\t\t<h5 class=\"elementor-heading-title elementor-size-default\"><a href=\"https:\/\/copel0.sharepoint.com\/:f:\/s\/documentos-site-copel\/EtrDXlX6oeNDoaxjgBywj8cBsuH7wHq5KQJZBtmFCfEDYw?e=VKAcGV\">Clique aqui para acessar o Plano de A\u00e7\u00e3o de Emerg\u00eancia<\/a><\/h5>\t\t\t\t<\/div>\n\t\t\t\t<\/div>\n\t\t\t\t\t<\/div>\n\t\t\t\t<\/div>\n\t\t<div id=\"e-n-tab-content-1582436784\" role=\"tabpanel\" aria-labelledby=\"obras-ampliacao\" data-tab-index=\"4\" style=\"--n-tabs-title-order: 4;\" class=\" elementor-element elementor-element-1190a53 e-flex e-con-boxed e-con e-child\" data-id=\"1190a53\" data-element_type=\"container\" data-e-type=\"container\">\n\t\t\t\t\t<div class=\"e-con-inner\">\n\t\t<div class=\"elementor-element elementor-element-3757383 e-con-full e-flex e-con e-child\" data-id=\"3757383\" data-element_type=\"container\" data-e-type=\"container\">\n\t\t\t\t<div class=\"elementor-element elementor-element-8886043 elementor-widget elementor-widget-text-editor\" data-id=\"8886043\" data-element_type=\"widget\" data-e-type=\"widget\" data-widget_type=\"text-editor.default\">\n\t\t\t\t<div class=\"elementor-widget-container\">\n\t\t\t\t\t\t\t\t\t<div data-ogsc=\"rgb(0, 0, 0)\" data-olk-copy-source=\"MessageBody\">A Usina Ney Braga, conhecida como Usina Segredo, atualmente \u00e9 a segunda maior hidrel\u00e9trica da Copel em pot\u00eancia instalada (possui capacidade de 1.260 MW). Com a obra de amplia\u00e7\u00e3o, ela vai passar a ter 2.526 MW, dobrando a capacidade de gerar de energia limpa e renov\u00e1vel, sem a necessidade de desapropriar nem alagar novas \u00e1reas, mantendo o reservat\u00f3rio como est\u00e1 atualmente. Esse incremento colocar\u00e1 Segredo entre as 10 maiores hidrel\u00e9tricas do pa\u00eds.\u00a0<\/div><div class=\"x_elementToProof\" data-ogsc=\"rgb(0, 0, 0)\">\u00a0<\/div><div class=\"x_elementToProof\" data-ogsc=\"rgb(0, 0, 0)\">Para aumentar a capacidade de gera\u00e7\u00e3o de energia, a engenharia da Copel desenvolveu um projeto prevendo uma segunda casa de for\u00e7a a ser constru\u00edda pr\u00f3ximo \u00e0 existente, em \u00e1rea que j\u00e1 pertence \u00e0 empresa, para abrigar os novos conjuntos de turbinas e geradores. T\u00faneis escavados na d\u00e9cada de 80 para desviar o rio e possibilitar a constru\u00e7\u00e3o da barragem, inutilizados atualmente, ser\u00e3o reaproveitados para levar a \u00e1gua do reservat\u00f3rio j\u00e1 formado at\u00e9 as novas turbinas. Isso evitar\u00e1 o impacto em vegeta\u00e7\u00e3o nativa e, tamb\u00e9m, a interfer\u00eancia na rodovia PR-459, que passa sobre a barragem.<\/div><div class=\"x_elementToProof\" data-ogsc=\"rgb(0, 0, 0)\">\u00a0<\/div><div class=\"x_elementToProof\" data-ogsc=\"rgb(0, 0, 0)\">Ser\u00e1 realizada, ainda, a instala\u00e7\u00e3o de uma nova linha de transmiss\u00e3o de energia operando em 500 kV, com 1,5 km de extens\u00e3o, para levar a energia da nova casa de for\u00e7a at\u00e9 a subesta\u00e7\u00e3o Segredo, que tamb\u00e9m ser\u00e1 ampliada. Est\u00e1 prevista tamb\u00e9m reforma na Esta\u00e7\u00e3o Experimental de Estudos Ictiol\u00f3gicos, onde acontece a reprodu\u00e7\u00e3o em cativeiro de peixes nativos do Igua\u00e7u para a\u00e7\u00f5es de repovoamento dos reservat\u00f3rios da Copel. As obras come\u00e7am em abril de 2026 e a entrada em opera\u00e7\u00e3o ir\u00e1 ocorrer at\u00e9 1\u00ba de agosto de 2030.<\/div>\t\t\t\t\t\t\t\t<\/div>\n\t\t\t\t<\/div>\n\t\t\t\t<div class=\"elementor-element elementor-element-050c5d5 elementor-widget elementor-widget-heading\" data-id=\"050c5d5\" data-element_type=\"widget\" data-e-type=\"widget\" data-widget_type=\"heading.default\">\n\t\t\t\t<div class=\"elementor-widget-container\">\n\t\t\t\t\t<h4 class=\"elementor-heading-title elementor-size-default\">Projeto de amplia\u00e7\u00e3o (Documenta\u00e7\u00e3o)<\/h4>\t\t\t\t<\/div>\n\t\t\t\t<\/div>\n\t\t\t\t<div class=\"elementor-element elementor-element-15a2aa8 elementor-icon-list--layout-traditional elementor-list-item-link-full_width elementor-widget elementor-widget-icon-list\" data-id=\"15a2aa8\" data-element_type=\"widget\" data-e-type=\"widget\" data-widget_type=\"icon-list.default\">\n\t\t\t\t<div class=\"elementor-widget-container\">\n\t\t\t\t\t\t\t<ul class=\"elementor-icon-list-items\">\n\t\t\t\t\t\t\t<li class=\"elementor-icon-list-item\">\n\t\t\t\t\t\t\t\t\t\t\t<a href=\"https:\/\/copel0.sharepoint.com\/:f:\/s\/documentos-site-copel\/EoJeKoAQRvRHo_ltd5AGZ7IBGKy_wwdlZtkhj5jc0QsIww?e=kesMau\" target=\"_blank\">\n\n\t\t\t\t\t\t\t\t\t\t\t\t<span class=\"elementor-icon-list-icon\">\n\t\t\t\t\t\t\t<svg xmlns=\"http:\/\/www.w3.org\/2000\/svg\" width=\"28\" height=\"28\" viewBox=\"0 0 28 28\"><g id=\"arrow-laranja\" transform=\"translate(0 28) rotate(-90)\"><path id=\"arrow-down\" d=\"M14.709,38.024l-.547-.547a.332.332,0,0,0-.47,0L9.409,41.76V32.331A.332.332,0,0,0,9.077,32H8.3a.332.332,0,0,0-.331.331V41.76L3.689,37.477a.332.332,0,0,0-.47,0l-.547.547a.332.332,0,0,0,0,.47l5.783,5.783a.332.332,0,0,0,.47,0l5.783-5.783A.332.332,0,0,0,14.709,38.024Z\" transform=\"translate(5.194 -24.187)\" fill=\"#ff750c\"><\/path><rect id=\"Ret&#xE2;ngulo_813\" data-name=\"Ret&#xE2;ngulo 813\" width=\"28\" height=\"28\" fill=\"none\"><\/rect><\/g><\/svg>\t\t\t\t\t\t<\/span>\n\t\t\t\t\t\t\t\t\t\t<span class=\"elementor-icon-list-text\">Relat\u00f3rio Ambiental Simplificado<\/span>\n\t\t\t\t\t\t\t\t\t\t\t<\/a>\n\t\t\t\t\t\t\t\t\t<\/li>\n\t\t\t\t\t\t\t\t<li class=\"elementor-icon-list-item\">\n\t\t\t\t\t\t\t\t\t\t\t<a href=\"https:\/\/copel0.sharepoint.com\/:f:\/s\/documentos-site-copel\/El-iq5K-dG5EqTgdphefbEsBHaY4WPFhoPGtpD9781zfow?e=cZRATd\" target=\"_blank\">\n\n\t\t\t\t\t\t\t\t\t\t\t\t<span class=\"elementor-icon-list-icon\">\n\t\t\t\t\t\t\t<svg xmlns=\"http:\/\/www.w3.org\/2000\/svg\" width=\"28\" height=\"28\" viewBox=\"0 0 28 28\"><g id=\"arrow-laranja\" transform=\"translate(0 28) rotate(-90)\"><path id=\"arrow-down\" d=\"M14.709,38.024l-.547-.547a.332.332,0,0,0-.47,0L9.409,41.76V32.331A.332.332,0,0,0,9.077,32H8.3a.332.332,0,0,0-.331.331V41.76L3.689,37.477a.332.332,0,0,0-.47,0l-.547.547a.332.332,0,0,0,0,.47l5.783,5.783a.332.332,0,0,0,.47,0l5.783-5.783A.332.332,0,0,0,14.709,38.024Z\" transform=\"translate(5.194 -24.187)\" fill=\"#ff750c\"><\/path><rect id=\"Ret&#xE2;ngulo_813\" data-name=\"Ret&#xE2;ngulo 813\" width=\"28\" height=\"28\" fill=\"none\"><\/rect><\/g><\/svg>\t\t\t\t\t\t<\/span>\n\t\t\t\t\t\t\t\t\t\t<span class=\"elementor-icon-list-text\">Protocolo da Licen\u00e7a Pr\u00e9via no SGA\u00a0<\/span>\n\t\t\t\t\t\t\t\t\t\t\t<\/a>\n\t\t\t\t\t\t\t\t\t<\/li>\n\t\t\t\t\t\t\t\t<li class=\"elementor-icon-list-item\">\n\t\t\t\t\t\t\t\t\t\t\t<a href=\"https:\/\/copel0.sharepoint.com\/:f:\/s\/documentos-site-copel\/EqGyyi5MH2BBvBZ_dZEmN14BKtfXOw0bq7ib_vp26PZPlQ?e=UcFPD2\" target=\"_blank\">\n\n\t\t\t\t\t\t\t\t\t\t\t\t<span class=\"elementor-icon-list-icon\">\n\t\t\t\t\t\t\t<svg xmlns=\"http:\/\/www.w3.org\/2000\/svg\" width=\"28\" height=\"28\" viewBox=\"0 0 28 28\"><g id=\"arrow-laranja\" transform=\"translate(0 28) rotate(-90)\"><path id=\"arrow-down\" d=\"M14.709,38.024l-.547-.547a.332.332,0,0,0-.47,0L9.409,41.76V32.331A.332.332,0,0,0,9.077,32H8.3a.332.332,0,0,0-.331.331V41.76L3.689,37.477a.332.332,0,0,0-.47,0l-.547.547a.332.332,0,0,0,0,.47l5.783,5.783a.332.332,0,0,0,.47,0l5.783-5.783A.332.332,0,0,0,14.709,38.024Z\" transform=\"translate(5.194 -24.187)\" fill=\"#ff750c\"><\/path><rect id=\"Ret&#xE2;ngulo_813\" data-name=\"Ret&#xE2;ngulo 813\" width=\"28\" height=\"28\" fill=\"none\"><\/rect><\/g><\/svg>\t\t\t\t\t\t<\/span>\n\t\t\t\t\t\t\t\t\t\t<span class=\"elementor-icon-list-text\">Anu\u00eancias do Iphan para Usina, Linha de Transmiss\u00e3o e Subesta\u00e7\u00e3o<\/span>\n\t\t\t\t\t\t\t\t\t\t\t<\/a>\n\t\t\t\t\t\t\t\t\t<\/li>\n\t\t\t\t\t\t\t\t<li class=\"elementor-icon-list-item\">\n\t\t\t\t\t\t\t\t\t\t\t<a href=\"https:\/\/copel0.sharepoint.com\/:f:\/s\/documentos-site-copel\/EtdNde_ZH-BHpHa_NMKe8GUBHNUTolLN7tqUjt-SyeDiug?e=NDFped\" target=\"_blank\">\n\n\t\t\t\t\t\t\t\t\t\t\t\t<span class=\"elementor-icon-list-icon\">\n\t\t\t\t\t\t\t<svg xmlns=\"http:\/\/www.w3.org\/2000\/svg\" width=\"28\" height=\"28\" viewBox=\"0 0 28 28\"><g id=\"arrow-laranja\" transform=\"translate(0 28) rotate(-90)\"><path id=\"arrow-down\" d=\"M14.709,38.024l-.547-.547a.332.332,0,0,0-.47,0L9.409,41.76V32.331A.332.332,0,0,0,9.077,32H8.3a.332.332,0,0,0-.331.331V41.76L3.689,37.477a.332.332,0,0,0-.47,0l-.547.547a.332.332,0,0,0,0,.47l5.783,5.783a.332.332,0,0,0,.47,0l5.783-5.783A.332.332,0,0,0,14.709,38.024Z\" transform=\"translate(5.194 -24.187)\" fill=\"#ff750c\"><\/path><rect id=\"Ret&#xE2;ngulo_813\" data-name=\"Ret&#xE2;ngulo 813\" width=\"28\" height=\"28\" fill=\"none\"><\/rect><\/g><\/svg>\t\t\t\t\t\t<\/span>\n\t\t\t\t\t\t\t\t\t\t<span class=\"elementor-icon-list-text\">Certid\u00f5es Municipais de Uso e Ocupa\u00e7\u00e3o do Solo<\/span>\n\t\t\t\t\t\t\t\t\t\t\t<\/a>\n\t\t\t\t\t\t\t\t\t<\/li>\n\t\t\t\t\t\t\t\t<li class=\"elementor-icon-list-item\">\n\t\t\t\t\t\t\t\t\t\t\t<a href=\"https:\/\/copel0.sharepoint.com\/:f:\/s\/documentos-site-copel\/EqOYvqSpZshEuBOYD8ETfTQBc-PxRHEUVkx4CqRs8l3RoQ?e=QaCcPd\" target=\"_blank\">\n\n\t\t\t\t\t\t\t\t\t\t\t\t<span class=\"elementor-icon-list-icon\">\n\t\t\t\t\t\t\t<svg xmlns=\"http:\/\/www.w3.org\/2000\/svg\" width=\"28\" height=\"28\" viewBox=\"0 0 28 28\"><g id=\"arrow-laranja\" transform=\"translate(0 28) rotate(-90)\"><path id=\"arrow-down\" d=\"M14.709,38.024l-.547-.547a.332.332,0,0,0-.47,0L9.409,41.76V32.331A.332.332,0,0,0,9.077,32H8.3a.332.332,0,0,0-.331.331V41.76L3.689,37.477a.332.332,0,0,0-.47,0l-.547.547a.332.332,0,0,0,0,.47l5.783,5.783a.332.332,0,0,0,.47,0l5.783-5.783A.332.332,0,0,0,14.709,38.024Z\" transform=\"translate(5.194 -24.187)\" fill=\"#ff750c\"><\/path><rect id=\"Ret&#xE2;ngulo_813\" data-name=\"Ret&#xE2;ngulo 813\" width=\"28\" height=\"28\" fill=\"none\"><\/rect><\/g><\/svg>\t\t\t\t\t\t<\/span>\n\t\t\t\t\t\t\t\t\t\t<span class=\"elementor-icon-list-text\">Outorga de Direito de Uso de Recursos H\u00eddricos<\/span>\n\t\t\t\t\t\t\t\t\t\t\t<\/a>\n\t\t\t\t\t\t\t\t\t<\/li>\n\t\t\t\t\t\t\t\t<li class=\"elementor-icon-list-item\">\n\t\t\t\t\t\t\t\t\t\t\t<a href=\"https:\/\/copel0.sharepoint.com\/:f:\/s\/documentos-site-copel\/Ep4BN9VbYKNFvoCdjRw7sHwBDB6RFg52_N__L7DCztSHxg?e=qoqFlf\" target=\"_blank\">\n\n\t\t\t\t\t\t\t\t\t\t\t\t<span class=\"elementor-icon-list-icon\">\n\t\t\t\t\t\t\t<svg xmlns=\"http:\/\/www.w3.org\/2000\/svg\" width=\"28\" height=\"28\" viewBox=\"0 0 28 28\"><g id=\"arrow-laranja\" transform=\"translate(0 28) rotate(-90)\"><path id=\"arrow-down\" d=\"M14.709,38.024l-.547-.547a.332.332,0,0,0-.47,0L9.409,41.76V32.331A.332.332,0,0,0,9.077,32H8.3a.332.332,0,0,0-.331.331V41.76L3.689,37.477a.332.332,0,0,0-.47,0l-.547.547a.332.332,0,0,0,0,.47l5.783,5.783a.332.332,0,0,0,.47,0l5.783-5.783A.332.332,0,0,0,14.709,38.024Z\" transform=\"translate(5.194 -24.187)\" fill=\"#ff750c\"><\/path><rect id=\"Ret&#xE2;ngulo_813\" data-name=\"Ret&#xE2;ngulo 813\" width=\"28\" height=\"28\" fill=\"none\"><\/rect><\/g><\/svg>\t\t\t\t\t\t<\/span>\n\t\t\t\t\t\t\t\t\t\t<span class=\"elementor-icon-list-text\">Aprova\u00e7\u00e3o do Projeto B\u00e1sico do Projeto de Amplia\u00e7\u00e3o da Usina<\/span>\n\t\t\t\t\t\t\t\t\t\t\t<\/a>\n\t\t\t\t\t\t\t\t\t<\/li>\n\t\t\t\t\t\t\t\t<li class=\"elementor-icon-list-item\">\n\t\t\t\t\t\t\t\t\t\t\t<a href=\"https:\/\/copel0.sharepoint.com\/:b:\/s\/documentos-site-copel\/Ea3NyZjCmZxCu3VcpsUoYEQBHcZdlJfaqDnp0AR5QtonSA?e=2Jk4Mk\" target=\"_blank\">\n\n\t\t\t\t\t\t\t\t\t\t\t\t<span class=\"elementor-icon-list-icon\">\n\t\t\t\t\t\t\t<svg xmlns=\"http:\/\/www.w3.org\/2000\/svg\" width=\"28\" height=\"28\" viewBox=\"0 0 28 28\"><g id=\"arrow-laranja\" transform=\"translate(0 28) rotate(-90)\"><path id=\"arrow-down\" d=\"M14.709,38.024l-.547-.547a.332.332,0,0,0-.47,0L9.409,41.76V32.331A.332.332,0,0,0,9.077,32H8.3a.332.332,0,0,0-.331.331V41.76L3.689,37.477a.332.332,0,0,0-.47,0l-.547.547a.332.332,0,0,0,0,.47l5.783,5.783a.332.332,0,0,0,.47,0l5.783-5.783A.332.332,0,0,0,14.709,38.024Z\" transform=\"translate(5.194 -24.187)\" fill=\"#ff750c\"><\/path><rect id=\"Ret&#xE2;ngulo_813\" data-name=\"Ret&#xE2;ngulo 813\" width=\"28\" height=\"28\" fill=\"none\"><\/rect><\/g><\/svg>\t\t\t\t\t\t<\/span>\n\t\t\t\t\t\t\t\t\t\t<span class=\"elementor-icon-list-text\">Licen\u00e7a Ambiental Pr\u00e9via<\/span>\n\t\t\t\t\t\t\t\t\t\t\t<\/a>\n\t\t\t\t\t\t\t\t\t<\/li>\n\t\t\t\t\t\t<\/ul>\n\t\t\t\t\t\t<\/div>\n\t\t\t\t<\/div>\n\t\t\t\t<\/div>\n\t\t\t\t\t<\/div>\n\t\t\t\t<\/div>\n\t\t<div id=\"e-n-tab-content-1582436785\" role=\"tabpanel\" aria-labelledby=\"e-n-tab-title-1582436785\" data-tab-index=\"5\" style=\"--n-tabs-title-order: 5;\" class=\" elementor-element elementor-element-9cbe653 e-con-full e-flex e-con e-child\" data-id=\"9cbe653\" data-element_type=\"container\" data-e-type=\"container\">\n\t\t\t\t<div class=\"elementor-element elementor-element-2884be3 elementor-icon-list--layout-traditional elementor-list-item-link-full_width elementor-widget elementor-widget-icon-list\" data-id=\"2884be3\" data-element_type=\"widget\" data-e-type=\"widget\" data-widget_type=\"icon-list.default\">\n\t\t\t\t<div class=\"elementor-widget-container\">\n\t\t\t\t\t\t\t<ul class=\"elementor-icon-list-items\">\n\t\t\t\t\t\t\t<li class=\"elementor-icon-list-item\">\n\t\t\t\t\t\t\t\t\t\t\t<a href=\"\/site\/copel-geracao\/contato\/\">\n\n\t\t\t\t\t\t\t\t\t\t\t\t<span class=\"elementor-icon-list-icon\">\n\t\t\t\t\t\t\t<i aria-hidden=\"true\" class=\"fab fa-wpforms\"><\/i>\t\t\t\t\t\t<\/span>\n\t\t\t\t\t\t\t\t\t\t<span class=\"elementor-icon-list-text\">Formul\u00e1rio de Contato<\/span>\n\t\t\t\t\t\t\t\t\t\t\t<\/a>\n\t\t\t\t\t\t\t\t\t<\/li>\n\t\t\t\t\t\t\t\t<li class=\"elementor-icon-list-item\">\n\t\t\t\t\t\t\t\t\t\t\t<a href=\"https:\/\/wa.me\/5541991377838\">\n\n\t\t\t\t\t\t\t\t\t\t\t\t<span class=\"elementor-icon-list-icon\">\n\t\t\t\t\t\t\t<i aria-hidden=\"true\" class=\"fab fa-whatsapp\"><\/i>\t\t\t\t\t\t<\/span>\n\t\t\t\t\t\t\t\t\t\t<span class=\"elementor-icon-list-text\">WhatsApp exclusivo para usinas<\/span>\n\t\t\t\t\t\t\t\t\t\t\t<\/a>\n\t\t\t\t\t\t\t\t\t<\/li>\n\t\t\t\t\t\t\t\t<li class=\"elementor-icon-list-item\">\n\t\t\t\t\t\t\t\t\t\t\t<span class=\"elementor-icon-list-icon\">\n\t\t\t\t\t\t\t<i aria-hidden=\"true\" class=\"fas fa-phone-alt\"><\/i>\t\t\t\t\t\t<\/span>\n\t\t\t\t\t\t\t\t\t\t<span class=\"elementor-icon-list-text\">Emerg\u00eancias em usinas - 0800 644 5445<\/span>\n\t\t\t\t\t\t\t\t\t<\/li>\n\t\t\t\t\t\t<\/ul>\n\t\t\t\t\t\t<\/div>\n\t\t\t\t<\/div>\n\t\t\t\t<\/div>\n\t\t\t\t\t<\/div>\n\t\t<\/div>\n\t\t\t\t\t\t<\/div>\n\t\t\t\t<\/div>\n\t\t\t\t<div class=\"elementor-element elementor-element-84b97fd elementor-widget elementor-widget-image\" data-id=\"84b97fd\" data-element_type=\"widget\" data-e-type=\"widget\" data-widget_type=\"image.default\">\n\t\t\t\t<div class=\"elementor-widget-container\">\n\t\t\t\t\t\t\t\t\t\t\t\t\t\t\t<img fetchpriority=\"high\" decoding=\"async\" width=\"800\" height=\"532\" src=\"https:\/\/www.copel.com\/site\/wp-content\/uploads\/2022\/03\/UHE-Gov-Ney-Braga-Segredo-1024x681-1.jpg\" class=\"attachment-large size-large wp-image-23008\" alt=\"\" srcset=\"https:\/\/www.copel.com\/site\/wp-content\/uploads\/2022\/03\/UHE-Gov-Ney-Braga-Segredo-1024x681-1.jpg 1024w, https:\/\/www.copel.com\/site\/wp-content\/uploads\/2022\/03\/UHE-Gov-Ney-Braga-Segredo-1024x681-1-300x200.jpg 300w, https:\/\/www.copel.com\/site\/wp-content\/uploads\/2022\/03\/UHE-Gov-Ney-Braga-Segredo-1024x681-1-768x511.jpg 768w\" sizes=\"(max-width: 800px) 100vw, 800px\" \/>\t\t\t\t\t\t\t\t\t\t\t\t\t\t\t<\/div>\n\t\t\t\t<\/div>\n\t\t\t\t<div class=\"elementor-element elementor-element-3912558 elementor-widget elementor-widget-html\" data-id=\"3912558\" data-element_type=\"widget\" data-e-type=\"widget\" data-widget_type=\"html.default\">\n\t\t\t\t<div class=\"elementor-widget-container\">\n\t\t\t\t\t<script>\r\n(function() {\r\n    const handleHashChange = () => {\r\n        const hash = window.location.hash;\r\n        let attempts = 0;\r\n\r\n        if (hash === '#abrir-reassentamentos') {\r\n            const interval = setInterval(() => {\r\n                const mainTab = document.querySelector('#licenciamento');\r\n                const accordionContent = document.querySelector('#reassentamentos');\r\n                attempts++;\r\n\r\n                if (mainTab && accordionContent) {\r\n                    clearInterval(interval);\r\n                    mainTab.click(); \/\/ Abre a aba principal 'Licenciamento'\r\n\r\n                    setTimeout(() => {\r\n                        const accordionButton = document.querySelector('summary[aria-controls=\"reassentamentos\"]');\r\n                        if (accordionButton) {\r\n                            if (accordionButton.getAttribute('aria-expanded') === 'false') {\r\n                                accordionButton.click(); \/\/ Expande o acorde\u00e3o 'Reassentamentos'\r\n                            }\r\n                            \/\/ Rola at\u00e9 o item\r\n                            setTimeout(() => {\r\n                                const yOffset = -120;\r\n                                const y = accordionButton.getBoundingClientRect().top + window.pageYOffset + yOffset;\r\n                                window.scrollTo({ top: y, behavior: 'smooth' });\r\n                            }, 300);\r\n                        }\r\n                    }, 400);\r\n                } else if (attempts > 40) {\r\n                    clearInterval(interval);\r\n                }\r\n            }, 250);\r\n\r\n        } else if (hash === '#obras-ampliacao') {\r\n            const interval = setInterval(() => {\r\n                const targetTab = document.querySelector('#obras-ampliacao'); \/\/ Procura a aba alvo\r\n                attempts++;\r\n\r\n                if (targetTab) {\r\n                    clearInterval(interval);\r\n                    targetTab.click(); \/\/ Clica diretamente na aba 'Obras Amplia\u00e7\u00e3o'\r\n\r\n                    \/\/ Rola a p\u00e1gina at\u00e9 a aba\r\n                    setTimeout(() => {\r\n                        const yOffset = -120;\r\n                        const y = targetTab.getBoundingClientRect().top + window.pageYOffset + yOffset;\r\n                        window.scrollTo({ top: y, behavior: 'smooth' });\r\n                    }, 300);\r\n                } else if (attempts > 40) {\r\n                    clearInterval(interval);\r\n                }\r\n            }, 250);\r\n        }\r\n    };\r\n\r\n    window.addEventListener('load', handleHashChange);\r\n    window.addEventListener('hashchange', handleHashChange);\r\n})();\r\n<\/script>\r\n\t\t\t\t<\/div>\n\t\t\t\t<\/div>\n\t\t\t\t\t<\/div>\n\t\t<\/div>\n\t\t\t\t\t<\/div>\n\t\t<\/section>\n\t\t\t\t<\/div>\n\t\t","protected":false},"excerpt":{"rendered":"<p>Usina Governador Ney Braga Copel investe em treinamentos de seguran\u00e7a para comunidades ribeirinhasCopel vence leil\u00e3o federal e vai aumentar em 33% a capacidade de gera\u00e7\u00e3o de energia Informa\u00e7\u00f5es T\u00e9cnicas Licenciamento Ambiental Seguran\u00e7a da Barragem Obras de Amplia\u00e7\u00e3o Contato A Usina Hidrel\u00e9trica Governador Ney Aminthas de Barros Braga \u00e9 a segunda usina da Copel em pot\u00eancia [&hellip;]<\/p>\n","protected":false},"author":6,"featured_media":0,"parent":22855,"menu_order":0,"comment_status":"closed","ping_status":"closed","template":"elementor_header_footer","meta":{"_acf_changed":false,"footnotes":""},"categories":[],"tags":[],"wf_page_folders":[509],"class_list":["post-12329","page","type-page","status-publish","hentry"],"acf":[],"aioseo_notices":[],"_links":{"self":[{"href":"https:\/\/www.copel.com\/site\/wp-json\/wp\/v2\/pages\/12329","targetHints":{"allow":["GET"]}}],"collection":[{"href":"https:\/\/www.copel.com\/site\/wp-json\/wp\/v2\/pages"}],"about":[{"href":"https:\/\/www.copel.com\/site\/wp-json\/wp\/v2\/types\/page"}],"author":[{"embeddable":true,"href":"https:\/\/www.copel.com\/site\/wp-json\/wp\/v2\/users\/6"}],"replies":[{"embeddable":true,"href":"https:\/\/www.copel.com\/site\/wp-json\/wp\/v2\/comments?post=12329"}],"version-history":[{"count":114,"href":"https:\/\/www.copel.com\/site\/wp-json\/wp\/v2\/pages\/12329\/revisions"}],"predecessor-version":[{"id":52778,"href":"https:\/\/www.copel.com\/site\/wp-json\/wp\/v2\/pages\/12329\/revisions\/52778"}],"up":[{"embeddable":true,"href":"https:\/\/www.copel.com\/site\/wp-json\/wp\/v2\/pages\/22855"}],"wp:attachment":[{"href":"https:\/\/www.copel.com\/site\/wp-json\/wp\/v2\/media?parent=12329"}],"wp:term":[{"taxonomy":"category","embeddable":true,"href":"https:\/\/www.copel.com\/site\/wp-json\/wp\/v2\/categories?post=12329"},{"taxonomy":"post_tag","embeddable":true,"href":"https:\/\/www.copel.com\/site\/wp-json\/wp\/v2\/tags?post=12329"},{"taxonomy":"wf_page_folders","embeddable":true,"href":"https:\/\/www.copel.com\/site\/wp-json\/wp\/v2\/wf_page_folders?post=12329"}],"curies":[{"name":"wp","href":"https:\/\/api.w.org\/{rel}","templated":true}]}}