{"id":12307,"date":"2021-05-10T11:19:59","date_gmt":"2021-05-10T14:19:59","guid":{"rendered":"https:\/\/hml.copel.com\/hpcweb\/?page_id=12307"},"modified":"2026-03-30T15:57:20","modified_gmt":"2026-03-30T18:57:20","slug":"usina-governador-bento-munhoz-da-rocha-netto","status":"publish","type":"page","link":"https:\/\/www.copel.com\/site\/copel-geracao\/usinas\/usina-governador-bento-munhoz-da-rocha-netto\/","title":{"rendered":"Usina Governador Bento Munhoz da Rocha Netto"},"content":{"rendered":"\t\t<div data-elementor-type=\"wp-page\" data-elementor-id=\"12307\" class=\"elementor elementor-12307\" data-elementor-post-type=\"page\">\n\t\t\t\t\t\t<section class=\"elementor-section elementor-top-section elementor-element elementor-element-73addfbd elementor-section-full_width imgDestaque elementor-section-content-middle elementor-section-height-default elementor-section-height-default\" data-id=\"73addfbd\" data-element_type=\"section\" data-e-type=\"section\" data-settings=\"{&quot;background_background&quot;:&quot;classic&quot;}\">\n\t\t\t\t\t\t\t<div class=\"elementor-background-overlay\"><\/div>\n\t\t\t\t\t\t\t<div class=\"elementor-container elementor-column-gap-default\">\n\t\t\t\t\t<div class=\"elementor-column elementor-col-100 elementor-top-column elementor-element elementor-element-465bfde2 box-destaque\" data-id=\"465bfde2\" data-element_type=\"column\" data-e-type=\"column\">\n\t\t\t<div class=\"elementor-widget-wrap elementor-element-populated\">\n\t\t\t\t\t\t<div class=\"elementor-element elementor-element-7e964a16 elementor-widget elementor-widget-heading\" data-id=\"7e964a16\" data-element_type=\"widget\" data-e-type=\"widget\" data-widget_type=\"heading.default\">\n\t\t\t\t<div class=\"elementor-widget-container\">\n\t\t\t\t\t<h1 class=\"elementor-heading-title elementor-size-default\">Usina Governador Bento Munhoz da Rocha Netto<\/h1>\t\t\t\t<\/div>\n\t\t\t\t<\/div>\n\t\t\t\t\t<\/div>\n\t\t<\/div>\n\t\t\t\t\t<\/div>\n\t\t<\/section>\n\t\t\t\t<section class=\"elementor-section elementor-top-section elementor-element elementor-element-67c4a5a2 elementor-section-full_width elementor-section-height-default elementor-section-height-default\" data-id=\"67c4a5a2\" data-element_type=\"section\" data-e-type=\"section\">\n\t\t\t\t\t\t<div class=\"elementor-container elementor-column-gap-default\">\n\t\t\t\t\t<div class=\"elementor-column elementor-col-33 elementor-top-column elementor-element elementor-element-1db996b2\" data-id=\"1db996b2\" data-element_type=\"column\" data-e-type=\"column\">\n\t\t\t<div class=\"elementor-widget-wrap elementor-element-populated\">\n\t\t\t\t\t\t<div class=\"elementor-element elementor-element-68f2c685 elementor-nav-menu__align-justify menuTroca elementor-nav-menu--dropdown-tablet elementor-nav-menu__text-align-aside elementor-nav-menu--toggle elementor-nav-menu--burger elementor-widget elementor-widget-nav-menu\" data-id=\"68f2c685\" data-element_type=\"widget\" data-e-type=\"widget\" data-settings=\"{&quot;layout&quot;:&quot;vertical&quot;,&quot;submenu_icon&quot;:{&quot;value&quot;:&quot;&lt;i class=\\&quot;fas fa-caret-down\\&quot; aria-hidden=\\&quot;true\\&quot;&gt;&lt;\\\/i&gt;&quot;,&quot;library&quot;:&quot;fa-solid&quot;},&quot;toggle&quot;:&quot;burger&quot;}\" data-widget_type=\"nav-menu.default\">\n\t\t\t\t<div class=\"elementor-widget-container\">\n\t\t\t\t\t\t\t\t<nav aria-label=\"Menu\" class=\"elementor-nav-menu--main elementor-nav-menu__container elementor-nav-menu--layout-vertical e--pointer-underline e--animation-fade\">\n\t\t\t\t<ul id=\"menu-1-68f2c685\" class=\"elementor-nav-menu sm-vertical\"><li class=\"menu-item menu-item-type-post_type menu-item-object-page menu-item-50781\"><a href=\"https:\/\/www.copel.com\/site\/copel-geracao\/\" class=\"elementor-item\">Copel Gera\u00e7\u00e3o<\/a><\/li>\n<li class=\"menu-item menu-item-type-post_type menu-item-object-page menu-item-50782\"><a href=\"https:\/\/www.copel.com\/site\/copel-geracao\/bordas-de-reservatorios\/\" class=\"elementor-item\">Bordas de reservat\u00f3rios<\/a><\/li>\n<li class=\"menu-item menu-item-type-post_type menu-item-object-page menu-item-50788\"><a href=\"https:\/\/www.copel.com\/site\/copel-geracao\/cadastro-ambiental-rural-car\/\" class=\"elementor-item\">Cadastro ambiental rural \u2013 CAR<\/a><\/li>\n<li class=\"menu-item menu-item-type-custom menu-item-object-custom menu-item-50787\"><a href=\"https:\/\/ri.copel.com\/subsidiarias\/copel-geracao-e-transmissao-s-a\/\" class=\"elementor-item\">Demonstra\u00e7\u00f5es financeiras e cont\u00e1beis<\/a><\/li>\n<li class=\"menu-item menu-item-type-post_type menu-item-object-page menu-item-50790\"><a href=\"https:\/\/www.copel.com\/site\/fornecedores-e-parceiros\/gestao-de-fornecedores-copel\/\" class=\"elementor-item\">Gest\u00e3o de fornecedores Copel<\/a><\/li>\n<li class=\"menu-item menu-item-type-post_type menu-item-object-page menu-item-50785\"><a href=\"https:\/\/www.copel.com\/site\/copel-geracao\/monitoramento-hidrologico\/\" class=\"elementor-item\">Monitoramento hidrol\u00f3gico<\/a><\/li>\n<li class=\"menu-item menu-item-type-post_type menu-item-object-page menu-item-50783\"><a href=\"https:\/\/www.copel.com\/site\/copel-geracao\/projetos-em-andamento\/\" class=\"elementor-item\">Projetos em andamento<\/a><\/li>\n<li class=\"menu-item menu-item-type-post_type menu-item-object-page menu-item-50789\"><a href=\"https:\/\/www.copel.com\/site\/copel-geracao\/seguranca-na-comunidade\/\" class=\"elementor-item\">Seguran\u00e7a na comunidade<\/a><\/li>\n<li class=\"menu-item menu-item-type-custom menu-item-object-custom menu-item-50786\"><a href=\"https:\/\/www.copel.com\/site\/copel-geracao\/#gestao-integrada\" class=\"elementor-item elementor-item-anchor\">Sistema integrado de gest\u00e3o<\/a><\/li>\n<li class=\"menu-item menu-item-type-post_type menu-item-object-page menu-item-50791\"><a href=\"https:\/\/www.copel.com\/site\/copel-geracao\/usinas\/\" class=\"elementor-item\">Usinas<\/a><\/li>\n<\/ul>\t\t\t<\/nav>\n\t\t\t\t\t<div class=\"elementor-menu-toggle\" role=\"button\" tabindex=\"0\" aria-label=\"Menu Toggle\" aria-expanded=\"false\">\n\t\t\t<i aria-hidden=\"true\" role=\"presentation\" class=\"elementor-menu-toggle__icon--open eicon-menu-bar\"><\/i><i aria-hidden=\"true\" role=\"presentation\" class=\"elementor-menu-toggle__icon--close eicon-close\"><\/i>\t\t<\/div>\n\t\t\t\t\t<nav class=\"elementor-nav-menu--dropdown elementor-nav-menu__container\" aria-hidden=\"true\">\n\t\t\t\t<ul id=\"menu-2-68f2c685\" class=\"elementor-nav-menu sm-vertical\"><li class=\"menu-item menu-item-type-post_type menu-item-object-page menu-item-50781\"><a href=\"https:\/\/www.copel.com\/site\/copel-geracao\/\" class=\"elementor-item\" tabindex=\"-1\">Copel Gera\u00e7\u00e3o<\/a><\/li>\n<li class=\"menu-item menu-item-type-post_type menu-item-object-page menu-item-50782\"><a href=\"https:\/\/www.copel.com\/site\/copel-geracao\/bordas-de-reservatorios\/\" class=\"elementor-item\" tabindex=\"-1\">Bordas de reservat\u00f3rios<\/a><\/li>\n<li class=\"menu-item menu-item-type-post_type menu-item-object-page menu-item-50788\"><a href=\"https:\/\/www.copel.com\/site\/copel-geracao\/cadastro-ambiental-rural-car\/\" class=\"elementor-item\" tabindex=\"-1\">Cadastro ambiental rural \u2013 CAR<\/a><\/li>\n<li class=\"menu-item menu-item-type-custom menu-item-object-custom menu-item-50787\"><a href=\"https:\/\/ri.copel.com\/subsidiarias\/copel-geracao-e-transmissao-s-a\/\" class=\"elementor-item\" tabindex=\"-1\">Demonstra\u00e7\u00f5es financeiras e cont\u00e1beis<\/a><\/li>\n<li class=\"menu-item menu-item-type-post_type menu-item-object-page menu-item-50790\"><a href=\"https:\/\/www.copel.com\/site\/fornecedores-e-parceiros\/gestao-de-fornecedores-copel\/\" class=\"elementor-item\" tabindex=\"-1\">Gest\u00e3o de fornecedores Copel<\/a><\/li>\n<li class=\"menu-item menu-item-type-post_type menu-item-object-page menu-item-50785\"><a href=\"https:\/\/www.copel.com\/site\/copel-geracao\/monitoramento-hidrologico\/\" class=\"elementor-item\" tabindex=\"-1\">Monitoramento hidrol\u00f3gico<\/a><\/li>\n<li class=\"menu-item menu-item-type-post_type menu-item-object-page menu-item-50783\"><a href=\"https:\/\/www.copel.com\/site\/copel-geracao\/projetos-em-andamento\/\" class=\"elementor-item\" tabindex=\"-1\">Projetos em andamento<\/a><\/li>\n<li class=\"menu-item menu-item-type-post_type menu-item-object-page menu-item-50789\"><a href=\"https:\/\/www.copel.com\/site\/copel-geracao\/seguranca-na-comunidade\/\" class=\"elementor-item\" tabindex=\"-1\">Seguran\u00e7a na comunidade<\/a><\/li>\n<li class=\"menu-item menu-item-type-custom menu-item-object-custom menu-item-50786\"><a href=\"https:\/\/www.copel.com\/site\/copel-geracao\/#gestao-integrada\" class=\"elementor-item elementor-item-anchor\" tabindex=\"-1\">Sistema integrado de gest\u00e3o<\/a><\/li>\n<li class=\"menu-item menu-item-type-post_type menu-item-object-page menu-item-50791\"><a href=\"https:\/\/www.copel.com\/site\/copel-geracao\/usinas\/\" class=\"elementor-item\" tabindex=\"-1\">Usinas<\/a><\/li>\n<\/ul>\t\t\t<\/nav>\n\t\t\t\t\t\t<\/div>\n\t\t\t\t<\/div>\n\t\t\t\t\t<\/div>\n\t\t<\/div>\n\t\t\t\t<div class=\"elementor-column elementor-col-66 elementor-top-column elementor-element elementor-element-4cc6a9a\" data-id=\"4cc6a9a\" data-element_type=\"column\" data-e-type=\"column\">\n\t\t\t<div class=\"elementor-widget-wrap elementor-element-populated\">\n\t\t\t\t\t\t<div class=\"elementor-element elementor-element-2a9a193 elementor--h-position-center elementor--v-position-middle elementor-arrows-position-inside elementor-pagination-position-inside elementor-widget elementor-widget-slides\" data-id=\"2a9a193\" data-element_type=\"widget\" data-e-type=\"widget\" data-settings=\"{&quot;navigation&quot;:&quot;both&quot;,&quot;autoplay&quot;:&quot;yes&quot;,&quot;pause_on_hover&quot;:&quot;yes&quot;,&quot;pause_on_interaction&quot;:&quot;yes&quot;,&quot;autoplay_speed&quot;:5000,&quot;infinite&quot;:&quot;yes&quot;,&quot;transition&quot;:&quot;slide&quot;,&quot;transition_speed&quot;:500}\" data-widget_type=\"slides.default\">\n\t\t\t\t<div class=\"elementor-widget-container\">\n\t\t\t\t\t\t\t\t\t<div class=\"elementor-swiper\">\n\t\t\t\t\t<div class=\"elementor-slides-wrapper elementor-main-swiper swiper\" role=\"region\" aria-roledescription=\"carousel\" aria-label=\"Slides\" dir=\"ltr\" data-animation=\"fadeInUp\">\n\t\t\t\t<div class=\"swiper-wrapper elementor-slides\">\n\t\t\t\t\t\t\t\t\t\t<div class=\"elementor-repeater-item-a8e0cb4 swiper-slide\" role=\"group\" aria-roledescription=\"slide\"><div class=\"swiper-slide-bg\" role=\"img\" aria-label=\"Rotas de fuga s\u00e3o sinalizadas para situa\u00e7\u00f5es de emerg\u00eancia\"><\/div><div class=\"elementor-background-overlay\"><\/div><a class=\"swiper-slide-inner\" href=\"https:\/\/www.copel.com\/site\/noticias\/copel-investe-em-treinamentos-de-seguranca-para-comunidades-ribeirinhas\/\"><div class=\"swiper-slide-contents\"><div class=\"elementor-slide-heading\">Copel investe em treinamentos de seguran\u00e7a para comunidades ribeirinhas<\/div><\/div><\/a><\/div><div class=\"elementor-repeater-item-696e3d6 swiper-slide\" role=\"group\" aria-roledescription=\"slide\"><div class=\"swiper-slide-bg\" role=\"img\" aria-label=\"Usina Segredo - A\u00e9reas por Luiz Carlos Wessler (7) copiar\"><\/div><div class=\"elementor-background-overlay\"><\/div><a class=\"swiper-slide-inner\" href=\"https:\/\/www.copel.com\/site\/noticias\/copel-vence-leilao-federal-e-vai-aumentar-em-33-a-capacidade-de-geracao-de-energia\/\"><div class=\"swiper-slide-contents\"><div class=\"elementor-slide-heading\">Copel vence leil\u00e3o federal e vai aumentar em 33% a capacidade de gera\u00e7\u00e3o de energia<\/div><\/div><\/a><\/div>\t\t\t\t<\/div>\n\t\t\t\t\t\t\t\t\t\t\t\t\t\t\t<div class=\"elementor-swiper-button elementor-swiper-button-prev\" role=\"button\" tabindex=\"0\" aria-label=\"Previous slide\">\n\t\t\t\t\t\t\t<i aria-hidden=\"true\" class=\"eicon-chevron-left\"><\/i>\t\t\t\t\t\t<\/div>\n\t\t\t\t\t\t<div class=\"elementor-swiper-button elementor-swiper-button-next\" role=\"button\" tabindex=\"0\" aria-label=\"Next slide\">\n\t\t\t\t\t\t\t<i aria-hidden=\"true\" class=\"eicon-chevron-right\"><\/i>\t\t\t\t\t\t<\/div>\n\t\t\t\t\t\t\t\t\t\t\t\t\t\t\t\t<div class=\"swiper-pagination\"><\/div>\n\t\t\t\t\t\t\t\t\t\t\t\t<\/div>\n\t\t\t\t<\/div>\n\t\t\t\t\t\t\t\t<\/div>\n\t\t\t\t<\/div>\n\t\t\t\t<div class=\"elementor-element elementor-element-2243c23 e-n-tabs-mobile elementor-widget elementor-widget-n-tabs\" data-id=\"2243c23\" data-element_type=\"widget\" data-e-type=\"widget\" data-settings=\"{&quot;tabs_justify_horizontal&quot;:&quot;start&quot;,&quot;horizontal_scroll&quot;:&quot;disable&quot;}\" data-widget_type=\"nested-tabs.default\">\n\t\t\t\t<div class=\"elementor-widget-container\">\n\t\t\t\t\t\t\t<div class=\"e-n-tabs\" data-widget-number=\"35929123\" aria-label=\"Tabs. Open items with Enter or Space, close with Escape and navigate using the Arrow keys.\">\n\t\t\t<div class=\"e-n-tabs-heading\" role=\"tablist\">\n\t\t\t\t\t<button id=\"e-n-tab-title-359291231\" data-tab-title-id=\"e-n-tab-title-359291231\" class=\"e-n-tab-title\" aria-selected=\"true\" data-tab-index=\"1\" role=\"tab\" tabindex=\"0\" aria-controls=\"e-n-tab-content-359291231\" style=\"--n-tabs-title-order: 1;\">\n\t\t\t\t\t\t<span class=\"e-n-tab-title-text\">\n\t\t\t\tInforma\u00e7\u00f5es<br> T\u00e9cnicas\t\t\t<\/span>\n\t\t<\/button>\n\t\t\t\t<button id=\"e-n-tab-title-359291232\" data-tab-title-id=\"e-n-tab-title-359291232\" class=\"e-n-tab-title\" aria-selected=\"false\" data-tab-index=\"2\" role=\"tab\" tabindex=\"-1\" aria-controls=\"e-n-tab-content-359291232\" style=\"--n-tabs-title-order: 2;\">\n\t\t\t\t\t\t<span class=\"e-n-tab-title-text\">\n\t\t\t\tProgramas<br> Ambientais\t\t\t<\/span>\n\t\t<\/button>\n\t\t\t\t<button id=\"aba-seguranca\" data-tab-title-id=\"e-n-tab-title-359291233\" class=\"e-n-tab-title\" aria-selected=\"false\" data-tab-index=\"3\" role=\"tab\" tabindex=\"-1\" aria-controls=\"e-n-tab-content-359291233\" style=\"--n-tabs-title-order: 3;\">\n\t\t\t\t\t\t<span class=\"e-n-tab-title-text\">\n\t\t\t\tSeguran\u00e7a da <br>Barragem\t\t\t<\/span>\n\t\t<\/button>\n\t\t\t\t<button id=\"obras-ampliacao\" data-tab-title-id=\"e-n-tab-title-359291234\" class=\"e-n-tab-title\" aria-selected=\"false\" data-tab-index=\"4\" role=\"tab\" tabindex=\"-1\" aria-controls=\"e-n-tab-content-359291234\" style=\"--n-tabs-title-order: 4;\">\n\t\t\t\t\t\t<span class=\"e-n-tab-title-text\">\n\t\t\t\tObras de <br>Amplia\u00e7\u00e3o\t\t\t<\/span>\n\t\t<\/button>\n\t\t\t\t<button id=\"e-n-tab-title-359291235\" data-tab-title-id=\"e-n-tab-title-359291235\" class=\"e-n-tab-title\" aria-selected=\"false\" data-tab-index=\"5\" role=\"tab\" tabindex=\"-1\" aria-controls=\"e-n-tab-content-359291235\" style=\"--n-tabs-title-order: 5;\">\n\t\t\t\t\t\t<span class=\"e-n-tab-title-text\">\n\t\t\t\tContato\t\t\t<\/span>\n\t\t<\/button>\n\t\t\t\t\t<\/div>\n\t\t\t<div class=\"e-n-tabs-content\">\n\t\t\t\t<div id=\"e-n-tab-content-359291231\" role=\"tabpanel\" aria-labelledby=\"e-n-tab-title-359291231\" data-tab-index=\"1\" style=\"--n-tabs-title-order: 1;\" class=\"e-active elementor-element elementor-element-16801a1 e-con-full e-flex e-con e-child\" data-id=\"16801a1\" data-element_type=\"container\" data-e-type=\"container\">\n\t\t\t\t<div class=\"elementor-element elementor-element-403f1ce elementor-widget elementor-widget-text-editor\" data-id=\"403f1ce\" data-element_type=\"widget\" data-e-type=\"widget\" data-widget_type=\"text-editor.default\">\n\t\t\t\t<div class=\"elementor-widget-container\">\n\t\t\t\t\t\t\t\t\t<p>A Usina Governador Bento Munhoz da Rocha Netto \u00e9 a maior usina da Copel. Possui capacidade de 1.676 MW de pot\u00eancia. Est\u00e1 localizada no rio Igua\u00e7u, distante 5 km da jusante da foz do rio Areia e aproximadamente 350 km de Curitiba, no munic\u00edpio de Pinh\u00e3o.<\/p><p>A usina teve suas obras iniciadas em 1975, a barragem foi conclu\u00edda em 1979 e a usina em 1980, quando come\u00e7ou a operar. Sua constru\u00e7\u00e3o provocou a desativa\u00e7\u00e3o da Usina Salto Grande do Igua\u00e7u, primeiro aproveitamento no rio Igua\u00e7u com 15,2 MW. Salto Grande funcionou de 1967 a 1979.<\/p><p>O nome da usina, anteriormente denominada Foz do Areia, \u00e9 uma homenagem ao Governador Bento Munhoz da Rocha Netto, que liderou o Paran\u00e1 de 1951 a 1955 e realizou muitas obras importantes, como a constru\u00e7\u00e3o do Centro C\u00edvico de Curitiba e a cria\u00e7\u00e3o da Copel, em 26 de outubro de 1954.<\/p><p>Em maio de 1973, a Copel obteve a concess\u00e3o para construir a Usina Foz do Areia. Para a implanta\u00e7\u00e3o da barragem, as \u00e1guas do rio foram desviadas em uma \u00fanica fase, utilizando dois t\u00faneis localizados na margem direita, com di\u00e2metro de 12 m cada e capacidade de vaz\u00e3o conjunta de 3.800 m\u00b3\/s.<\/p><p>A barragem \u00e9 de enrocamento compactado com face de concreto. Foi a primeira a ser constru\u00edda no Brasil e a maior do mundo no g\u00eanero na \u00e9poca, com 160 m de altura e 828 m de comprimento. A constru\u00e7\u00e3o da barragem foi iniciada em fevereiro de 1977, sendo conclu\u00edda em dezembro de 1979.<\/p><p>A estrutura da tomada d&#8217;\u00e1gua encontra-se na margem direita e disp\u00f5e de seis comportas que controlam a passagem da \u00e1gua atrav\u00e9s dos condutos for\u00e7ados, em t\u00fanel, que terminam na casa de for\u00e7a. Em sua parte superior est\u00e1 instalado um p\u00f3rtico rolante com 135 t de capacidade para a movimenta\u00e7\u00e3o das comportas.<\/p><p>O vertedouro, tipo calha, escavado a c\u00e9u aberto, est\u00e1 localizado na margem esquerda. Foi projetado para uma descarga m\u00e1xima de 11.000 m\u00b3\/s. Tem como caracter\u00edstica torres verticais localizadas nos muros e nos degraus da calha, permitindo a incorpora\u00e7\u00e3o de ar dentro do fluxo de \u00e1gua em escoamento, visando atenuar o efeito da cavita\u00e7\u00e3o produzida por mudan\u00e7as r\u00e1pidas de velocidade que podem danificar a superf\u00edcie de escoamento do vertedouro.<\/p><p>A subesta\u00e7\u00e3o elevadora \u00e9 do tipo blindada isolada a g\u00e1s SF6, do tipo semi-abrigada situa-se logo acima da casa de for\u00e7a. Foi projetada para seis unidades geradoras. Sobre a casa de for\u00e7a est\u00e1 instalado um p\u00f3rtico com capacidade para 800 t, que pode atender as comportas de jusante, o interior da casa de for\u00e7a e os transformadores da subesta\u00e7\u00e3o. Dentro da casa de for\u00e7a existe uma ponte rolante de 50 t. Atualmente, a Usina Gov. Bento Munhoz da Rocha Netto opera com quatro unidades geradoras de 419 MW de pot\u00eancia cada.<\/p><p>Devido a uma prolongada estiagem de 1977 a 1978, que provocou racionamento de energia em Curitiba, as obras foram aceleradas permitindo sua inaugura\u00e7\u00e3o em 12 de dezembro de 1980. Suas unidades geradoras eram, ent\u00e3o, as maiores em opera\u00e7\u00e3o no Brasil.<\/p>\t\t\t\t\t\t\t\t<\/div>\n\t\t\t\t<\/div>\n\t\t\t\t<\/div>\n\t\t<div id=\"e-n-tab-content-359291232\" role=\"tabpanel\" aria-labelledby=\"e-n-tab-title-359291232\" data-tab-index=\"2\" style=\"--n-tabs-title-order: 2;\" class=\" elementor-element elementor-element-df1b1d1 e-con-full e-flex e-con e-child\" data-id=\"df1b1d1\" data-element_type=\"container\" data-e-type=\"container\">\n\t\t\t\t<div class=\"elementor-element elementor-element-8adbd42 text-content elementor-widget elementor-widget-text-editor\" data-id=\"8adbd42\" data-element_type=\"widget\" data-e-type=\"widget\" data-widget_type=\"text-editor.default\">\n\t\t\t\t<div class=\"elementor-widget-container\">\n\t\t\t\t\t\t\t\t\t<p>A Copel desenvolve uma s\u00e9rie de a\u00e7\u00f5es de prote\u00e7\u00e3o ambiental na regi\u00e3o da Usina, entre elas:<\/p>\t\t\t\t\t\t\t\t<\/div>\n\t\t\t\t<\/div>\n\t\t\t\t<div class=\"elementor-element elementor-element-ce994d3 elementor-widget elementor-widget-n-accordion\" data-id=\"ce994d3\" data-element_type=\"widget\" data-e-type=\"widget\" data-settings=\"{&quot;default_state&quot;:&quot;expanded&quot;,&quot;max_items_expended&quot;:&quot;one&quot;,&quot;n_accordion_animation_duration&quot;:{&quot;unit&quot;:&quot;ms&quot;,&quot;size&quot;:400,&quot;sizes&quot;:[]}}\" data-widget_type=\"nested-accordion.default\">\n\t\t\t\t<div class=\"elementor-widget-container\">\n\t\t\t\t\t\t\t<div class=\"e-n-accordion\" aria-label=\"Accordion. Open links with Enter or Space, close with Escape, and navigate with Arrow Keys\">\n\t\t\t\t\t\t<details id=\"e-n-accordion-item-2160\" class=\"e-n-accordion-item\" open>\n\t\t\t\t<summary class=\"e-n-accordion-item-title\" data-accordion-index=\"1\" tabindex=\"0\" aria-expanded=\"true\" aria-controls=\"e-n-accordion-item-2160\" >\n\t\t\t\t\t<span class='e-n-accordion-item-title-header'><div class=\"e-n-accordion-item-title-text\"> Inspe\u00e7\u00e3o ambiental do reservat\u00f3rio <\/div><\/span>\n\t\t\t\t\t\t\t<span class='e-n-accordion-item-title-icon'>\n\t\t\t<span class='e-opened' ><i aria-hidden=\"true\" class=\"fas fa-minus\"><\/i><\/span>\n\t\t\t<span class='e-closed'><i aria-hidden=\"true\" class=\"fas fa-plus\"><\/i><\/span>\n\t\t<\/span>\n\n\t\t\t\t\t\t<\/summary>\n\t\t\t\t<div role=\"region\" aria-labelledby=\"e-n-accordion-item-2160\" class=\"elementor-element elementor-element-ba33e5f e-con-full e-flex e-con e-child\" data-id=\"ba33e5f\" data-element_type=\"container\" data-e-type=\"container\">\n\t\t\t\t<div class=\"elementor-element elementor-element-5eedb25 elementor-widget elementor-widget-text-editor\" data-id=\"5eedb25\" data-element_type=\"widget\" data-e-type=\"widget\" data-widget_type=\"text-editor.default\">\n\t\t\t\t<div class=\"elementor-widget-container\">\n\t\t\t\t\t\t\t\t\t<p>Equipes percorrem a margem do reservat\u00f3rio, verificando a situa\u00e7\u00e3o do lago e das \u00c1reas de Preserva\u00e7\u00e3o Permanente (APPs) , registrando eventuais situa\u00e7\u00e3o de n\u00e3o-conformidade com a lei. Essas ocorr\u00eancias s\u00e3o registradas por meio do programa de Geoprocessamento COLLECTOR for ArcGIS, que \u00e9 instalado em smartphones ou tablets permitindo coletar e atualizar informa\u00e7\u00f5es no campo e compor um mapa com os pontos de interven\u00e7\u00e3o. Essas informa\u00e7\u00f5es comp\u00f5em um Sistema de Informa\u00e7\u00f5es Geogr\u00e1ficas Socioambiental \u201cSSA Ocorr\u00eancias\u201d, que classifica as ocorr\u00eancias de acordo com o grau de severidade e permite um acompanhamento at\u00e9 a completa solu\u00e7\u00e3o de cada caso.<\/p>\t\t\t\t\t\t\t\t<\/div>\n\t\t\t\t<\/div>\n\t\t\t\t<\/div>\n\t\t\t\t\t<\/details>\n\t\t\t\t\t\t<details id=\"e-n-accordion-item-2161\" class=\"e-n-accordion-item\" >\n\t\t\t\t<summary class=\"e-n-accordion-item-title\" data-accordion-index=\"2\" tabindex=\"-1\" aria-expanded=\"false\" aria-controls=\"e-n-accordion-item-2161\" >\n\t\t\t\t\t<span class='e-n-accordion-item-title-header'><div class=\"e-n-accordion-item-title-text\"> Programa de Gerenciamento de APPs - Florestas Ciliares <\/div><\/span>\n\t\t\t\t\t\t\t<span class='e-n-accordion-item-title-icon'>\n\t\t\t<span class='e-opened' ><i aria-hidden=\"true\" class=\"fas fa-minus\"><\/i><\/span>\n\t\t\t<span class='e-closed'><i aria-hidden=\"true\" class=\"fas fa-plus\"><\/i><\/span>\n\t\t<\/span>\n\n\t\t\t\t\t\t<\/summary>\n\t\t\t\t<div role=\"region\" aria-labelledby=\"e-n-accordion-item-2161\" class=\"elementor-element elementor-element-3a7cd9b e-con-full e-flex e-con e-child\" data-id=\"3a7cd9b\" data-element_type=\"container\" data-e-type=\"container\">\n\t\t\t\t<div class=\"elementor-element elementor-element-93ff75e elementor-widget elementor-widget-text-editor\" data-id=\"93ff75e\" data-element_type=\"widget\" data-e-type=\"widget\" data-widget_type=\"text-editor.default\">\n\t\t\t\t<div class=\"elementor-widget-container\">\n\t\t\t\t\t\t\t\t\t<p>Este programa consiste em mapear a real situa\u00e7\u00e3o das \u00c1reas de Preserva\u00e7\u00e3o Permanente (APPs) do empreendimento e, com base nessas informa\u00e7\u00f5es, realizar o gerenciamento das \u00e1reas. Os dados cartogr\u00e1ficos levantados pela Copel servem para apontar quais as necessidades de cada usina: cercamentos de \u00e1reas, ado\u00e7\u00e3o de t\u00e9cnicas de recupera\u00e7\u00e3o como plantio, nuclea\u00e7\u00e3o ou condu\u00e7\u00e3o da regenera\u00e7\u00e3o natural ou simplesmente monitoramento, este \u00faltimo visando especialmente identificar a biodiversidade da flora existente nas APPs e o grau de recupera\u00e7\u00e3o de cada \u00e1rea.<\/p>\t\t\t\t\t\t\t\t<\/div>\n\t\t\t\t<\/div>\n\t\t\t\t<\/div>\n\t\t\t\t\t<\/details>\n\t\t\t\t\t\t<details id=\"e-n-accordion-item-2162\" class=\"e-n-accordion-item\" >\n\t\t\t\t<summary class=\"e-n-accordion-item-title\" data-accordion-index=\"3\" tabindex=\"-1\" aria-expanded=\"false\" aria-controls=\"e-n-accordion-item-2162\" >\n\t\t\t\t\t<span class='e-n-accordion-item-title-header'><div class=\"e-n-accordion-item-title-text\"> Monitoramento da qualidade das \u00e1guas superficiais e \u00e1gua pot\u00e1vel <\/div><\/span>\n\t\t\t\t\t\t\t<span class='e-n-accordion-item-title-icon'>\n\t\t\t<span class='e-opened' ><i aria-hidden=\"true\" class=\"fas fa-minus\"><\/i><\/span>\n\t\t\t<span class='e-closed'><i aria-hidden=\"true\" class=\"fas fa-plus\"><\/i><\/span>\n\t\t<\/span>\n\n\t\t\t\t\t\t<\/summary>\n\t\t\t\t<div role=\"region\" aria-labelledby=\"e-n-accordion-item-2162\" class=\"elementor-element elementor-element-6935ab8 e-con-full e-flex e-con e-child\" data-id=\"6935ab8\" data-element_type=\"container\" data-e-type=\"container\">\n\t\t\t\t<div class=\"elementor-element elementor-element-6460ad3 elementor-widget elementor-widget-text-editor\" data-id=\"6460ad3\" data-element_type=\"widget\" data-e-type=\"widget\" data-widget_type=\"text-editor.default\">\n\t\t\t\t<div class=\"elementor-widget-container\">\n\t\t\t\t\t\t\t\t\t<p>A Copel realiza periodicamente o monitoramento da qualidade da \u00e1gua dos seus reservat\u00f3rios, em atendimento \u00e0s seguintes normativas:<\/p><p>Resolu\u00e7\u00e3o ANA\/Aneel 03\/2010 (que estabelece as condi\u00e7\u00f5es e os procedimentos a serem observados pelos concession\u00e1rios e autorizados de gera\u00e7\u00e3o de energia hidrel\u00e9trica para a instala\u00e7\u00e3o, opera\u00e7\u00e3o e manuten\u00e7\u00e3o de esta\u00e7\u00f5es hidrom\u00e9tricas visando ao monitoramento pluviom\u00e9trico, limnim\u00e9trico, fluviom\u00e9trico, sedimentom\u00e9trico e de qualidade da \u00e1gua associado a aproveitamentos hidrel\u00e9tricos, e da outras provid\u00eancias );<\/p><p>Resolu\u00e7\u00e3o Conama 357\/2005 (disp\u00f5e sobre a classifica\u00e7\u00e3o dos corpos de \u00e1gua e diretrizes ambientais para o seu enquadramento, bem como estabelece as condi\u00e7\u00f5es e padr\u00f5es de lan\u00e7amento de efluentes, e d\u00e1 outras provid\u00eancias); e<\/p><p>Resolu\u00e7\u00e3o Conama 430\/2011 (disp\u00f5e sobre as condi\u00e7\u00f5es e padr\u00f5es de lan\u00e7amento de efluentes, complementa e altera a Resolu\u00e7\u00e3o no 357\/2005).<\/p>\t\t\t\t\t\t\t\t<\/div>\n\t\t\t\t<\/div>\n\t\t\t\t<\/div>\n\t\t\t\t\t<\/details>\n\t\t\t\t\t\t<details id=\"e-n-accordion-item-2163\" class=\"e-n-accordion-item\" >\n\t\t\t\t<summary class=\"e-n-accordion-item-title\" data-accordion-index=\"4\" tabindex=\"-1\" aria-expanded=\"false\" aria-controls=\"e-n-accordion-item-2163\" >\n\t\t\t\t\t<span class='e-n-accordion-item-title-header'><div class=\"e-n-accordion-item-title-text\"> Monitoramento de efluentes <\/div><\/span>\n\t\t\t\t\t\t\t<span class='e-n-accordion-item-title-icon'>\n\t\t\t<span class='e-opened' ><i aria-hidden=\"true\" class=\"fas fa-minus\"><\/i><\/span>\n\t\t\t<span class='e-closed'><i aria-hidden=\"true\" class=\"fas fa-plus\"><\/i><\/span>\n\t\t<\/span>\n\n\t\t\t\t\t\t<\/summary>\n\t\t\t\t<div role=\"region\" aria-labelledby=\"e-n-accordion-item-2163\" class=\"elementor-element elementor-element-a0458b5 e-con-full e-flex e-con e-child\" data-id=\"a0458b5\" data-element_type=\"container\" data-e-type=\"container\">\n\t\t\t\t<div class=\"elementor-element elementor-element-5b90673 elementor-widget elementor-widget-text-editor\" data-id=\"5b90673\" data-element_type=\"widget\" data-e-type=\"widget\" data-widget_type=\"text-editor.default\">\n\t\t\t\t<div class=\"elementor-widget-container\">\n\t\t\t\t\t\t\t\t\t<p>Os efluentes gerados nos processos de produ\u00e7\u00e3o da Usina s\u00e3o monitorados periodicamente em atendimento \u00e0 Resolu\u00e7\u00e3o Conama 357\/2005 (que disp\u00f5e sobre a classifica\u00e7\u00e3o dos corpos de \u00e1gua e diretrizes ambientais para o seu enquadramento, bem como estabelece as condi\u00e7\u00f5es e padr\u00f5es de lan\u00e7amento de efluentes, e d\u00e1 outras provid\u00eancias); e da Resolu\u00e7\u00e3o Conama 430\/2011 (que trata sobre as condi\u00e7\u00f5es e padr\u00f5es de lan\u00e7amento de efluentes, complementa e altera a Resolu\u00e7\u00e3o no 357\/2005).<\/p>\t\t\t\t\t\t\t\t<\/div>\n\t\t\t\t<\/div>\n\t\t\t\t<\/div>\n\t\t\t\t\t<\/details>\n\t\t\t\t\t\t<details id=\"e-n-accordion-item-2164\" class=\"e-n-accordion-item\" >\n\t\t\t\t<summary class=\"e-n-accordion-item-title\" data-accordion-index=\"5\" tabindex=\"-1\" aria-expanded=\"false\" aria-controls=\"e-n-accordion-item-2164\" >\n\t\t\t\t\t<span class='e-n-accordion-item-title-header'><div class=\"e-n-accordion-item-title-text\"> Gest\u00e3o de res\u00edduos <\/div><\/span>\n\t\t\t\t\t\t\t<span class='e-n-accordion-item-title-icon'>\n\t\t\t<span class='e-opened' ><i aria-hidden=\"true\" class=\"fas fa-minus\"><\/i><\/span>\n\t\t\t<span class='e-closed'><i aria-hidden=\"true\" class=\"fas fa-plus\"><\/i><\/span>\n\t\t<\/span>\n\n\t\t\t\t\t\t<\/summary>\n\t\t\t\t<div role=\"region\" aria-labelledby=\"e-n-accordion-item-2164\" class=\"elementor-element elementor-element-73f6931 e-con-full e-flex e-con e-child\" data-id=\"73f6931\" data-element_type=\"container\" data-e-type=\"container\">\n\t\t\t\t<div class=\"elementor-element elementor-element-f8c853a elementor-widget elementor-widget-text-editor\" data-id=\"f8c853a\" data-element_type=\"widget\" data-e-type=\"widget\" data-widget_type=\"text-editor.default\">\n\t\t\t\t<div class=\"elementor-widget-container\">\n\t\t\t\t\t\t\t\t\t<p>A Copel realiza o gerenciamento de res\u00edduos em conformidade com a Lei Federal 12.305\/10 &#8211; Pol\u00edtica Nacional de Res\u00edduos S\u00f3lidos e Lei Estadual 12.493\/99 (que disp\u00f5e sobre o gerenciamento de res\u00edduos s\u00f3lidos no Estado do Paran\u00e1), bem como demais legisla\u00e7\u00f5es e normativas pertinentes, assim como atende \u00e0s condicionantes previstas nas Licen\u00e7as de Opera\u00e7\u00e3o da Usina.<\/p><p>As instala\u00e7\u00f5es seguem as defini\u00e7\u00f5es da Resolu\u00e7\u00e3o Conama 275\/2001, que estabelece o c\u00f3digo de cores para os diferentes tipos de res\u00edduos, a ser adotado na identifica\u00e7\u00e3o de coletores e transportadores.<\/p><p>A Usina conta com um Plano de Gerenciamento de Res\u00edduos S\u00f3lidos (PGRS), um instrumento da Pol\u00edtica Nacional de Res\u00edduo S\u00f3lidos que visa a realiza\u00e7\u00e3o de diversas a\u00e7\u00f5es desde a gera\u00e7\u00e3o do res\u00edduo at\u00e9 a sua destina\u00e7\u00e3o final. Esse plano \u00e9 constru\u00eddo baseado no meio ambiente e no que \u00e9 melhor para mant\u00ea-lo de forma sustent\u00e1vel e prev\u00ea a\u00e7\u00f5es desde a gera\u00e7\u00e3o, acondicionamento, meio de transporte, transbordo, tratamento, reciclagem e outras fases, chegando at\u00e9 a disposi\u00e7\u00e3o final dos res\u00edduos.<\/p><p>Os res\u00edduos administrativos recicl\u00e1veis s\u00e3o destinados \u00e0s associa\u00e7\u00f5es de catadores de materiais recicl\u00e1veis, por meio da Coleta Seletiva Solid\u00e1ria, conforme Decreto Estadual 8426\/2017, que disp\u00f5e sobre a obrigatoriedade da separa\u00e7\u00e3o seletiva dos res\u00edduos s\u00f3lidos administrativos recicl\u00e1veis pelos \u00f3rg\u00e3os e entidades do Poder Executivo.<\/p><p>Os res\u00edduos industriais, em sua maioria gerados nas atividades de manuten\u00e7\u00e3o, s\u00e3o acondicionados em recipientes apropriados de acordo com a classifica\u00e7\u00e3o do res\u00edduo, se perigoso ou n\u00e3o. A grande maioria dos res\u00edduos industriais gerados \u00e9 encaminhada para reutiliza\u00e7\u00e3o e reciclagem pelo processo de aliena\u00e7\u00e3o (venda), conforme estabelecido pela ag\u00eancia reguladora (Aneel).<\/p><p>Os res\u00edduos n\u00e3o alienados s\u00e3o destinados de formas variadas, sempre respeitando a legisla\u00e7\u00e3o ambiental.<\/p>\t\t\t\t\t\t\t\t<\/div>\n\t\t\t\t<\/div>\n\t\t\t\t<\/div>\n\t\t\t\t\t<\/details>\n\t\t\t\t\t\t<details id=\"e-n-accordion-item-2165\" class=\"e-n-accordion-item\" >\n\t\t\t\t<summary class=\"e-n-accordion-item-title\" data-accordion-index=\"6\" tabindex=\"-1\" aria-expanded=\"false\" aria-controls=\"e-n-accordion-item-2165\" >\n\t\t\t\t\t<span class='e-n-accordion-item-title-header'><div class=\"e-n-accordion-item-title-text\"> Monitoramento de ictiofauna <\/div><\/span>\n\t\t\t\t\t\t\t<span class='e-n-accordion-item-title-icon'>\n\t\t\t<span class='e-opened' ><i aria-hidden=\"true\" class=\"fas fa-minus\"><\/i><\/span>\n\t\t\t<span class='e-closed'><i aria-hidden=\"true\" class=\"fas fa-plus\"><\/i><\/span>\n\t\t<\/span>\n\n\t\t\t\t\t\t<\/summary>\n\t\t\t\t<div role=\"region\" aria-labelledby=\"e-n-accordion-item-2165\" class=\"elementor-element elementor-element-a00ffa5 e-con-full e-flex e-con e-child\" data-id=\"a00ffa5\" data-element_type=\"container\" data-e-type=\"container\">\n\t\t\t\t<div class=\"elementor-element elementor-element-cff3192 elementor-widget elementor-widget-text-editor\" data-id=\"cff3192\" data-element_type=\"widget\" data-e-type=\"widget\" data-widget_type=\"text-editor.default\">\n\t\t\t\t<div class=\"elementor-widget-container\">\n\t\t\t\t\t\t\t\t\t<p>O Monitoramento de Ictiofauna (peixes) \u00e9 um programa de longa dura\u00e7\u00e3o realizado nos reservat\u00f3rios e rios relacionados aos empreendimentos de gera\u00e7\u00e3o de energia sob concess\u00e3o da Copel. Coletando dados desde 2003, o Programa apresenta uma base solida para an\u00e1lise das condi\u00e7\u00f5es da fauna de peixes em quatro bacias hidrogr\u00e1ficas presentes em territ\u00f3rio do Estado do Paran\u00e1. Os relat\u00f3rios deste Programa de Monitoramento s\u00e3o anualmente protocolados junto ao Instituto Ambiental do Paran\u00e1 (IAP), abastecendo o \u00f3rg\u00e3o ambiental com importantes informa\u00e7\u00f5es para conserva\u00e7\u00e3o dos recursos naturais, al\u00e9m de cumprir com condicionantes ambientais de diversos empreendimentos.<\/p><p>O objetivo geral deste Programa \u00e9 o monitoramento continuo da ictiofauna dos corpos d\u2019\u00e1gua relacionados aos empreendimentos da Copel, gerando informa\u00e7\u00e3o cientifica e orienta\u00e7\u00f5es para a\u00e7\u00f5es de manejo, incluindo:<\/p><ul><li>Informa\u00e7\u00f5es sobre a ecologia e biologia das comunidades de peixes;<\/li><li>Identifica\u00e7\u00e3o de varia\u00e7\u00f5es nessas comunidades ao longo do ano;<\/li><li>Identifica\u00e7\u00e3o de mudan\u00e7as de longo prazo nas comunidades em estudo;<\/li><li>Verifica\u00e7\u00e3o da necessidade de medidas de manejo, como o repovoamento com esp\u00e9cies nativas, por exemplo;<\/li><li>Verifica\u00e7\u00e3o da influ\u00eancia de empreendimentos de piscicultura sobre a ictiofauna em reservat\u00f3rios que venham a comport\u00e1-los;<\/li><li>Verifica\u00e7\u00e3o da influ\u00eancia de repovoamentos por terceiros (prefeituras e entidades diversas) na ictiofauna;<\/li><li>Produ\u00e7\u00e3o de relat\u00f3rios anuais de monitoramento.<\/li><\/ul>\t\t\t\t\t\t\t\t<\/div>\n\t\t\t\t<\/div>\n\t\t\t\t<\/div>\n\t\t\t\t\t<\/details>\n\t\t\t\t\t<\/div>\n\t\t\t\t\t\t<\/div>\n\t\t\t\t<\/div>\n\t\t\t\t<\/div>\n\t\t<div id=\"e-n-tab-content-359291233\" role=\"tabpanel\" aria-labelledby=\"aba-seguranca\" data-tab-index=\"3\" style=\"--n-tabs-title-order: 3;\" class=\" elementor-element elementor-element-e115dda e-flex e-con-boxed e-con e-child\" data-id=\"e115dda\" data-element_type=\"container\" data-e-type=\"container\">\n\t\t\t\t\t<div class=\"e-con-inner\">\n\t\t\t\t<div class=\"elementor-element elementor-element-bba881f elementor-widget elementor-widget-text-editor\" data-id=\"bba881f\" data-element_type=\"widget\" data-e-type=\"widget\" data-widget_type=\"text-editor.default\">\n\t\t\t\t<div class=\"elementor-widget-container\">\n\t\t\t\t\t\t\t\t\t<div><div>As barragens s\u00e3o estruturas importantes para o neg\u00f3cio da Companhia, pois concentram a maior parte da capacidade de gera\u00e7\u00e3o de energia.<\/div><div>\u00a0<\/div><\/div><div>\u00c9 importante salientar que as barragens de usinas hidrel\u00e9tricas possuem padr\u00f5es construtivos e crit\u00e9rios de seguran\u00e7a bem consolidados e que a verifica\u00e7\u00e3o da seguran\u00e7a \u00e9 realizada em todas as fases \u2013 projeto, constru\u00e7\u00e3o e opera\u00e7\u00e3o. No entanto, como em qualquer obra de engenharia, apresentam risco intr\u00ednseco associado a diferentes fatores, internos ou externos.<\/div><div>\u00a0<\/div><div>A fim de mitigar riscos e garantir a integridade das barragens sob sua responsabilidade, a Copel atua de forma preventiva por meio de crit\u00e9rios e procedimentos alinhados \u00e0s melhores pr\u00e1ticas de engenharia e \u00e0 legisla\u00e7\u00e3o vigente. As usinas hidrel\u00e9tricas possuem Plano de Seguran\u00e7a de Barragem (PSB) e o Plano de A\u00e7\u00e3o de Emerg\u00eancia (PAE), em conformidade com os par\u00e2metros legais.<\/div><div>\u00a0<\/div><div>Em atendimento \u00e0 Lei de Seguran\u00e7a de Barragens, segue o\u00a0<span style=\"text-decoration: underline;\"><b>Cronograma de Implanta\u00e7\u00e3o do Plano de A\u00e7\u00e3o de Emerg\u00eancia<\/b><\/span>:<\/div><div>\u00a0<\/div><p><strong>Programa\u00e7\u00e3o: <\/strong><span class=\"ui-provider a b c d e f g h i j k l m n o p q r s t u v w x y z ab ac ae af ag ah ai aj ak\" dir=\"ltr\">de 2\/7\/24 a 8\/7\/24<\/span><\/p><p><strong>Munic\u00edpios:<\/strong> Bituruna e Pinh\u00e3o<\/p><p><strong>Atividades previstas:<\/strong><\/p><ul><li><span class=\"ui-provider a b c d e f g h i j k l m n o p q r s t u v w x y z ab ac ae af ag ah ai aj ak\" dir=\"ltr\"><span class=\"ui-provider a b c d e f g h i j k l m n o p q r s t u v w x y z ab ac ae af ag ah ai aj ak\" dir=\"ltr\">Levantamento cadastral da ZAS &#8211; Zona de autossalvamento, regi\u00e3o mais pr\u00f3xima da usina, logo abaixo da barragem. (Copel, Defesas Civis Municipais e Geometrisa Servi\u00e7os de Engenharia).<\/span><\/span><\/li><li><span class=\"ui-provider a b c d e f g h i j k l m n o p q r s t u v w x y z ab ac ae af ag ah ai aj ak\" dir=\"ltr\">Implanta\u00e7\u00e3o do projeto de sinaliza\u00e7\u00e3o (Copel, Defesas Civis Municipais e Geometrisa Servi\u00e7os de Engenharia).<\/span><\/li><li>Treinamentos e simulados (Copel, Geometrisa Servi\u00e7os de Engenharia e convidados: Defesa Civil Estadual, Defesa Civil Regional e Defesas Civis Municipais).<i><\/i><span class=\"ui-provider a b c d e f g h i j k l m n o p q r s t u v w x y z ab ac ae af ag ah ai aj ak\" dir=\"ltr\">\u00a0<\/span><ul><li>Simulado de Mesa\u00a0<\/li><li>Simulado de Evacua\u00e7\u00e3o Interno na usina<\/li><li>Simulado de Evacua\u00e7\u00e3o Externo com a comunidade (ZAS).<\/li><\/ul><\/li><\/ul><p>*A Copel contratou a empresa Geometrisa Servi\u00e7os de Engenharia Ltda para realizar as atividades em campo.<\/p>\t\t\t\t\t\t\t\t<\/div>\n\t\t\t\t<\/div>\n\t\t\t\t<div class=\"elementor-element elementor-element-00f32a7 elementor-widget elementor-widget-heading\" data-id=\"00f32a7\" data-element_type=\"widget\" data-e-type=\"widget\" data-widget_type=\"heading.default\">\n\t\t\t\t<div class=\"elementor-widget-container\">\n\t\t\t\t\t<h5 class=\"elementor-heading-title elementor-size-default\"><a href=\"https:\/\/copel0.sharepoint.com\/:f:\/s\/documentos-site-copel\/EpUkITrCOXVHtNep7FcE39gBa_mZXXIxHyPMYociZvZ2Ww?e=PRVRzX\">Clique aqui para acessar o Plano de A\u00e7\u00e3o de Emerg\u00eancia<\/a><\/h5>\t\t\t\t<\/div>\n\t\t\t\t<\/div>\n\t\t\t\t\t<\/div>\n\t\t\t\t<\/div>\n\t\t<div id=\"e-n-tab-content-359291234\" role=\"tabpanel\" aria-labelledby=\"obras-ampliacao\" data-tab-index=\"4\" style=\"--n-tabs-title-order: 4;\" class=\" elementor-element elementor-element-a807819 e-flex e-con-boxed e-con e-child\" data-id=\"a807819\" data-element_type=\"container\" data-e-type=\"container\">\n\t\t\t\t\t<div class=\"e-con-inner\">\n\t\t\t\t<div class=\"elementor-element elementor-element-fea95ac elementor-widget elementor-widget-text-editor\" data-id=\"fea95ac\" data-element_type=\"widget\" data-e-type=\"widget\" data-widget_type=\"text-editor.default\">\n\t\t\t\t<div class=\"elementor-widget-container\">\n\t\t\t\t\t\t\t\t\t<div class=\"x_elementToProof\" data-ogsc=\"rgb(0, 0, 0)\" data-ogsb=\"rgb(255, 255, 255)\" data-olk-copy-source=\"MessageBody\">O projeto de amplia\u00e7\u00e3o da Usina Foz do Areia prev\u00ea que a pot\u00eancia instalada total da planta aumentar\u00e1 de 1.676 MW para 2.536 MW. A casa de for\u00e7a da usina, que hoje possui quatro turbinas, j\u00e1 est\u00e1 totalmente preparada para a instala\u00e7\u00e3o de duas novas unidades geradoras, cada uma com 430 MW.\u00a0<\/div><div class=\"x_elementToProof\" data-ogsc=\"rgb(0, 0, 0)\" data-ogsb=\"rgb(255, 255, 255)\">\u00a0<\/div><div class=\"x_elementToProof\" data-ogsc=\"rgb(0, 0, 0)\">Mirando no futuro e no crescimento da demanda por energia, os engenheiros da Copel que projetaram a usina, na d\u00e9cada de 1970, inclu\u00edram dois po\u00e7os adicionais na casa de for\u00e7a, al\u00e9m dos quatro que acomodaram turbinas e geradores instaladas \u00e0 \u00e9poca. Foz do Areia est\u00e1 em opera\u00e7\u00e3o desde 1980. Essa estrat\u00e9gia do passado a coloca, hoje, em uma condi\u00e7\u00e3o privilegiada para a amplia\u00e7\u00e3o. A necessidade de interven\u00e7\u00e3o na estrutura \u00e9 reduzida e os trabalhos devem se concentrar na montagem de equipamentos, diminuindo custos e tempo de obra, que est\u00e1 estimado em 40 meses. A conex\u00e3o existente com a rede de transmiss\u00e3o tamb\u00e9m j\u00e1 comporta o aumento de produ\u00e7\u00e3o de energia no local.\u00a0<\/div><div class=\"x_elementToProof\" data-ogsc=\"rgb(0, 0, 0)\">\u00a0<\/div><div class=\"x_elementToProof\" data-ogsc=\"rgb(0, 0, 0)\">A Autoriza\u00e7\u00e3o Ambiental para o empreendimento foi emitida em 3 de maio de 2024, pelo Instituto \u00c1gua e Terra (PR). As obras iniciam em abril de 2026.<\/div>\t\t\t\t\t\t\t\t<\/div>\n\t\t\t\t<\/div>\n\t\t\t\t\t<\/div>\n\t\t\t\t<\/div>\n\t\t<div id=\"e-n-tab-content-359291235\" role=\"tabpanel\" aria-labelledby=\"e-n-tab-title-359291235\" data-tab-index=\"5\" style=\"--n-tabs-title-order: 5;\" class=\" elementor-element elementor-element-fe30f92 e-con-full e-flex e-con e-child\" data-id=\"fe30f92\" data-element_type=\"container\" data-e-type=\"container\">\n\t\t\t\t<div class=\"elementor-element elementor-element-3855221 elementor-icon-list--layout-traditional elementor-list-item-link-full_width elementor-widget elementor-widget-icon-list\" data-id=\"3855221\" data-element_type=\"widget\" data-e-type=\"widget\" data-widget_type=\"icon-list.default\">\n\t\t\t\t<div class=\"elementor-widget-container\">\n\t\t\t\t\t\t\t<ul class=\"elementor-icon-list-items\">\n\t\t\t\t\t\t\t<li class=\"elementor-icon-list-item\">\n\t\t\t\t\t\t\t\t\t\t\t<a href=\"\/site\/copel-geracao\/contato\/\">\n\n\t\t\t\t\t\t\t\t\t\t\t\t<span class=\"elementor-icon-list-icon\">\n\t\t\t\t\t\t\t<i aria-hidden=\"true\" class=\"fab fa-wpforms\"><\/i>\t\t\t\t\t\t<\/span>\n\t\t\t\t\t\t\t\t\t\t<span class=\"elementor-icon-list-text\">Contato<\/span>\n\t\t\t\t\t\t\t\t\t\t\t<\/a>\n\t\t\t\t\t\t\t\t\t<\/li>\n\t\t\t\t\t\t\t\t<li class=\"elementor-icon-list-item\">\n\t\t\t\t\t\t\t\t\t\t\t<a href=\"https:\/\/wa.me\/5541991377838\">\n\n\t\t\t\t\t\t\t\t\t\t\t\t<span class=\"elementor-icon-list-icon\">\n\t\t\t\t\t\t\t<i aria-hidden=\"true\" class=\"fab fa-whatsapp\"><\/i>\t\t\t\t\t\t<\/span>\n\t\t\t\t\t\t\t\t\t\t<span class=\"elementor-icon-list-text\">Contato para emerg\u00eancias<\/span>\n\t\t\t\t\t\t\t\t\t\t\t<\/a>\n\t\t\t\t\t\t\t\t\t<\/li>\n\t\t\t\t\t\t\t\t<li class=\"elementor-icon-list-item\">\n\t\t\t\t\t\t\t\t\t\t\t<span class=\"elementor-icon-list-icon\">\n\t\t\t\t\t\t\t<i aria-hidden=\"true\" class=\"fas fa-phone-alt\"><\/i>\t\t\t\t\t\t<\/span>\n\t\t\t\t\t\t\t\t\t\t<span class=\"elementor-icon-list-text\">0800 644 5445<\/span>\n\t\t\t\t\t\t\t\t\t<\/li>\n\t\t\t\t\t\t<\/ul>\n\t\t\t\t\t\t<\/div>\n\t\t\t\t<\/div>\n\t\t\t\t<\/div>\n\t\t\t\t\t<\/div>\n\t\t<\/div>\n\t\t\t\t\t\t<\/div>\n\t\t\t\t<\/div>\n\t\t\t\t<div class=\"elementor-element elementor-element-b9a2010 elementor-widget elementor-widget-html\" data-id=\"b9a2010\" data-element_type=\"widget\" data-e-type=\"widget\" data-widget_type=\"html.default\">\n\t\t\t\t<div class=\"elementor-widget-container\">\n\t\t\t\t\t<script>\r\njQuery(document).ready(function($) {\r\n    \/\/ Fun\u00e7\u00e3o para verificar o \"hash\" na URL e abrir a aba correspondente\r\n    function openSpecificTab() {\r\n        var hash = window.location.hash;\r\n\r\n        \/\/ Verifica se o hash \u00e9 para a aba de seguran\u00e7a\r\n        if (hash === '#aba-seguranca') {\r\n            \/\/ Pequeno atraso para garantir que o Elementor carregou os scripts\r\n            setTimeout(function() {\r\n                var tabElement = $('#aba-seguranca');\r\n                if (tabElement.length) {\r\n                    \/\/ Simula o clique no elemento da aba\r\n                    tabElement.click();\r\n                    \r\n                    \/\/ Rola a p\u00e1gina at\u00e9 a aba\r\n                    $('html, body').animate({\r\n                        scrollTop: tabElement.offset().top - 150\r\n                    }, 500);\r\n                }\r\n            }, 500);\r\n        } \r\n        \/\/ Adicionada a verifica\u00e7\u00e3o para a nova aba de obras\r\n        else if (hash === '#obras-ampliacao') {\r\n            \/\/ Pequeno atraso para garantir o carregamento dos scripts\r\n            setTimeout(function() {\r\n                var tabElement = $('#obras-ampliacao');\r\n                if (tabElement.length) {\r\n                    \/\/ Simula o clique no elemento da aba\r\n                    tabElement.click();\r\n                    \r\n                    \/\/ Rola a p\u00e1gina at\u00e9 a aba\r\n                    $('html, body').animate({\r\n                        scrollTop: tabElement.offset().top - 150\r\n                    }, 500);\r\n                }\r\n            }, 500);\r\n        }\r\n    }\r\n\r\n    \/\/ Executa a fun\u00e7\u00e3o ao carregar a p\u00e1gina\r\n    openSpecificTab();\r\n\r\n    \/\/ Executa a fun\u00e7\u00e3o novamente se o hash na URL mudar (ex: clique em um link interno)\r\n    $(window).on('hashchange', openSpecificTab);\r\n});\r\n<\/script>\r\n\t\t\t\t<\/div>\n\t\t\t\t<\/div>\n\t\t\t\t<div class=\"elementor-element elementor-element-2207ea8 elementor-widget elementor-widget-image\" data-id=\"2207ea8\" data-element_type=\"widget\" data-e-type=\"widget\" data-widget_type=\"image.default\">\n\t\t\t\t<div class=\"elementor-widget-container\">\n\t\t\t\t\t\t\t\t\t\t\t\t\t\t\t<img fetchpriority=\"high\" decoding=\"async\" width=\"800\" height=\"532\" src=\"https:\/\/www.copel.com\/site\/wp-content\/uploads\/2022\/03\/UHE-Gov-Bento-Munhoz-da-Rocha-Netto-Foz-do-Areia-1024x681.jpg\" class=\"attachment-large size-large wp-image-23009\" alt=\"\" srcset=\"https:\/\/www.copel.com\/site\/wp-content\/uploads\/2022\/03\/UHE-Gov-Bento-Munhoz-da-Rocha-Netto-Foz-do-Areia-1024x681.jpg 1024w, https:\/\/www.copel.com\/site\/wp-content\/uploads\/2022\/03\/UHE-Gov-Bento-Munhoz-da-Rocha-Netto-Foz-do-Areia-300x200.jpg 300w, https:\/\/www.copel.com\/site\/wp-content\/uploads\/2022\/03\/UHE-Gov-Bento-Munhoz-da-Rocha-Netto-Foz-do-Areia-768x511.jpg 768w, https:\/\/www.copel.com\/site\/wp-content\/uploads\/2022\/03\/UHE-Gov-Bento-Munhoz-da-Rocha-Netto-Foz-do-Areia-1536x1022.jpg 1536w, https:\/\/www.copel.com\/site\/wp-content\/uploads\/2022\/03\/UHE-Gov-Bento-Munhoz-da-Rocha-Netto-Foz-do-Areia.jpg 1920w\" sizes=\"(max-width: 800px) 100vw, 800px\" \/>\t\t\t\t\t\t\t\t\t\t\t\t\t\t\t<\/div>\n\t\t\t\t<\/div>\n\t\t\t\t\t<\/div>\n\t\t<\/div>\n\t\t\t\t\t<\/div>\n\t\t<\/section>\n\t\t<div class=\"elementor-element elementor-element-59b7134 e-flex e-con-boxed e-con e-parent\" data-id=\"59b7134\" data-element_type=\"container\" data-e-type=\"container\">\n\t\t\t\t\t<div class=\"e-con-inner\">\n\t\t\t\t\t<\/div>\n\t\t\t\t<\/div>\n\t\t\t\t<\/div>\n\t\t","protected":false},"excerpt":{"rendered":"<p>Usina Governador Bento Munhoz da Rocha Netto Copel investe em treinamentos de seguran\u00e7a para comunidades ribeirinhasCopel vence leil\u00e3o federal e vai aumentar em 33% a capacidade de gera\u00e7\u00e3o de energia Informa\u00e7\u00f5es T\u00e9cnicas Programas Ambientais Seguran\u00e7a da Barragem Obras de Amplia\u00e7\u00e3o Contato A Usina Governador Bento Munhoz da Rocha Netto \u00e9 a maior usina da Copel. [&hellip;]<\/p>\n","protected":false},"author":6,"featured_media":0,"parent":22855,"menu_order":0,"comment_status":"closed","ping_status":"closed","template":"elementor_header_footer","meta":{"_acf_changed":false,"footnotes":""},"categories":[],"tags":[],"wf_page_folders":[509],"class_list":["post-12307","page","type-page","status-publish","hentry"],"acf":[],"aioseo_notices":[],"_links":{"self":[{"href":"https:\/\/www.copel.com\/site\/wp-json\/wp\/v2\/pages\/12307","targetHints":{"allow":["GET"]}}],"collection":[{"href":"https:\/\/www.copel.com\/site\/wp-json\/wp\/v2\/pages"}],"about":[{"href":"https:\/\/www.copel.com\/site\/wp-json\/wp\/v2\/types\/page"}],"author":[{"embeddable":true,"href":"https:\/\/www.copel.com\/site\/wp-json\/wp\/v2\/users\/6"}],"replies":[{"embeddable":true,"href":"https:\/\/www.copel.com\/site\/wp-json\/wp\/v2\/comments?post=12307"}],"version-history":[{"count":102,"href":"https:\/\/www.copel.com\/site\/wp-json\/wp\/v2\/pages\/12307\/revisions"}],"predecessor-version":[{"id":52786,"href":"https:\/\/www.copel.com\/site\/wp-json\/wp\/v2\/pages\/12307\/revisions\/52786"}],"up":[{"embeddable":true,"href":"https:\/\/www.copel.com\/site\/wp-json\/wp\/v2\/pages\/22855"}],"wp:attachment":[{"href":"https:\/\/www.copel.com\/site\/wp-json\/wp\/v2\/media?parent=12307"}],"wp:term":[{"taxonomy":"category","embeddable":true,"href":"https:\/\/www.copel.com\/site\/wp-json\/wp\/v2\/categories?post=12307"},{"taxonomy":"post_tag","embeddable":true,"href":"https:\/\/www.copel.com\/site\/wp-json\/wp\/v2\/tags?post=12307"},{"taxonomy":"wf_page_folders","embeddable":true,"href":"https:\/\/www.copel.com\/site\/wp-json\/wp\/v2\/wf_page_folders?post=12307"}],"curies":[{"name":"wp","href":"https:\/\/api.w.org\/{rel}","templated":true}]}}